{"id":5553,"date":"2025-11-27T23:26:51","date_gmt":"2025-11-27T23:26:51","guid":{"rendered":"https:\/\/albaniahome.cz\/?page_id=5553"},"modified":"2026-09-04T11:20:21","modified_gmt":"2026-09-04T11:20:21","slug":"vlastnosti","status":"publish","type":"page","link":"https:\/\/albaniahome.cz\/cs\/properties\/","title":{"rendered":"Nemovitosti"},"content":{"rendered":"<div data-elementor-type=\"wp-page\" data-elementor-id=\"5553\" class=\"elementor elementor-5553\">\n\t\t\t\t<div class=\"elementor-element elementor-element-7ba0fbd e-flex e-con-boxed e-con e-parent\" data-id=\"7ba0fbd\" data-element_type=\"container\" data-e-type=\"container\">\n\t\t\t\t\t<div class=\"e-con-inner\">\n\t\t\t\t<div class=\"elementor-element elementor-element-8223566 elementor-widget elementor-widget-spacer\" data-id=\"8223566\" data-element_type=\"widget\" data-e-type=\"widget\" data-widget_type=\"spacer.default\">\n\t\t\t\t\t\t\t<div class=\"elementor-spacer\">\n\t\t\t<div class=\"elementor-spacer-inner\"><\/div>\n\t\t<\/div>\n\t\t\t\t\t\t<\/div>\n\t\t\t\t\t<\/div>\n\t\t\t\t<\/div>\n\t\t<div class=\"elementor-element elementor-element-0d60031 e-flex e-con-boxed e-con e-parent\" data-id=\"0d60031\" data-element_type=\"container\" data-e-type=\"container\">\n\t\t\t\t\t<div class=\"e-con-inner\">\n\t\t\t\t<div class=\"elementor-element elementor-element-e8a363e elementor-widget elementor-widget-wgl-properties-search\" data-id=\"e8a363e\" data-element_type=\"widget\" data-e-type=\"widget\" data-widget_type=\"wgl-properties-search.default\">\n\t\t\t\t<div class=\"elementor-widget-container\">\n\t\t\t\t\t<div class=\"wgl-properties\"><div class=\"wgl-properties_search elementor-search\"><form method=\"GET\" action=\"https:\/\/albaniahome.cz\/cs\/majetek\/\" class=\"form-search-properties\" data-trp-original-action=\"https:\/\/albaniahome.cz\/cs\/property\/\"><div class=\"wgl-properties_search-fields\"><div class=\"item_field status_option elementor-repeater-item-72a7dd2\"><div class=\"rbt\"><select class=\"select2 select2-status\" name=\"status\" data-placeholder=\"Status\"><option label=\"Status\"><\/option><option value=\"114\">K pron\u00e1jmu<\/option><option value=\"31\">Na prodej<\/option><\/select><\/div><\/div><div class=\"item_field type_option elementor-repeater-item-2ca5c76\"><div class=\"rbt\"><select class=\"select2 select2-type\" name=\"type\" data-placeholder=\"Type\"><option label=\"Type\"><\/option><option value=\"18\">Apartm\u00e1n<\/option><option value=\"29\">Garsonka<\/option><option value=\"127\">Zem\u011b<\/option><option value=\"54\">Penthouse<\/option><option value=\"115\">Studio<\/option><\/select><\/div><\/div><div class=\"item_field location_option elementor-repeater-item-6676a47\"><div class=\"rbt\"><select class=\"select2 select2-location\" multiple=\"multiple\" name=\"location\" data-placeholder=\"Location\"><option label=\"Location\"><\/option><option value=\"131\">Bors\u0161\u010d<\/option><option value=\"129\">Dhermi<\/option><option value=\"21\">Dra\u010d<\/option><option value=\"126\">Himar\u00eb<\/option><option value=\"130\">Ksamil<\/option><option value=\"94\">Orikum<\/option><option value=\"128\">Pl\u00e1\u017e Aquarium<\/option><option value=\"24\">Saranda<\/option><option value=\"23\">Vlora<\/option><\/select><input type=\"hidden\" class=\"location-input\" name=\"location\" value=\"\"><\/div><\/div><div class=\"item_field adv_btn_filter\"><div class=\"rbt\"><span class=\"advanced_btn\"><\/span><\/div><\/div><div class=\"item_field send_button\"><div class=\"rbt\"><button type=\"submit\">Search Property<\/button><\/div><\/div><\/div><div class=\"wgl-properties_search-advanced\"><div class=\"search_wrapper\"><div class=\"item_field field-block-price elementor-repeater-item-4acdec0\"><div class=\"title_label\">Cena nemovitosti<\/div><div class=\"double-input\"><input type=\"text\" inputmode=\"decimal\" name=\"min_price\" class=\"form-control\" placeholder=\"Od\" value=\"\"><input type=\"text\" inputmode=\"decimal\" name=\"max_price\" class=\"form-control\" placeholder=\"Do\" value=\"\"><\/div><\/div><div class=\"item_field field-block-area elementor-repeater-item-a022171\"><div class=\"title_label\">Velikost nemovitosti<\/div><div class=\"double-input\"><input type=\"text\" inputmode=\"decimal\" name=\"min_area\" class=\"form-control\" placeholder=\"Od\" value=\"\"><input type=\"text\" inputmode=\"decimal\" name=\"max_area\" class=\"form-control\" placeholder=\"Do\" value=\"\"><\/div><\/div><div class=\"item_field field-block-bedrooms elementor-repeater-item-c5b9be5\"><div class=\"title_label\">Lo\u017enice<\/div><div class=\"btn-group-toggle sm-group\"><label><input type=\"checkbox\" name=\"bedrooms[]\" value=\"1\"><span>1<\/span><\/label><label><input type=\"checkbox\" name=\"bedrooms[]\" value=\"2\"><span>2<\/span><\/label><label><input type=\"checkbox\" name=\"bedrooms[]\" value=\"3\"><span>3<\/span><\/label><label><input type=\"checkbox\" name=\"bedrooms[]\" value=\"4\"><span>4<\/span><\/label><label><input type=\"checkbox\" name=\"bedrooms[]\" value=\"5+\"><span>5+<\/span><\/label><input type=\"hidden\" class=\"bedrooms-input\" name=\"bedrooms\" value=\"\"><\/div><\/div><div class=\"item_field field-block-bathroom elementor-repeater-item-a50cbb8\"><div class=\"title_label\">Koupelna<\/div><div class=\"btn-group-toggle sm-group\"><label><input type=\"checkbox\" name=\"bathroom[]\" value=\"1\"><span>1<\/span><\/label><label><input type=\"checkbox\" name=\"bathroom[]\" value=\"2\"><span>2<\/span><\/label><label><input type=\"checkbox\" name=\"bathroom[]\" value=\"3\"><span>3<\/span><\/label><label><input type=\"checkbox\" name=\"bathroom[]\" value=\"4\"><span>4<\/span><\/label><label><input type=\"checkbox\" name=\"bathroom[]\" value=\"5+\"><span>5+<\/span><\/label><input type=\"hidden\" class=\"bathroom-input\" name=\"bathroom\" value=\"\"><\/div><\/div><div class=\"item_field field-block-floor elementor-repeater-item-94ce99e\"><div class=\"title_label\">Podla\u017e\u00ed<\/div><div class=\"double-input\"><input type=\"text\" inputmode=\"decimal\" name=\"min_floor\" class=\"form-control\" placeholder=\"Od\" value=\"\"><input type=\"text\" inputmode=\"decimal\" name=\"max_floor\" class=\"form-control\" placeholder=\"Do\" value=\"\"><\/div><\/div><div class=\"item_field field-block-year elementor-repeater-item-78144e9\"><div class=\"title_label\">Rok dokon\u010den\u00ed<\/div><div class=\"double-input\"><input type=\"text\" inputmode=\"decimal\" name=\"min_building_year\" class=\"form-control\" placeholder=\"Od\" value=\"\"><input type=\"text\" inputmode=\"decimal\" name=\"max_building_year\" class=\"form-control\" placeholder=\"Do\" value=\"\"><\/div><\/div><\/div><\/div><input type=\"hidden\" name=\"trp-form-language\" value=\"cs\"\/><\/form><\/div><\/div>\t\t\t\t<\/div>\n\t\t\t\t<\/div>\n\t\t\t\t\t<\/div>\n\t\t\t\t<\/div>\n\t\t<div class=\"elementor-element elementor-element-60c03f7 e-flex e-con-boxed e-con e-parent\" data-id=\"60c03f7\" data-element_type=\"container\" data-e-type=\"container\">\n\t\t\t\t\t<div class=\"e-con-inner\">\n\t\t\t\t<div class=\"elementor-element elementor-element-5c1c9f4 elementor-widget elementor-widget-spacer\" data-id=\"5c1c9f4\" data-element_type=\"widget\" data-e-type=\"widget\" data-widget_type=\"spacer.default\">\n\t\t\t\t\t\t\t<div class=\"elementor-spacer\">\n\t\t\t<div class=\"elementor-spacer-inner\"><\/div>\n\t\t<\/div>\n\t\t\t\t\t\t<\/div>\n\t\t\t\t\t<\/div>\n\t\t\t\t<\/div>\n\t\t<div class=\"elementor-element elementor-element-cdd0977 e-flex e-con-boxed e-con e-parent\" data-id=\"cdd0977\" data-element_type=\"container\" data-e-type=\"container\">\n\t\t\t\t\t<div class=\"e-con-inner\">\n\t\t\t\t<div class=\"elementor-element elementor-element-cf80362 elementor-widget elementor-widget-wgl-property\" data-id=\"cf80362\" data-element_type=\"widget\" data-e-type=\"widget\" data-widget_type=\"wgl-property.default\">\n\t\t\t\t<div class=\"elementor-widget-container\">\n\t\t\t\t\t<section class=\"wgl_module_properties\"><div class=\"properties grid-col--4\"><article class=\"property__item\"><div class=\"property__wrapper\"><div class=\"property__media-wrap\"><div class=\"wgl-carousel_wrapper\"><div class=\"property__media-slider slider-wrapper wgl-carousel wgl-carousel_swiper swiper-container\" data-item-carousel=\"wgl_carousel_6a9bde103ddd3\"><div class=\"swiper-wrapper\"><div class=\"item__swiper swiper-slide\"><span><img decoding=\"async\" src=\"https:\/\/albaniahome.cz\/wp-content\/uploads\/2026\/08\/golem-3G-740x560.jpeg\" alt=\"Modern\u00ed bytov\u00fd d\u016fm ve v\u00fdstavb\u011b v Golemu v Alb\u00e1nii 350 m od mo\u0159e\"><\/span><\/div><\/div><div class=\"wgl-navigation_wrapper\"><button class=\"elementor-swiper-button elementor-swiper-button-prev\" data-carousel=\"wgl_carousel_6a9bde103ddd3\"><i class=\"flaticon flaticon-right-arrow-1\"><\/i><\/button><button class=\"elementor-swiper-button elementor-swiper-button-next\" data-carousel=\"wgl_carousel_6a9bde103ddd3\"><i class=\"flaticon flaticon-right-arrow-1\"><\/i><\/button><\/div><\/div><\/div><span class=\"property__statuses\"><span><a href=\"https:\/\/albaniahome.cz\/cs\/property-status\/for-sale\/\" class=\"property-status\">Na prodej<\/a><\/span><\/span><\/div><div class=\"property__info\"><div class=\"property__location\">Dra\u010d, Golem<\/div><h3 class=\"property__title\"><a href=\"https:\/\/albaniahome.cz\/cs\/property\/modern-apartments-under-construction-in-golem-albania-350m-from-the-sea\/\">Modern\u00ed apartm\u00e1ny ve v\u00fdstavb\u011b v Golemu v Alb\u00e1nii \u2013 350 m od mo\u0159e<\/a><\/h3><div class=\"property__excerpt\">Hled\u00e1te investici do novostavby nemovitosti na alb\u00e1nsk\u00e9m pob\u0159e\u017e\u00ed?<\/div><div class=\"property__meta-wrapper\"><div class=\"property__meta\"><div class=\"property__meta-area\"><span class=\"property__meta-text\">39 m\u00b2<\/span><\/div><div class=\"property__meta-bedrooms\"><span class=\"property__meta-text\">1<\/span><\/div><div class=\"property__meta-baths\"><span class=\"property__meta-text\">1<\/span><\/div><\/div><div class=\"property__price\">\u20ac46800<\/div><\/div><\/div><\/div><\/article><article class=\"property__item\"><div class=\"property__wrapper\"><div class=\"property__media-wrap\"><div class=\"wgl-carousel_wrapper\"><div class=\"property__media-slider slider-wrapper wgl-carousel wgl-carousel_swiper swiper-container\" data-item-carousel=\"wgl_carousel_6a9bde103e8ff\"><div class=\"swiper-wrapper\"><div class=\"item__swiper swiper-slide\"><span><img decoding=\"async\" src=\"https:\/\/albaniahome.cz\/wp-content\/uploads\/2026\/08\/Bonita-Viena-studio-740x560.jpeg\" alt=\"Modern\u00ed garsonka 1+kk na prodej v Golemu | Rezidence Bonita Viena\"><\/span><\/div><div class=\"item__swiper swiper-slide\"><span><img decoding=\"async\" src=\"https:\/\/albaniahome.cz\/wp-content\/uploads\/2026\/08\/Bonita-Viena-studio-golem--740x560.jpeg\" alt=\"Albania Home\" loading=\"lazy\"><\/span><\/div><\/div><div class=\"wgl-navigation_wrapper\"><button class=\"elementor-swiper-button elementor-swiper-button-prev\" data-carousel=\"wgl_carousel_6a9bde103e8ff\"><i class=\"flaticon flaticon-right-arrow-1\"><\/i><\/button><button class=\"elementor-swiper-button elementor-swiper-button-next\" data-carousel=\"wgl_carousel_6a9bde103e8ff\"><i class=\"flaticon flaticon-right-arrow-1\"><\/i><\/button><\/div><\/div><\/div><span class=\"property__statuses\"><span><a href=\"https:\/\/albaniahome.cz\/cs\/property-status\/for-sale\/\" class=\"property-status\">Na prodej<\/a><\/span><\/span><\/div><div class=\"property__info\"><div class=\"property__location\">Dra\u010d, Golem<\/div><h3 class=\"property__title\"><a href=\"https:\/\/albaniahome.cz\/cs\/property\/modern-1kk-studio-at-rezidence-bonita-viena-golem\/\">Modern\u00ed 1+kk studio v Rezidenci Bonita Viena, Golem<\/a><\/h3><div class=\"property__excerpt\">Hled\u00e1te sv\u00e9 vysn\u011bn\u00e9 pob\u0159e\u017en\u00ed \u00fato\u010di\u0161t\u011b nebo investi\u010dn\u00ed nemovitost s vysokou n\u00e1vratnost\u00ed v Alb\u00e1nii?<\/div><div class=\"property__meta-wrapper\"><div class=\"property__meta\"><div class=\"property__meta-area\"><span class=\"property__meta-text\">52 m\u00b2<\/span><\/div><div class=\"property__meta-bedrooms\"><span class=\"property__meta-text\">1<\/span><\/div><div class=\"property__meta-baths\"><span class=\"property__meta-text\">1<\/span><\/div><\/div><div class=\"property__price\">\u20ac57310<\/div><\/div><\/div><\/div><\/article><article class=\"property__item\"><div class=\"property__wrapper\"><div class=\"property__media-wrap\"><div class=\"wgl-carousel_wrapper\"><div class=\"property__media-slider slider-wrapper wgl-carousel wgl-carousel_swiper swiper-container\" data-item-carousel=\"wgl_carousel_6a9bde103f406\"><div class=\"swiper-wrapper\"><div class=\"item__swiper swiper-slide\"><span><img decoding=\"async\" src=\"https:\/\/albaniahome.cz\/wp-content\/uploads\/2026\/08\/copy_01E77CAB-2927-402B-BDF7-67A995D37312-740x560.jpeg\" alt=\"Luxusn\u00ed apartm\u00e1ny Terrarosa Residence s vlastn\u00edmi terasami a nekone\u010dn\u00fdm baz\u00e9nem s v\u00fdhledem na mo\u0159e v Borshi, Alb\u00e1nsk\u00e1 rivi\u00e9ra\"><\/span><\/div><div class=\"item__swiper swiper-slide\"><span><img decoding=\"async\" src=\"https:\/\/albaniahome.cz\/wp-content\/uploads\/2026\/08\/copy_95995711-23F6-44C1-A186-B030FB203601-740x560.jpeg\" alt=\"Modern\u00ed st\u0159edomo\u0159sk\u00e1 architektura a kask\u00e1dovit\u00e9 zelen\u00e9 balk\u00f3ny v rezidenci Terrarosa na prodej v Borshi\" loading=\"lazy\"><\/span><\/div><\/div><div class=\"wgl-navigation_wrapper\"><button class=\"elementor-swiper-button elementor-swiper-button-prev\" data-carousel=\"wgl_carousel_6a9bde103f406\"><i class=\"flaticon flaticon-right-arrow-1\"><\/i><\/button><button class=\"elementor-swiper-button elementor-swiper-button-next\" data-carousel=\"wgl_carousel_6a9bde103f406\"><i class=\"flaticon flaticon-right-arrow-1\"><\/i><\/button><\/div><\/div><\/div><span class=\"property__statuses\"><span><a href=\"https:\/\/albaniahome.cz\/cs\/property-status\/for-sale\/\" class=\"property-status\">Na prodej<\/a><\/span><\/span><\/div><div class=\"property__info\"><div class=\"property__location\">Borsh, Alb\u00e1nie<\/div><h3 class=\"property__title\"><a href=\"https:\/\/albaniahome.cz\/cs\/property\/terrarosa-residence-borsh-exclusive-seafront-living-investment\/\">Rezidence Terrarosa, Borsh \u2014 Exkluzivn\u00ed bydlen\u00ed a investice u mo\u0159e<\/a><\/h3><div class=\"property__excerpt\">Objevte architektonick\u00e9 mistrovsk\u00e9 d\u00edlo na alb\u00e1nsk\u00e9 rivi\u00e9\u0159e. Rezidence Terrarosa<\/div><div class=\"property__meta-wrapper\"><div class=\"property__meta\"><div class=\"property__meta-area\"><span class=\"property__meta-text\">78 m\u00b2<\/span><\/div><div class=\"property__meta-bedrooms\"><span class=\"property__meta-text\">1<\/span><\/div><div class=\"property__meta-baths\"><span class=\"property__meta-text\">1<\/span><\/div><\/div><div class=\"property__price\">\u20ac271810<\/div><\/div><\/div><\/div><\/article><article class=\"property__item\"><div class=\"property__wrapper\"><div class=\"property__media-wrap\"><div class=\"wgl-carousel_wrapper\"><div class=\"property__media-slider slider-wrapper wgl-carousel wgl-carousel_swiper swiper-container\" data-item-carousel=\"wgl_carousel_6a9bde1040e52\"><div class=\"swiper-wrapper\"><div class=\"item__swiper swiper-slide\"><span><img decoding=\"async\" src=\"https:\/\/albaniahome.cz\/wp-content\/uploads\/2026\/08\/WhatsApp-Image-2026-08-04-at-12.43.12-PM-740x560.jpeg\" alt=\"Apartm\u00e1n v Alb\u00e1nii\"><\/span><\/div><div class=\"item__swiper swiper-slide\"><span><img decoding=\"async\" src=\"https:\/\/albaniahome.cz\/wp-content\/uploads\/2026\/08\/4-1-740x560.jpeg\" alt=\"Albania Home\" loading=\"lazy\"><\/span><\/div><div class=\"item__swiper swiper-slide\"><span><img decoding=\"async\" src=\"https:\/\/albaniahome.cz\/wp-content\/uploads\/2026\/08\/5-1-740x560.jpeg\" alt=\"Albania Home\" loading=\"lazy\"><\/span><\/div><div class=\"item__swiper swiper-slide\"><span><img decoding=\"async\" src=\"https:\/\/albaniahome.cz\/wp-content\/uploads\/2026\/08\/6-1-740x560.jpeg\" alt=\"Albania Home\" loading=\"lazy\"><\/span><\/div><div class=\"item__swiper swiper-slide\"><span><img decoding=\"async\" src=\"https:\/\/albaniahome.cz\/wp-content\/uploads\/2026\/08\/7-740x560.jpeg\" alt=\"Albania Home\" loading=\"lazy\"><\/span><\/div><div class=\"item__swiper swiper-slide\"><span><img decoding=\"async\" src=\"https:\/\/albaniahome.cz\/wp-content\/uploads\/2026\/08\/3-1-740x560.jpeg\" alt=\"Albania Home\" loading=\"lazy\"><\/span><\/div><div class=\"item__swiper swiper-slide\"><span><img decoding=\"async\" src=\"https:\/\/albaniahome.cz\/wp-content\/uploads\/2026\/08\/2-1-740x560.jpeg\" alt=\"Albania Home\" loading=\"lazy\"><\/span><\/div><div class=\"item__swiper swiper-slide\"><span><img decoding=\"async\" src=\"https:\/\/albaniahome.cz\/wp-content\/uploads\/2026\/08\/1-1-740x560.jpeg\" alt=\"Albania Home\" loading=\"lazy\"><\/span><\/div><\/div><div class=\"wgl-navigation_wrapper\"><button class=\"elementor-swiper-button elementor-swiper-button-prev\" data-carousel=\"wgl_carousel_6a9bde1040e52\"><i class=\"flaticon flaticon-right-arrow-1\"><\/i><\/button><button class=\"elementor-swiper-button elementor-swiper-button-next\" data-carousel=\"wgl_carousel_6a9bde1040e52\"><i class=\"flaticon flaticon-right-arrow-1\"><\/i><\/button><\/div><\/div><\/div><span class=\"property__statuses\"><span><a href=\"https:\/\/albaniahome.cz\/cs\/property-status\/for-sale\/\" class=\"property-status\">Na prodej<\/a><\/span><\/span><\/div><div class=\"property__info\"><div class=\"property__location\">Saranda, Alb\u00e1nie<\/div><h3 class=\"property__title\"><a href=\"https:\/\/albaniahome.cz\/cs\/property\/8447\/\">Exkluzivn\u00ed VIP pl\u00e1\u017eov\u00fd apartm\u00e1n v Sarand\u011b s priv\u00e1tn\u00ed pl\u00e1\u017e\u00ed a baz\u00e9nem<\/a><\/h3><div class=\"property__excerpt\">\nPresti\u017en\u00ed \u017eivotn\u00ed styl s v\u00fdhledem na mo\u0159e?<\/div><div class=\"property__meta-wrapper\"><div class=\"property__meta\"><div class=\"property__meta-area\"><span class=\"property__meta-text\">68 m\u00b2<\/span><\/div><div class=\"property__meta-bedrooms\"><span class=\"property__meta-text\">1<\/span><\/div><div class=\"property__meta-baths\"><span class=\"property__meta-text\">1<\/span><\/div><\/div><div class=\"property__price\">\u20ac250000<\/div><\/div><\/div><\/div><\/article><article class=\"property__item\"><div class=\"property__wrapper\"><div class=\"property__media-wrap\"><div class=\"wgl-carousel_wrapper\"><div class=\"property__media-slider slider-wrapper wgl-carousel wgl-carousel_swiper swiper-container\" data-item-carousel=\"wgl_carousel_6a9bde1042b2c\"><div class=\"swiper-wrapper\"><div class=\"item__swiper swiper-slide\"><span><img decoding=\"async\" src=\"https:\/\/albaniahome.cz\/wp-content\/uploads\/2026\/08\/1-740x560.jpeg\" alt=\"Albania Home\"><\/span><\/div><div class=\"item__swiper swiper-slide\"><span><img decoding=\"async\" src=\"https:\/\/albaniahome.cz\/wp-content\/uploads\/2026\/08\/2-740x560.jpeg\" alt=\"Albania Home\" loading=\"lazy\"><\/span><\/div><div class=\"item__swiper swiper-slide\"><span><img decoding=\"async\" src=\"https:\/\/albaniahome.cz\/wp-content\/uploads\/2026\/08\/3-740x560.jpeg\" alt=\"Albania Home\" loading=\"lazy\"><\/span><\/div><div class=\"item__swiper swiper-slide\"><span><img decoding=\"async\" src=\"https:\/\/albaniahome.cz\/wp-content\/uploads\/2026\/08\/4-740x560.jpeg\" alt=\"Albania Home\" loading=\"lazy\"><\/span><\/div><div class=\"item__swiper swiper-slide\"><span><img decoding=\"async\" src=\"https:\/\/albaniahome.cz\/wp-content\/uploads\/2026\/08\/5-740x560.jpeg\" alt=\"Albania Home\" loading=\"lazy\"><\/span><\/div><div class=\"item__swiper swiper-slide\"><span><img decoding=\"async\" src=\"https:\/\/albaniahome.cz\/wp-content\/uploads\/2026\/08\/6-740x560.jpeg\" alt=\"Albania Home\" loading=\"lazy\"><\/span><\/div><div class=\"item__swiper swiper-slide\"><span><img decoding=\"async\" src=\"https:\/\/albaniahome.cz\/wp-content\/uploads\/2026\/08\/WhatsApp-Image-2026-08-04-at-10.58.12-AM-740x560.jpeg\" alt=\"Albania Home\" loading=\"lazy\"><\/span><\/div><\/div><div class=\"wgl-navigation_wrapper\"><button class=\"elementor-swiper-button elementor-swiper-button-prev\" data-carousel=\"wgl_carousel_6a9bde1042b2c\"><i class=\"flaticon flaticon-right-arrow-1\"><\/i><\/button><button class=\"elementor-swiper-button elementor-swiper-button-next\" data-carousel=\"wgl_carousel_6a9bde1042b2c\"><i class=\"flaticon flaticon-right-arrow-1\"><\/i><\/button><\/div><\/div><\/div><span class=\"property__statuses\"><span><a href=\"https:\/\/albaniahome.cz\/cs\/property-status\/for-sale\/\" class=\"property-status\">Na prodej<\/a><\/span><\/span><\/div><div class=\"property__info\"><div class=\"property__location\">Dra\u010d, Golem<\/div><h3 class=\"property__title\"><a href=\"https:\/\/albaniahome.cz\/cs\/property\/spacious-2kk-apartment-in-golem-durres-with-year-round-amenities\/\">Prostorn\u00fd apartm\u00e1n 3+kk v Golemu (Durres) s celoro\u010dn\u00ed ob\u010danskou vybavenost\u00ed<\/a><\/h3><div class=\"property__excerpt\">Kvalitn\u00ed bydlen\u00ed u mo\u0159e nab\u00edz\u00ed tento prostorn\u00fd apartm\u00e1n ve 2. pat\u0159e s v\u00fdtahem<\/div><div class=\"property__meta-wrapper\"><div class=\"property__meta\"><div class=\"property__meta-area\"><span class=\"property__meta-text\">108 m\u00b2<\/span><\/div><div class=\"property__meta-bedrooms\"><span class=\"property__meta-text\">2<\/span><\/div><div class=\"property__meta-baths\"><span class=\"property__meta-text\">2<\/span><\/div><\/div><div class=\"property__price\">\u20ac140400<\/div><\/div><\/div><\/div><\/article><article class=\"property__item\"><div class=\"property__wrapper\"><div class=\"property__media-wrap\"><div class=\"wgl-carousel_wrapper\"><div class=\"property__media-slider slider-wrapper wgl-carousel wgl-carousel_swiper swiper-container\" data-item-carousel=\"wgl_carousel_6a9bde1043d19\"><div class=\"swiper-wrapper\"><div class=\"item__swiper swiper-slide\"><span><img decoding=\"async\" src=\"https:\/\/albaniahome.cz\/wp-content\/uploads\/2026\/08\/ksamil-21-160m-740x560.jpeg\" alt=\"Albania Home\"><\/span><\/div><div class=\"item__swiper swiper-slide\"><span><img decoding=\"async\" src=\"https:\/\/albaniahome.cz\/wp-content\/uploads\/2026\/08\/ksamil-21-160-m-jidelna-740x560.jpeg\" alt=\"Albania Home\" loading=\"lazy\"><\/span><\/div><div class=\"item__swiper swiper-slide\"><span><img decoding=\"async\" src=\"https:\/\/albaniahome.cz\/wp-content\/uploads\/2026\/08\/ksamil-21-160-m-obyvak-740x560.jpeg\" alt=\"Albania Home\" loading=\"lazy\"><\/span><\/div><\/div><div class=\"wgl-navigation_wrapper\"><button class=\"elementor-swiper-button elementor-swiper-button-prev\" data-carousel=\"wgl_carousel_6a9bde1043d19\"><i class=\"flaticon flaticon-right-arrow-1\"><\/i><\/button><button class=\"elementor-swiper-button elementor-swiper-button-next\" data-carousel=\"wgl_carousel_6a9bde1043d19\"><i class=\"flaticon flaticon-right-arrow-1\"><\/i><\/button><\/div><\/div><\/div><span class=\"property__statuses\"><span><a href=\"https:\/\/albaniahome.cz\/cs\/property-status\/for-sale\/\" class=\"property-status\">Na prodej<\/a><\/span><\/span><\/div><div class=\"property__info\"><div class=\"property__location\">Ksamil, Alb\u00e1nie<\/div><h3 class=\"property__title\"><a href=\"https:\/\/albaniahome.cz\/cs\/property\/beach-gem-in-ksamil-with-panoramic-sea-views\/\">Pl\u00e1\u017eov\u00fd klenot v Ksamilu s panoramatick\u00fdm v\u00fdhledem na mo\u0159e<\/a><\/h3><div class=\"property__excerpt\">Ide\u00e1ln\u00ed nemovitost u mo\u0159e v Alb\u00e1nii, kter\u00e1 nab\u00edz\u00ed skv\u011bl\u00fd pom\u011br ceny a kvality?<\/div><div class=\"property__meta-wrapper\"><div class=\"property__meta\"><div class=\"property__meta-area\"><span class=\"property__meta-text\">160 m\u00b2<\/span><\/div><div class=\"property__meta-bedrooms\"><span class=\"property__meta-text\">1<\/span><\/div><div class=\"property__meta-baths\"><span class=\"property__meta-text\">1<\/span><\/div><\/div><div class=\"property__price\">\u20ac300000<\/div><\/div><\/div><\/div><\/article><article class=\"property__item\"><div class=\"property__wrapper\"><div class=\"property__media-wrap\"><div class=\"wgl-carousel_wrapper\"><div class=\"property__media-slider slider-wrapper wgl-carousel wgl-carousel_swiper swiper-container\" data-item-carousel=\"wgl_carousel_6a9bde1044e19\"><div class=\"swiper-wrapper\"><div class=\"item__swiper swiper-slide\"><span><img decoding=\"async\" src=\"https:\/\/albaniahome.cz\/wp-content\/uploads\/2026\/07\/251fb057-e75d-455e-8b57-86c1c15556fd-740x560.jpg\" alt=\"Saranda 1+1\"><\/span><\/div><div class=\"item__swiper swiper-slide\"><span><img decoding=\"async\" src=\"https:\/\/albaniahome.cz\/wp-content\/uploads\/2026\/07\/copy_0AECEB13-A322-451D-850A-382895C599B0-scaled-740x560.jpeg\" alt=\"Albania Home\" loading=\"lazy\"><\/span><\/div><div class=\"item__swiper swiper-slide\"><span><img decoding=\"async\" src=\"https:\/\/albaniahome.cz\/wp-content\/uploads\/2026\/07\/copy_BA111651-DE6F-4431-B5B7-C62131AC816E-scaled-740x560.jpeg\" alt=\"Albania Home\" loading=\"lazy\"><\/span><\/div><div class=\"item__swiper swiper-slide\"><span><img decoding=\"async\" src=\"https:\/\/albaniahome.cz\/wp-content\/uploads\/2026\/07\/copy_DDFC155D-C853-4039-87EA-82EB89442A56-scaled-740x560.jpeg\" alt=\"Albania Home\" loading=\"lazy\"><\/span><\/div><\/div><div class=\"wgl-navigation_wrapper\"><button class=\"elementor-swiper-button elementor-swiper-button-prev\" data-carousel=\"wgl_carousel_6a9bde1044e19\"><i class=\"flaticon flaticon-right-arrow-1\"><\/i><\/button><button class=\"elementor-swiper-button elementor-swiper-button-next\" data-carousel=\"wgl_carousel_6a9bde1044e19\"><i class=\"flaticon flaticon-right-arrow-1\"><\/i><\/button><\/div><\/div><\/div><span class=\"property__statuses\"><span><a href=\"https:\/\/albaniahome.cz\/cs\/property-status\/for-sale\/\" class=\"property-status\">Na prodej<\/a><\/span><\/span><\/div><div class=\"property__info\"><div class=\"property__location\">Saranda, Alb\u00e1nie<\/div><h3 class=\"property__title\"><a href=\"https:\/\/albaniahome.cz\/cs\/property\/morning-coffee-with-sea-views\/\">Rann\u00ed k\u00e1va s v\u00fdhledem na mo\u0159e v Sarande<\/a><\/h3><div class=\"property__excerpt\">Apartm\u00e1n na prodej v Sarand\u011b p\u0159edstavuje v\u00fdjime\u010dnou p\u0159\u00edle\u017eitost jak pro vlastn\u00ed rekrea\u010dn\u00ed vyu\u017eit\u00ed<\/div><div class=\"property__meta-wrapper\"><div class=\"property__meta\"><div class=\"property__meta-area\"><span class=\"property__meta-text\">60 m\u00b2<\/span><\/div><div class=\"property__meta-bedrooms\"><span class=\"property__meta-text\">1<\/span><\/div><div class=\"property__meta-baths\"><span class=\"property__meta-text\">1<\/span><\/div><\/div><div class=\"property__price\">\u20ac135000<\/div><\/div><\/div><\/div><\/article><article class=\"property__item\"><div class=\"property__wrapper\"><div class=\"property__media-wrap\"><div class=\"wgl-carousel_wrapper\"><div class=\"property__media-slider slider-wrapper wgl-carousel wgl-carousel_swiper swiper-container\" data-item-carousel=\"wgl_carousel_6a9bde1046277\"><div class=\"swiper-wrapper\"><div class=\"item__swiper swiper-slide\"><span><img decoding=\"async\" src=\"https:\/\/albaniahome.cz\/wp-content\/uploads\/2026\/07\/IMG_9107-scaled-740x560.jpg\" alt=\"Apartm\u00e1n 1+1 v Santorini village\"><\/span><\/div><div class=\"item__swiper swiper-slide\"><span><img decoding=\"async\" src=\"https:\/\/albaniahome.cz\/wp-content\/uploads\/2026\/07\/copy_CC88E52B-3BF1-42A8-ABFE-50DC2AA910C9-scaled-740x560.jpeg\" alt=\"Vesnice Santorini 1+1\" loading=\"lazy\"><\/span><\/div><div class=\"item__swiper swiper-slide\"><span><img decoding=\"async\" src=\"https:\/\/albaniahome.cz\/wp-content\/uploads\/2026\/07\/copy_9C35CAB6-2D7B-43A7-8AFC-6C7B1012D4EE-scaled-740x560.jpeg\" alt=\"Vesnice na Santorini, 1+1, v\u00fdhled\" loading=\"lazy\"><\/span><\/div><div class=\"item__swiper swiper-slide\"><span><img decoding=\"async\" src=\"https:\/\/albaniahome.cz\/wp-content\/uploads\/2026\/07\/copy_E4478096-4DCB-4AA5-A77A-39EEB2B27ED9-scaled-740x560.jpeg\" alt=\"Albania Home\" loading=\"lazy\"><\/span><\/div><div class=\"item__swiper swiper-slide\"><span><img decoding=\"async\" src=\"https:\/\/albaniahome.cz\/wp-content\/uploads\/2026\/07\/copy_A65E5D7D-460F-4801-8412-D7378E5EB9FF-scaled-740x560.jpeg\" alt=\"Lo\u017enice v santorinsk\u00e9 vesnici\" loading=\"lazy\"><\/span><\/div><\/div><div class=\"wgl-navigation_wrapper\"><button class=\"elementor-swiper-button elementor-swiper-button-prev\" data-carousel=\"wgl_carousel_6a9bde1046277\"><i class=\"flaticon flaticon-right-arrow-1\"><\/i><\/button><button class=\"elementor-swiper-button elementor-swiper-button-next\" data-carousel=\"wgl_carousel_6a9bde1046277\"><i class=\"flaticon flaticon-right-arrow-1\"><\/i><\/button><\/div><\/div><\/div><span class=\"property__statuses\"><span><a href=\"https:\/\/albaniahome.cz\/cs\/property-status\/for-sale\/\" class=\"property-status\">Na prodej<\/a><\/span><\/span><\/div><div class=\"property__info\"><div class=\"property__location\">Vesnice Santorini, Drymades<\/div><h3 class=\"property__title\"><a href=\"https:\/\/albaniahome.cz\/cs\/property\/elementor-8347\/\">Exkluzivn\u00ed nab\u00eddka: Luxusn\u00ed apartm\u00e1n Santorini Village, Drymades<\/a><\/h3><div class=\"property__excerpt\">Hled\u00e1te vz\u00e1cn\u00e9 spojen\u00ed kykladsk\u00e9 estetiky a absolutn\u00edho luxusu?<\/div><div class=\"property__meta-wrapper\"><div class=\"property__meta\"><div class=\"property__meta-bedrooms\"><span class=\"property__meta-text\">1<\/span><\/div><div class=\"property__meta-baths\"><span class=\"property__meta-text\">1<\/span><\/div><\/div><\/div><\/div><\/div><\/article><article class=\"property__item\"><div class=\"property__wrapper\"><div class=\"property__media-wrap\"><div class=\"wgl-carousel_wrapper\"><div class=\"property__media-slider slider-wrapper wgl-carousel wgl-carousel_swiper swiper-container\" data-item-carousel=\"wgl_carousel_6a9bde1047c7b\"><div class=\"swiper-wrapper\"><div class=\"item__swiper swiper-slide\"><span><img decoding=\"async\" src=\"https:\/\/albaniahome.cz\/wp-content\/uploads\/2026\/07\/2-5-740x560.png\" alt=\"luxusni-apartman-2kk-green-coast-palase\"><\/span><\/div><div class=\"item__swiper swiper-slide\"><span><img decoding=\"async\" src=\"https:\/\/albaniahome.cz\/wp-content\/uploads\/2026\/07\/4-5-740x560.png\" alt=\"luxusni-apartman-2kk-green-coast-palase\" loading=\"lazy\"><\/span><\/div><div class=\"item__swiper swiper-slide\"><span><img decoding=\"async\" src=\"https:\/\/albaniahome.cz\/wp-content\/uploads\/2026\/07\/1-5-740x560.png\" alt=\"luxusni-apartman-2kk-green-coast-palase\" loading=\"lazy\"><\/span><\/div><div class=\"item__swiper swiper-slide\"><span><img decoding=\"async\" src=\"https:\/\/albaniahome.cz\/wp-content\/uploads\/2026\/07\/3-6-740x560.png\" alt=\"luxusni-apartman-2kk-green-coast-palase\" loading=\"lazy\"><\/span><\/div><div class=\"item__swiper swiper-slide\"><span><img decoding=\"async\" src=\"https:\/\/albaniahome.cz\/wp-content\/uploads\/2026\/07\/5-6-740x560.png\" alt=\"luxusni-apartman-2kk-green-coast-palase\" loading=\"lazy\"><\/span><\/div><div class=\"item__swiper swiper-slide\"><span><img decoding=\"async\" src=\"https:\/\/albaniahome.cz\/wp-content\/uploads\/2026\/07\/6-5-740x560.png\" alt=\"luxusni-apartman-2kk-green-coast-palase\" loading=\"lazy\"><\/span><\/div><\/div><div class=\"wgl-navigation_wrapper\"><button class=\"elementor-swiper-button elementor-swiper-button-prev\" data-carousel=\"wgl_carousel_6a9bde1047c7b\"><i class=\"flaticon flaticon-right-arrow-1\"><\/i><\/button><button class=\"elementor-swiper-button elementor-swiper-button-next\" data-carousel=\"wgl_carousel_6a9bde1047c7b\"><i class=\"flaticon flaticon-right-arrow-1\"><\/i><\/button><\/div><\/div><\/div><span class=\"property__statuses\"><span><a href=\"https:\/\/albaniahome.cz\/cs\/property-status\/for-sale\/\" class=\"property-status\">Na prodej<\/a><\/span><\/span><\/div><div class=\"property__info\"><div class=\"property__location\">Green Coast Resort &amp; Residences, Palas\u00eb, Alb\u00e1nie<\/div><h3 class=\"property__title\"><a href=\"https:\/\/albaniahome.cz\/cs\/property\/luxusni-apartman-2kk-green-coast-palase\/\">Luxusn\u00ed apartm\u00e1n na prodej \u2013 2+kk, Green Coast Resort, Palas\u00eb<\/a><\/h3><div class=\"property__excerpt\">\nVdechujte mo\u0159sk\u00fd v\u00e1nek z prostorn\u00e9 terasy tohoto v\u00fdjime\u010dn\u00e9ho apartm\u00e1nu 3+kk v presti\u017en\u00edm Green Coast 1. Dokonal\u00e1 harmonie modern\u00ed architektury, velkorys\u00e9ho prostoru a exkluzivn\u00ed lokality u alb\u00e1nsk\u00e9ho pob\u0159e\u017e\u00ed.<\/div><div class=\"property__meta-wrapper\"><div class=\"property__meta\"><div class=\"property__meta-area\"><span class=\"property__meta-text\">77 m\u00b2<\/span><\/div><div class=\"property__meta-bedrooms\"><span class=\"property__meta-text\">1<\/span><\/div><div class=\"property__meta-baths\"><span class=\"property__meta-text\">1<\/span><\/div><\/div><div class=\"property__price\">\u20ac650000<\/div><\/div><\/div><\/div><\/article><article class=\"property__item\"><div class=\"property__wrapper\"><div class=\"property__media-wrap\"><div class=\"wgl-carousel_wrapper\"><div class=\"property__media-slider slider-wrapper wgl-carousel wgl-carousel_swiper swiper-container\" data-item-carousel=\"wgl_carousel_6a9bde1049672\"><div class=\"swiper-wrapper\"><div class=\"item__swiper swiper-slide\"><span><img decoding=\"async\" src=\"https:\/\/albaniahome.cz\/wp-content\/uploads\/2026\/07\/1-4-740x560.png\" alt=\"luxusni-apartman-3kk-green-coast-1\"><\/span><\/div><div class=\"item__swiper swiper-slide\"><span><img decoding=\"async\" src=\"https:\/\/albaniahome.cz\/wp-content\/uploads\/2026\/07\/3-5-740x560.png\" alt=\"luxusni-apartman-3kk-green-coast-1\" loading=\"lazy\"><\/span><\/div><div class=\"item__swiper swiper-slide\"><span><img decoding=\"async\" src=\"https:\/\/albaniahome.cz\/wp-content\/uploads\/2026\/07\/2-4-740x560.png\" alt=\"luxusni-apartman-3kk-green-coast-1\" loading=\"lazy\"><\/span><\/div><div class=\"item__swiper swiper-slide\"><span><img decoding=\"async\" src=\"https:\/\/albaniahome.cz\/wp-content\/uploads\/2026\/07\/4-4-740x560.png\" alt=\"luxusni-apartman-3kk-green-coast-1\" loading=\"lazy\"><\/span><\/div><div class=\"item__swiper swiper-slide\"><span><img decoding=\"async\" src=\"https:\/\/albaniahome.cz\/wp-content\/uploads\/2026\/07\/5-5-740x560.png\" alt=\"luxusni-apartman-3kk-green-coast-1\" loading=\"lazy\"><\/span><\/div><div class=\"item__swiper swiper-slide\"><span><img decoding=\"async\" src=\"https:\/\/albaniahome.cz\/wp-content\/uploads\/2026\/07\/6-4-740x560.png\" alt=\"luxusni-apartman-3kk-green-coast-1\" loading=\"lazy\"><\/span><\/div><\/div><div class=\"wgl-navigation_wrapper\"><button class=\"elementor-swiper-button elementor-swiper-button-prev\" data-carousel=\"wgl_carousel_6a9bde1049672\"><i class=\"flaticon flaticon-right-arrow-1\"><\/i><\/button><button class=\"elementor-swiper-button elementor-swiper-button-next\" data-carousel=\"wgl_carousel_6a9bde1049672\"><i class=\"flaticon flaticon-right-arrow-1\"><\/i><\/button><\/div><\/div><\/div><span class=\"property__statuses\"><span><a href=\"https:\/\/albaniahome.cz\/cs\/property-status\/for-sale\/\" class=\"property-status\">Na prodej<\/a><\/span><\/span><\/div><div class=\"property__info\"><div class=\"property__location\">Green Coast 1, Alb\u00e1nie<\/div><h3 class=\"property__title\"><a href=\"https:\/\/albaniahome.cz\/cs\/property\/luxusni-apartman-3kk-green-coast-1\/\">Luxusn\u00ed apartm\u00e1n na prodej \u2013 3+kk, Green Coast 1 Resort<\/a><\/h3><div class=\"property__excerpt\">\nVdechujte mo\u0159sk\u00fd v\u00e1nek z prostorn\u00e9 terasy tohoto v\u00fdjime\u010dn\u00e9ho apartm\u00e1nu 3+kk v presti\u017en\u00edm Green Coast 1. Dokonal\u00e1 harmonie modern\u00ed architektury, velkorys\u00e9ho prostoru a exkluzivn\u00ed lokality u alb\u00e1nsk\u00e9ho pob\u0159e\u017e\u00ed.<\/div><div class=\"property__meta-wrapper\"><div class=\"property__meta\"><div class=\"property__meta-area\"><span class=\"property__meta-text\">80 m2<\/span><\/div><div class=\"property__meta-bedrooms\"><span class=\"property__meta-text\">2<\/span><\/div><div class=\"property__meta-baths\"><span class=\"property__meta-text\">1<\/span><\/div><\/div><div class=\"property__price\">\u20ac750000<\/div><\/div><\/div><\/div><\/article><article class=\"property__item\"><div class=\"property__wrapper\"><div class=\"property__media-wrap\"><div class=\"wgl-carousel_wrapper\"><div class=\"property__media-slider slider-wrapper wgl-carousel wgl-carousel_swiper swiper-container\" data-item-carousel=\"wgl_carousel_6a9bde104b7a0\"><div class=\"swiper-wrapper\"><div class=\"item__swiper swiper-slide\"><span><img decoding=\"async\" src=\"https:\/\/albaniahome.cz\/wp-content\/uploads\/2026\/07\/5-4-740x560.png\" alt=\"luxusni-apartman-3kk-green-coast-palase\"><\/span><\/div><div class=\"item__swiper swiper-slide\"><span><img decoding=\"async\" src=\"https:\/\/albaniahome.cz\/wp-content\/uploads\/2026\/07\/4-3-740x560.png\" alt=\"luxusni-apartman-3kk-green-coast-palase\" loading=\"lazy\"><\/span><\/div><div class=\"item__swiper swiper-slide\"><span><img decoding=\"async\" src=\"https:\/\/albaniahome.cz\/wp-content\/uploads\/2026\/07\/6-3-740x560.png\" alt=\"luxusni-apartman-3kk-green-coast-palase\" loading=\"lazy\"><\/span><\/div><div class=\"item__swiper swiper-slide\"><span><img decoding=\"async\" src=\"https:\/\/albaniahome.cz\/wp-content\/uploads\/2026\/07\/1-3-740x560.png\" alt=\"luxusni-apartman-3kk-green-coast-palase\" loading=\"lazy\"><\/span><\/div><div class=\"item__swiper swiper-slide\"><span><img decoding=\"async\" src=\"https:\/\/albaniahome.cz\/wp-content\/uploads\/2026\/07\/3-4-740x560.png\" alt=\"luxusni-apartman-3kk-green-coast-palase\" loading=\"lazy\"><\/span><\/div><div class=\"item__swiper swiper-slide\"><span><img decoding=\"async\" src=\"https:\/\/albaniahome.cz\/wp-content\/uploads\/2026\/07\/8-3-740x560.png\" alt=\"luxusni-apartman-3kk-green-coast-palase\" loading=\"lazy\"><\/span><\/div><div class=\"item__swiper swiper-slide\"><span><img decoding=\"async\" src=\"https:\/\/albaniahome.cz\/wp-content\/uploads\/2026\/07\/7-3-740x560.png\" alt=\"luxusni-apartman-3kk-green-coast-palase\" loading=\"lazy\"><\/span><\/div><div class=\"item__swiper swiper-slide\"><span><img decoding=\"async\" src=\"https:\/\/albaniahome.cz\/wp-content\/uploads\/2026\/07\/9-3-740x560.png\" alt=\"luxusni-apartman-3kk-green-coast-palase\" loading=\"lazy\"><\/span><\/div><div class=\"item__swiper swiper-slide\"><span><img decoding=\"async\" src=\"https:\/\/albaniahome.cz\/wp-content\/uploads\/2026\/07\/2-3-740x560.png\" alt=\"luxusni-apartman-3kk-green-coast-palase\" loading=\"lazy\"><\/span><\/div><\/div><div class=\"wgl-navigation_wrapper\"><button class=\"elementor-swiper-button elementor-swiper-button-prev\" data-carousel=\"wgl_carousel_6a9bde104b7a0\"><i class=\"flaticon flaticon-right-arrow-1\"><\/i><\/button><button class=\"elementor-swiper-button elementor-swiper-button-next\" data-carousel=\"wgl_carousel_6a9bde104b7a0\"><i class=\"flaticon flaticon-right-arrow-1\"><\/i><\/button><\/div><\/div><\/div><span class=\"property__statuses\"><span><a href=\"https:\/\/albaniahome.cz\/cs\/property-status\/for-sale\/\" class=\"property-status\">Na prodej<\/a><\/span><\/span><\/div><div class=\"property__info\"><div class=\"property__location\">Green Coast Resort, Palas\u00eb, Alb\u00e1nie<\/div><h3 class=\"property__title\"><a href=\"https:\/\/albaniahome.cz\/cs\/property\/luxusni-apartman-3kk-green-coast-palase\/\">Luxusn\u00ed apartm\u00e1n na prodej \u2013 3+kk, Green Coast Resort, Palas\u00eb<\/a><\/h3><div class=\"property__excerpt\">\nVdechujte mo\u0159sk\u00fd v\u00e1nek z prostorn\u00e9 terasy tohoto v\u00fdjime\u010dn\u00e9ho apartm\u00e1nu 3+kk v presti\u017en\u00edm Green Coast 1. Dokonal\u00e1 harmonie modern\u00ed architektury, velkorys\u00e9ho prostoru a exkluzivn\u00ed lokality u alb\u00e1nsk\u00e9ho pob\u0159e\u017e\u00ed.<\/div><div class=\"property__meta-wrapper\"><div class=\"property__meta\"><div class=\"property__meta-area\"><span class=\"property__meta-text\">73 m\u00b2<\/span><\/div><div class=\"property__meta-bedrooms\"><span class=\"property__meta-text\">2<\/span><\/div><div class=\"property__meta-baths\"><span class=\"property__meta-text\">1<\/span><\/div><\/div><div class=\"property__price\">\u20ac650000<\/div><\/div><\/div><\/div><\/article><article class=\"property__item\"><div class=\"property__wrapper\"><div class=\"property__media-wrap\"><div class=\"wgl-carousel_wrapper\"><div class=\"property__media-slider slider-wrapper wgl-carousel wgl-carousel_swiper swiper-container\" data-item-carousel=\"wgl_carousel_6a9bde104dd74\"><div class=\"swiper-wrapper\"><div class=\"item__swiper swiper-slide\"><span><img decoding=\"async\" src=\"https:\/\/albaniahome.cz\/wp-content\/uploads\/2026\/07\/7-2-740x560.png\" alt=\"prodej-apartman-2kk-palmas-2-durres-61m2\"><\/span><\/div><div class=\"item__swiper swiper-slide\"><span><img decoding=\"async\" src=\"https:\/\/albaniahome.cz\/wp-content\/uploads\/2026\/07\/1-2-740x560.png\" alt=\"prodej-apartman-2kk-palmas-2-durres-61m2\" loading=\"lazy\"><\/span><\/div><div class=\"item__swiper swiper-slide\"><span><img decoding=\"async\" src=\"https:\/\/albaniahome.cz\/wp-content\/uploads\/2026\/07\/4-2-740x560.png\" alt=\"prodej-apartman-2kk-palmas-2-durres-61m2\" loading=\"lazy\"><\/span><\/div><div class=\"item__swiper swiper-slide\"><span><img decoding=\"async\" src=\"https:\/\/albaniahome.cz\/wp-content\/uploads\/2026\/07\/5-3-740x560.png\" alt=\"prodej-apartman-2kk-palmas-2-durres-61m2\" loading=\"lazy\"><\/span><\/div><div class=\"item__swiper swiper-slide\"><span><img decoding=\"async\" src=\"https:\/\/albaniahome.cz\/wp-content\/uploads\/2026\/07\/3-3-740x560.png\" alt=\"prodej-apartman-2kk-palmas-2-durres-61m2\" loading=\"lazy\"><\/span><\/div><div class=\"item__swiper swiper-slide\"><span><img decoding=\"async\" src=\"https:\/\/albaniahome.cz\/wp-content\/uploads\/2026\/07\/6-2-740x560.png\" alt=\"prodej-apartman-2kk-palmas-2-durres-61m2\" loading=\"lazy\"><\/span><\/div><div class=\"item__swiper swiper-slide\"><span><img decoding=\"async\" src=\"https:\/\/albaniahome.cz\/wp-content\/uploads\/2026\/07\/2-2-740x560.png\" alt=\"prodej-apartman-2kk-palmas-2-durres-61m2\" loading=\"lazy\"><\/span><\/div><div class=\"item__swiper swiper-slide\"><span><img decoding=\"async\" src=\"https:\/\/albaniahome.cz\/wp-content\/uploads\/2026\/07\/8-2-740x560.png\" alt=\"prodej-apartman-2kk-palmas-2-durres-61m2\" loading=\"lazy\"><\/span><\/div><div class=\"item__swiper swiper-slide\"><span><img decoding=\"async\" src=\"https:\/\/albaniahome.cz\/wp-content\/uploads\/2026\/07\/9-2-740x560.png\" alt=\"prodej-apartman-2kk-palmas-2-durres-61m2\" loading=\"lazy\"><\/span><\/div><\/div><div class=\"wgl-navigation_wrapper\"><button class=\"elementor-swiper-button elementor-swiper-button-prev\" data-carousel=\"wgl_carousel_6a9bde104dd74\"><i class=\"flaticon flaticon-right-arrow-1\"><\/i><\/button><button class=\"elementor-swiper-button elementor-swiper-button-next\" data-carousel=\"wgl_carousel_6a9bde104dd74\"><i class=\"flaticon flaticon-right-arrow-1\"><\/i><\/button><\/div><\/div><\/div><span class=\"property__statuses\"><span><a href=\"https:\/\/albaniahome.cz\/cs\/property-status\/for-sale\/\" class=\"property-status\">Na prodej<\/a><\/span><\/span><\/div><div class=\"property__info\"><div class=\"property__location\">Dra\u010d<\/div><h3 class=\"property__title\"><a href=\"https:\/\/albaniahome.cz\/cs\/property\/prodej-apartman-2kk-palmas-2-durres-61m2\/\">Modern\u00ed apartm\u00e1n na prodej \u2013 2+kk, prvn\u00ed linie u mo\u0159e, Durr\u00ebs<\/a><\/h3><div class=\"property__excerpt\">\nHled\u00e1te ide\u00e1ln\u00ed nemovitost u mo\u0159e v Alb\u00e1nii, kter\u00e1 nab\u00edz\u00ed skv\u011bl\u00fd pom\u011br ceny a kvality?<\/div><div class=\"property__meta-wrapper\"><div class=\"property__meta\"><div class=\"property__meta-area\"><span class=\"property__meta-text\">61 m\u00b2<\/span><\/div><div class=\"property__meta-bedrooms\"><span class=\"property__meta-text\">1<\/span><\/div><div class=\"property__meta-baths\"><span class=\"property__meta-text\">1<\/span><\/div><\/div><div class=\"property__price\">\u20ac140300<\/div><\/div><\/div><\/div><\/article><article class=\"property__item\"><div class=\"property__wrapper\"><div class=\"property__media-wrap\"><div class=\"wgl-carousel_wrapper\"><div class=\"property__media-slider slider-wrapper wgl-carousel wgl-carousel_swiper swiper-container\" data-item-carousel=\"wgl_carousel_6a9bde104f3cc\"><div class=\"swiper-wrapper\"><div class=\"item__swiper swiper-slide\"><span><img decoding=\"async\" src=\"https:\/\/albaniahome.cz\/wp-content\/uploads\/2026\/07\/1-1-740x560.png\" alt=\"Luxusn\u00ed vila se 2 lo\u017enicemi a soukromou zahradou v resortu Green Coast v Palas\u00eb\"><\/span><\/div><div class=\"item__swiper swiper-slide\"><span><img decoding=\"async\" src=\"https:\/\/albaniahome.cz\/wp-content\/uploads\/2026\/07\/3-2-740x560.png\" alt=\"Luxusn\u00ed vila se 2 lo\u017enicemi a soukromou zahradou v resortu Green Coast v Palas\u00eb\" loading=\"lazy\"><\/span><\/div><div class=\"item__swiper swiper-slide\"><span><img decoding=\"async\" src=\"https:\/\/albaniahome.cz\/wp-content\/uploads\/2026\/07\/11-1-740x560.png\" alt=\"Luxusn\u00ed vila se 2 lo\u017enicemi a soukromou zahradou v resortu Green Coast v Palas\u00eb\" loading=\"lazy\"><\/span><\/div><div class=\"item__swiper swiper-slide\"><span><img decoding=\"async\" src=\"https:\/\/albaniahome.cz\/wp-content\/uploads\/2026\/07\/8-1-740x560.png\" alt=\"Luxusn\u00ed vila se 2 lo\u017enicemi a soukromou zahradou v resortu Green Coast v Palas\u00eb\" loading=\"lazy\"><\/span><\/div><\/div><div class=\"wgl-navigation_wrapper\"><button class=\"elementor-swiper-button elementor-swiper-button-prev\" data-carousel=\"wgl_carousel_6a9bde104f3cc\"><i class=\"flaticon flaticon-right-arrow-1\"><\/i><\/button><button class=\"elementor-swiper-button elementor-swiper-button-next\" data-carousel=\"wgl_carousel_6a9bde104f3cc\"><i class=\"flaticon flaticon-right-arrow-1\"><\/i><\/button><\/div><\/div><\/div><span class=\"property__statuses\"><span><a href=\"https:\/\/albaniahome.cz\/cs\/property-status\/for-sale\/\" class=\"property-status\">Na prodej<\/a><\/span><\/span><\/div><div class=\"property__info\"><div class=\"property__location\">Green Coast Resort, Palas\u00eb, Alb\u00e1nie<\/div><h3 class=\"property__title\"><a href=\"https:\/\/albaniahome.cz\/cs\/property\/luxusni-apartman-palase-green-coast-80m2\/\">Luxusn\u00ed apartm\u00e1n na prodej \u2013 2 lo\u017enice, Green Coast Resort, Palas\u00eb<\/a><\/h3><div class=\"property__excerpt\">\nVdechujte mo\u0159sk\u00fd v\u00e1nek z prostorn\u00e9 terasy tohoto v\u00fdjime\u010dn\u00e9ho apartm\u00e1nu 3+kk v presti\u017en\u00edm Green Coast 1. Dokonal\u00e1 harmonie modern\u00ed architektury, velkorys\u00e9ho prostoru a exkluzivn\u00ed lokality u alb\u00e1nsk\u00e9ho pob\u0159e\u017e\u00ed.<\/div><div class=\"property__meta-wrapper\"><div class=\"property__meta\"><div class=\"property__meta-area\"><span class=\"property__meta-text\">80 m2<\/span><\/div><div class=\"property__meta-bedrooms\"><span class=\"property__meta-text\">2<\/span><\/div><div class=\"property__meta-baths\"><span class=\"property__meta-text\">1<\/span><\/div><\/div><div class=\"property__price\">\u20ac800000<\/div><\/div><\/div><\/div><\/article><article class=\"property__item\"><div class=\"property__wrapper\"><div class=\"property__media-wrap\"><div class=\"wgl-carousel_wrapper\"><div class=\"property__media-slider slider-wrapper wgl-carousel wgl-carousel_swiper swiper-container\" data-item-carousel=\"wgl_carousel_6a9bde10515ab\"><div class=\"swiper-wrapper\"><div class=\"item__swiper swiper-slide\"><span><img decoding=\"async\" src=\"https:\/\/albaniahome.cz\/wp-content\/uploads\/2026\/07\/10-740x560.png\" alt=\"Albania Home\"><\/span><\/div><div class=\"item__swiper swiper-slide\"><span><img decoding=\"async\" src=\"https:\/\/albaniahome.cz\/wp-content\/uploads\/2026\/07\/8-740x560.png\" alt=\"Albania Home\" loading=\"lazy\"><\/span><\/div><div class=\"item__swiper swiper-slide\"><span><img decoding=\"async\" src=\"https:\/\/albaniahome.cz\/wp-content\/uploads\/2026\/07\/3-1-740x560.png\" alt=\"Albania Home\" loading=\"lazy\"><\/span><\/div><div class=\"item__swiper swiper-slide\"><span><img decoding=\"async\" src=\"https:\/\/albaniahome.cz\/wp-content\/uploads\/2026\/07\/12-740x560.png\" alt=\"Albania Home\" loading=\"lazy\"><\/span><\/div><div class=\"item__swiper swiper-slide\"><span><img decoding=\"async\" src=\"https:\/\/albaniahome.cz\/wp-content\/uploads\/2026\/07\/1-740x560.png\" alt=\"Albania Home\" loading=\"lazy\"><\/span><\/div><div class=\"item__swiper swiper-slide\"><span><img decoding=\"async\" src=\"https:\/\/albaniahome.cz\/wp-content\/uploads\/2026\/07\/2-740x560.png\" alt=\"Albania Home\" loading=\"lazy\"><\/span><\/div><div class=\"item__swiper swiper-slide\"><span><img decoding=\"async\" src=\"https:\/\/albaniahome.cz\/wp-content\/uploads\/2026\/07\/6-740x560.png\" alt=\"Albania Home\" loading=\"lazy\"><\/span><\/div><div class=\"item__swiper swiper-slide\"><span><img decoding=\"async\" src=\"https:\/\/albaniahome.cz\/wp-content\/uploads\/2026\/07\/749433006_1369656528679329_2898995938960783777_n-740x560.jpg\" alt=\"Albania Home\" loading=\"lazy\"><\/span><\/div><div class=\"item__swiper swiper-slide\"><span><img decoding=\"async\" src=\"https:\/\/albaniahome.cz\/wp-content\/uploads\/2026\/07\/749270149_1369656595345989_4057205763080699347_n-740x560.jpg\" alt=\"Albania Home\" loading=\"lazy\"><\/span><\/div><div class=\"item__swiper swiper-slide\"><span><img decoding=\"async\" src=\"https:\/\/albaniahome.cz\/wp-content\/uploads\/2026\/07\/9-740x560.png\" alt=\"Albania Home\" loading=\"lazy\"><\/span><\/div><\/div><div class=\"wgl-navigation_wrapper\"><button class=\"elementor-swiper-button elementor-swiper-button-prev\" data-carousel=\"wgl_carousel_6a9bde10515ab\"><i class=\"flaticon flaticon-right-arrow-1\"><\/i><\/button><button class=\"elementor-swiper-button elementor-swiper-button-next\" data-carousel=\"wgl_carousel_6a9bde10515ab\"><i class=\"flaticon flaticon-right-arrow-1\"><\/i><\/button><\/div><\/div><\/div><span class=\"property__statuses\"><span><a href=\"https:\/\/albaniahome.cz\/cs\/property-status\/for-sale\/\" class=\"property-status\">Na prodej<\/a><\/span><\/span><\/div><div class=\"property__info\"><div class=\"property__location\">Dra\u010d \u2013 Mali i Robit<\/div><h3 class=\"property__title\"><a href=\"https:\/\/albaniahome.cz\/cs\/property\/prodej-apartman-2kk-mali-i-robit-55m2\/\">Modern\u00ed apartm\u00e1n na prodej \u2013 2+kk, Mali i Robit, \nDurr\u00ebs<\/a><\/h3><div class=\"property__excerpt\">\nHled\u00e1te ide\u00e1ln\u00ed nemovitost u mo\u0159e v Alb\u00e1nii, kter\u00e1 nab\u00edz\u00ed skv\u011bl\u00fd pom\u011br ceny a kvality?<\/div><div class=\"property__meta-wrapper\"><div class=\"property__meta\"><div class=\"property__meta-area\"><span class=\"property__meta-text\">46 m\u00b2<\/span><\/div><div class=\"property__meta-bedrooms\"><span class=\"property__meta-text\">1<\/span><\/div><div class=\"property__meta-baths\"><span class=\"property__meta-text\">1<\/span><\/div><\/div><div class=\"property__price\">\u20ac80000<\/div><\/div><\/div><\/div><\/article><article class=\"property__item\"><div class=\"property__wrapper\"><div class=\"property__media-wrap\"><div class=\"wgl-carousel_wrapper\"><div class=\"property__media-slider slider-wrapper wgl-carousel wgl-carousel_swiper swiper-container\" data-item-carousel=\"wgl_carousel_6a9bde105294a\"><div class=\"swiper-wrapper\"><div class=\"item__swiper swiper-slide\"><span><img decoding=\"async\" src=\"https:\/\/albaniahome.cz\/wp-content\/uploads\/2026\/07\/pozemek-2-740x560.jpeg\" alt=\"Unik\u00e1tn\u00ed stavebn\u00ed pozemek 10,1 ha p\u0159\u00edmo na pl\u00e1\u017ei Akuariumit | Albania Home\"><\/span><\/div><div class=\"item__swiper swiper-slide\"><span><img decoding=\"async\" src=\"https:\/\/albaniahome.cz\/wp-content\/uploads\/2026\/07\/5-740x560.png\" alt=\"Unik\u00e1tn\u00ed stavebn\u00ed pozemek 10,1 ha p\u0159\u00edmo na pl\u00e1\u017ei Akuariumit | Albania Home\" loading=\"lazy\"><\/span><\/div><\/div><div class=\"wgl-navigation_wrapper\"><button class=\"elementor-swiper-button elementor-swiper-button-prev\" data-carousel=\"wgl_carousel_6a9bde105294a\"><i class=\"flaticon flaticon-right-arrow-1\"><\/i><\/button><button class=\"elementor-swiper-button elementor-swiper-button-next\" data-carousel=\"wgl_carousel_6a9bde105294a\"><i class=\"flaticon flaticon-right-arrow-1\"><\/i><\/button><\/div><\/div><\/div><span class=\"property__statuses\"><span><a href=\"https:\/\/albaniahome.cz\/cs\/property-status\/for-sale\/\" class=\"property-status\">Na prodej<\/a><\/span><\/span><\/div><div class=\"property__info\"><div class=\"property__location\">Pl\u00e1\u017e Aquarium<\/div><h3 class=\"property__title\"><a href=\"https:\/\/albaniahome.cz\/cs\/property\/prodej-pozemek-plaz-akuariumit\/\">Exkluzivn\u00ed pr\u00e9miov\u00fd pozemek u pob\u0159e\u017e\u00ed (10,12 ha) p\u0159\u00edmo u pl\u00e1\u017ee Aquarium (Plazhi i Akuariumit)<\/a><\/h3><div class=\"property__excerpt\">\nHled\u00e1te jedine\u010dn\u00fd developersk\u00fd pozemek nebo presti\u017en\u00ed investi\u010dn\u00ed aktivum na nedot\u010den\u00e9<\/div><div class=\"property__meta-wrapper\"><div class=\"property__meta\"><div class=\"property__meta-area\"><span class=\"property__meta-text\">101 200 m\u00b2<\/span><\/div><div class=\"property__meta-bedrooms\"><span class=\"property__meta-text\">1<\/span><\/div><div class=\"property__meta-baths\"><span class=\"property__meta-text\">1<\/span><\/div><\/div><div class=\"property__price\">\u20ac22770000<\/div><\/div><\/div><\/div><\/article><article class=\"property__item\"><div class=\"property__wrapper\"><div class=\"property__media-wrap\"><div class=\"wgl-carousel_wrapper\"><div class=\"property__media-slider slider-wrapper wgl-carousel wgl-carousel_swiper swiper-container\" data-item-carousel=\"wgl_carousel_6a9bde1053615\"><div class=\"swiper-wrapper\"><div class=\"item__swiper swiper-slide\"><span><img decoding=\"async\" src=\"https:\/\/albaniahome.cz\/wp-content\/uploads\/2026\/07\/3-740x560.png\" alt=\"stavebn\u00ed pozemek 1,2 ha s v\u00fdhledem na mo\u0159e u Himar\u00eb | Albania Home\"><\/span><\/div><div class=\"item__swiper swiper-slide\"><span><img decoding=\"async\" src=\"https:\/\/albaniahome.cz\/wp-content\/uploads\/2026\/07\/Himare-1219-ha-740x560.png\" alt=\"stavebn\u00ed pozemek 1,2 ha s v\u00fdhledem na mo\u0159e u Himar\u00eb | Albania Home\" loading=\"lazy\"><\/span><\/div><\/div><div class=\"wgl-navigation_wrapper\"><button class=\"elementor-swiper-button elementor-swiper-button-prev\" data-carousel=\"wgl_carousel_6a9bde1053615\"><i class=\"flaticon flaticon-right-arrow-1\"><\/i><\/button><button class=\"elementor-swiper-button elementor-swiper-button-next\" data-carousel=\"wgl_carousel_6a9bde1053615\"><i class=\"flaticon flaticon-right-arrow-1\"><\/i><\/button><\/div><\/div><\/div><span class=\"property__statuses\"><span><a href=\"https:\/\/albaniahome.cz\/cs\/property-status\/for-sale\/\" class=\"property-status\">Na prodej<\/a><\/span><\/span><\/div><div class=\"property__info\"><div class=\"property__location\">Himar\u00eb<\/div><h3 class=\"property__title\"><a href=\"https:\/\/albaniahome.cz\/cs\/property\/prodej-stavebni-pozemek-llamani-himare\/\">Pr\u00e9miov\u00fd pob\u0159e\u017en\u00ed stavebn\u00ed pozemek (1,219 ha) s v\u00fdhledem na mo\u0159e v bl\u00edzkosti pl\u00e1\u017ee Llamani<\/a><\/h3><div class=\"property__excerpt\">\nHled\u00e1te v\u00fdjime\u010dnou p\u0159\u00edle\u017eitost k z\u00edsk\u00e1n\u00ed pozemku na rychle se rozv\u00edjej\u00edc\u00ed Alb\u00e1nsk\u00e9 rivi\u00e9\u0159e?<\/div><div class=\"property__meta-wrapper\"><div class=\"property__price\">\u20ac225<\/div><\/div><\/div><\/div><\/article><article class=\"property__item\"><div class=\"property__wrapper\"><div class=\"property__media-wrap\"><div class=\"wgl-carousel_wrapper\"><div class=\"property__media-slider slider-wrapper wgl-carousel wgl-carousel_swiper swiper-container\" data-item-carousel=\"wgl_carousel_6a9bde1054dcc\"><div class=\"swiper-wrapper\"><div class=\"item__swiper swiper-slide\"><span><img decoding=\"async\" src=\"https:\/\/albaniahome.cz\/wp-content\/uploads\/2026\/06\/mali-robit-luxus-740x560.jpeg\" alt=\"apartm\u00e1n na prodej Mali i Robit Golem Alb\u00e1nie s v\u00fdhledem na mo\u0159e a modern\u00edm interi\u00e9rem\"><\/span><\/div><div class=\"item__swiper swiper-slide\"><span><img decoding=\"async\" src=\"https:\/\/albaniahome.cz\/wp-content\/uploads\/2026\/06\/9-3-1170x725-1-740x560.png\" alt=\"Albania Home\" loading=\"lazy\"><\/span><\/div><div class=\"item__swiper swiper-slide\"><span><img decoding=\"async\" src=\"https:\/\/albaniahome.cz\/wp-content\/uploads\/2026\/06\/4-7-1170x725-1-740x560.png\" alt=\"Albania Home\" loading=\"lazy\"><\/span><\/div><div class=\"item__swiper swiper-slide\"><span><img decoding=\"async\" src=\"https:\/\/albaniahome.cz\/wp-content\/uploads\/2026\/06\/3-8-1170x725-1-740x560.png\" alt=\"Albania Home\" loading=\"lazy\"><\/span><\/div><div class=\"item__swiper swiper-slide\"><span><img decoding=\"async\" src=\"https:\/\/albaniahome.cz\/wp-content\/uploads\/2026\/06\/WhatsApp-Image-2026-06-27-at-11.23.25-AM-740x560.jpeg\" alt=\"Albania Home\" loading=\"lazy\"><\/span><\/div><div class=\"item__swiper swiper-slide\"><span><img decoding=\"async\" src=\"https:\/\/albaniahome.cz\/wp-content\/uploads\/2026\/06\/WhatsApp-Image-2026-06-27-at-11.23.25-AM-2-740x560.jpeg\" alt=\"Albania Home\" loading=\"lazy\"><\/span><\/div><div class=\"item__swiper swiper-slide\"><span><img decoding=\"async\" src=\"https:\/\/albaniahome.cz\/wp-content\/uploads\/2026\/03\/10-1-740x560.png\" alt=\"Apartm\u00e1n na prodej v Mali i Robit, Golem, Alb\u00e1nie, s v\u00fdhledem na mo\u0159e a modern\u00edm interi\u00e9rem\" loading=\"lazy\"><\/span><\/div><\/div><div class=\"wgl-navigation_wrapper\"><button class=\"elementor-swiper-button elementor-swiper-button-prev\" data-carousel=\"wgl_carousel_6a9bde1054dcc\"><i class=\"flaticon flaticon-right-arrow-1\"><\/i><\/button><button class=\"elementor-swiper-button elementor-swiper-button-next\" data-carousel=\"wgl_carousel_6a9bde1054dcc\"><i class=\"flaticon flaticon-right-arrow-1\"><\/i><\/button><\/div><\/div><\/div><span class=\"property__statuses\"><span><a href=\"https:\/\/albaniahome.cz\/cs\/property-status\/for-sale\/\" class=\"property-status\">Na prodej<\/a><\/span><\/span><\/div><div class=\"property__info\"><h3 class=\"property__title\"><a href=\"https:\/\/albaniahome.cz\/cs\/property\/pine-breeze-premium-apartment-durres-mali-i-robit\/\">Pr\u00e9miov\u00fd apartm\u00e1n Pine Breeze \u2013 Durres, Mali i Robit<\/a><\/h3><div class=\"property__excerpt\">Pine Breeze Premium Apartment \u2013 Luxusn\u00ed apartm\u00e1n p\u0159\u00edmo u pl\u00e1\u017ee v prvn\u00ed linii v Mali i Robit, Durr\u00ebs\n\nZa\u017eijte<\/div><div class=\"property__meta-wrapper\"><div class=\"property__meta\"><div class=\"property__meta-area\"><span class=\"property__meta-text\">100 m\u00b2<\/span><\/div><div class=\"property__meta-bedrooms\"><span class=\"property__meta-text\">2<\/span><\/div><div class=\"property__meta-baths\"><span class=\"property__meta-text\">2<\/span><\/div><\/div><div class=\"property__price\">\u20ac200000<\/div><\/div><\/div><\/div><\/article><article class=\"property__item\"><div class=\"property__wrapper\"><div class=\"property__media-wrap\"><div class=\"wgl-carousel_wrapper\"><div class=\"property__media-slider slider-wrapper wgl-carousel wgl-carousel_swiper swiper-container\" data-item-carousel=\"wgl_carousel_6a9bde10573bc\"><div class=\"swiper-wrapper\"><div class=\"item__swiper swiper-slide\"><span><img decoding=\"async\" src=\"https:\/\/albaniahome.cz\/wp-content\/uploads\/2026\/06\/2-6-740x560.png\" alt=\"Sv\u011btl\u00fd modern\u00ed interi\u00e9r lo\u017enice a ob\u00fdvac\u00edho pokoje pr\u00e1zdninov\u00e9ho apartm\u00e1nu k pron\u00e1jmu v Durres Plazh Alb\u00e1nie bl\u00edzko mo\u0159e\"><\/span><\/div><div class=\"item__swiper swiper-slide\"><span><img decoding=\"async\" src=\"https:\/\/albaniahome.cz\/wp-content\/uploads\/2026\/06\/1-6-740x560.png\" alt=\"Sv\u011btl\u00fd modern\u00ed interi\u00e9r lo\u017enice a ob\u00fdvac\u00edho pokoje pr\u00e1zdninov\u00e9ho apartm\u00e1nu k pron\u00e1jmu v Durres Plazh Alb\u00e1nie bl\u00edzko mo\u0159e\" loading=\"lazy\"><\/span><\/div><div class=\"item__swiper swiper-slide\"><span><img decoding=\"async\" src=\"https:\/\/albaniahome.cz\/wp-content\/uploads\/2026\/06\/3-6-740x560.png\" alt=\"Sv\u011btl\u00fd modern\u00ed interi\u00e9r lo\u017enice a ob\u00fdvac\u00edho pokoje pr\u00e1zdninov\u00e9ho apartm\u00e1nu k pron\u00e1jmu v Durres Plazh Alb\u00e1nie bl\u00edzko mo\u0159e\" loading=\"lazy\"><\/span><\/div><div class=\"item__swiper swiper-slide\"><span><img decoding=\"async\" src=\"https:\/\/albaniahome.cz\/wp-content\/uploads\/2026\/06\/4-6-740x560.png\" alt=\"Sv\u011btl\u00fd modern\u00ed interi\u00e9r lo\u017enice a ob\u00fdvac\u00edho pokoje pr\u00e1zdninov\u00e9ho apartm\u00e1nu k pron\u00e1jmu v Durres Plazh Alb\u00e1nie bl\u00edzko mo\u0159e\" loading=\"lazy\"><\/span><\/div><div class=\"item__swiper swiper-slide\"><span><img decoding=\"async\" src=\"https:\/\/albaniahome.cz\/wp-content\/uploads\/2026\/06\/8-5-740x560.png\" alt=\"Sv\u011btl\u00fd modern\u00ed interi\u00e9r lo\u017enice a ob\u00fdvac\u00edho pokoje pr\u00e1zdninov\u00e9ho apartm\u00e1nu k pron\u00e1jmu v Durres Plazh Alb\u00e1nie bl\u00edzko mo\u0159e\" loading=\"lazy\"><\/span><\/div><div class=\"item__swiper swiper-slide\"><span><img decoding=\"async\" src=\"https:\/\/albaniahome.cz\/wp-content\/uploads\/2026\/06\/9-4-740x560.png\" alt=\"Sv\u011btl\u00fd modern\u00ed interi\u00e9r lo\u017enice a ob\u00fdvac\u00edho pokoje pr\u00e1zdninov\u00e9ho apartm\u00e1nu k pron\u00e1jmu v Durres Plazh Alb\u00e1nie bl\u00edzko mo\u0159e\" loading=\"lazy\"><\/span><\/div><div class=\"item__swiper swiper-slide\"><span><img decoding=\"async\" src=\"https:\/\/albaniahome.cz\/wp-content\/uploads\/2026\/06\/7-6-740x560.png\" alt=\"Sv\u011btl\u00fd modern\u00ed interi\u00e9r lo\u017enice a ob\u00fdvac\u00edho pokoje pr\u00e1zdninov\u00e9ho apartm\u00e1nu k pron\u00e1jmu v Durres Plazh Alb\u00e1nie bl\u00edzko mo\u0159e\" loading=\"lazy\"><\/span><\/div><div class=\"item__swiper swiper-slide\"><span><img decoding=\"async\" src=\"https:\/\/albaniahome.cz\/wp-content\/uploads\/2026\/06\/5-6-740x560.png\" alt=\"Sv\u011btl\u00fd modern\u00ed interi\u00e9r lo\u017enice a ob\u00fdvac\u00edho pokoje pr\u00e1zdninov\u00e9ho apartm\u00e1nu k pron\u00e1jmu v Durres Plazh Alb\u00e1nie bl\u00edzko mo\u0159e\" loading=\"lazy\"><\/span><\/div><div class=\"item__swiper swiper-slide\"><span><img decoding=\"async\" src=\"https:\/\/albaniahome.cz\/wp-content\/uploads\/2026\/06\/6-6-740x560.png\" alt=\"Sv\u011btl\u00fd modern\u00ed interi\u00e9r lo\u017enice a ob\u00fdvac\u00edho pokoje pr\u00e1zdninov\u00e9ho apartm\u00e1nu k pron\u00e1jmu v Durres Plazh Alb\u00e1nie bl\u00edzko mo\u0159e\" loading=\"lazy\"><\/span><\/div><div class=\"item__swiper swiper-slide\"><span><img decoding=\"async\" src=\"https:\/\/albaniahome.cz\/wp-content\/uploads\/2026\/06\/10-3-740x560.png\" alt=\"Sv\u011btl\u00fd modern\u00ed interi\u00e9r lo\u017enice a ob\u00fdvac\u00edho pokoje pr\u00e1zdninov\u00e9ho apartm\u00e1nu k pron\u00e1jmu v Durres Plazh Alb\u00e1nie bl\u00edzko mo\u0159e\" loading=\"lazy\"><\/span><\/div><div class=\"item__swiper swiper-slide\"><span><img decoding=\"async\" src=\"https:\/\/albaniahome.cz\/wp-content\/uploads\/2026\/06\/11-3-740x560.png\" alt=\"Sv\u011btl\u00fd modern\u00ed interi\u00e9r lo\u017enice a ob\u00fdvac\u00edho pokoje pr\u00e1zdninov\u00e9ho apartm\u00e1nu k pron\u00e1jmu v Durres Plazh Alb\u00e1nie bl\u00edzko mo\u0159e\" loading=\"lazy\"><\/span><\/div><\/div><div class=\"wgl-navigation_wrapper\"><button class=\"elementor-swiper-button elementor-swiper-button-prev\" data-carousel=\"wgl_carousel_6a9bde10573bc\"><i class=\"flaticon flaticon-right-arrow-1\"><\/i><\/button><button class=\"elementor-swiper-button elementor-swiper-button-next\" data-carousel=\"wgl_carousel_6a9bde10573bc\"><i class=\"flaticon flaticon-right-arrow-1\"><\/i><\/button><\/div><\/div><\/div><span class=\"property__statuses\"><span><a href=\"https:\/\/albaniahome.cz\/cs\/property-status\/for-rent\/\" class=\"property-status\">K pron\u00e1jmu<\/a><\/span><\/span><\/div><div class=\"property__info\"><div class=\"property__location\">Dra\u010d, Pl\u00e1\u017e<\/div><h3 class=\"property__title\"><a href=\"https:\/\/albaniahome.cz\/cs\/property\/pronajem-apartman-u-more-durres-plazh\/\">Nov\u00e1 nab\u00eddka nemovitosti: Kr\u00e1sn\u00fd apartm\u00e1n k pron\u00e1jmu u pob\u0159e\u017e\u00ed \u2013 Durr\u00ebs Plazh<\/a><\/h3><div class=\"property__excerpt\">\nPl\u00e1nujete nezapomenutelnou letn\u00ed dovolenou nebo odpo\u010dinkov\u00fd pobyt u pl\u00e1\u017ee? Nab\u00edz\u00edme<\/div><div class=\"property__meta-wrapper\"><div class=\"property__meta\"><div class=\"property__meta-bedrooms\"><span class=\"property__meta-text\">1<\/span><\/div><div class=\"property__meta-baths\"><span class=\"property__meta-text\">1<\/span><\/div><\/div><div class=\"property__price\">\u20ac50<\/div><\/div><\/div><\/div><\/article><article class=\"property__item\"><div class=\"property__wrapper\"><div class=\"property__media-wrap\"><div class=\"wgl-carousel_wrapper\"><div class=\"property__media-slider slider-wrapper wgl-carousel wgl-carousel_swiper swiper-container\" data-item-carousel=\"wgl_carousel_6a9bde1059f53\"><div class=\"swiper-wrapper\"><div class=\"item__swiper swiper-slide\"><span><img decoding=\"async\" src=\"https:\/\/albaniahome.cz\/wp-content\/uploads\/2026\/06\/12-2-740x560.png\" alt=\"Detailn\u00ed architektonick\u00fd pl\u00e1n a metr\u00e1\u017e modern\u00edho pr\u00e1zdninov\u00e9ho bytu v Rezidenci Bonita Viena\"><\/span><\/div><div class=\"item__swiper swiper-slide\"><span><img decoding=\"async\" src=\"https:\/\/albaniahome.cz\/wp-content\/uploads\/2026\/06\/1-5-740x560.png\" alt=\"Detailn\u00ed architektonick\u00fd pl\u00e1n a metr\u00e1\u017e modern\u00edho pr\u00e1zdninov\u00e9ho bytu v Rezidenci Bonita Viena\" loading=\"lazy\"><\/span><\/div><div class=\"item__swiper swiper-slide\"><span><img decoding=\"async\" src=\"https:\/\/albaniahome.cz\/wp-content\/uploads\/2026\/06\/2-5-740x560.png\" alt=\"Detailn\u00ed architektonick\u00fd pl\u00e1n a metr\u00e1\u017e modern\u00edho pr\u00e1zdninov\u00e9ho bytu v Rezidenci Bonita Viena\" loading=\"lazy\"><\/span><\/div><div class=\"item__swiper swiper-slide\"><span><img decoding=\"async\" src=\"https:\/\/albaniahome.cz\/wp-content\/uploads\/2026\/06\/3-5-740x560.png\" alt=\"Detailn\u00ed architektonick\u00fd pl\u00e1n a metr\u00e1\u017e modern\u00edho pr\u00e1zdninov\u00e9ho bytu v Rezidenci Bonita Viena\" loading=\"lazy\"><\/span><\/div><div class=\"item__swiper swiper-slide\"><span><img decoding=\"async\" src=\"https:\/\/albaniahome.cz\/wp-content\/uploads\/2026\/06\/4-5-740x560.png\" alt=\"Detailn\u00ed architektonick\u00fd pl\u00e1n a metr\u00e1\u017e modern\u00edho pr\u00e1zdninov\u00e9ho bytu v Rezidenci Bonita Viena\" loading=\"lazy\"><\/span><\/div><div class=\"item__swiper swiper-slide\"><span><img decoding=\"async\" src=\"https:\/\/albaniahome.cz\/wp-content\/uploads\/2026\/06\/5-5-740x560.png\" alt=\"Detailn\u00ed architektonick\u00fd pl\u00e1n a metr\u00e1\u017e modern\u00edho pr\u00e1zdninov\u00e9ho bytu v Rezidenci Bonita Viena\" loading=\"lazy\"><\/span><\/div><div class=\"item__swiper swiper-slide\"><span><img decoding=\"async\" src=\"https:\/\/albaniahome.cz\/wp-content\/uploads\/2026\/06\/6-5-740x560.png\" alt=\"Detailn\u00ed architektonick\u00fd pl\u00e1n a metr\u00e1\u017e modern\u00edho pr\u00e1zdninov\u00e9ho bytu v Rezidenci Bonita Viena\" loading=\"lazy\"><\/span><\/div><div class=\"item__swiper swiper-slide\"><span><img decoding=\"async\" src=\"https:\/\/albaniahome.cz\/wp-content\/uploads\/2026\/06\/7-5-740x560.png\" alt=\"Detailn\u00ed architektonick\u00fd pl\u00e1n a metr\u00e1\u017e modern\u00edho pr\u00e1zdninov\u00e9ho bytu v Rezidenci Bonita Viena\" loading=\"lazy\"><\/span><\/div><div class=\"item__swiper swiper-slide\"><span><img decoding=\"async\" src=\"https:\/\/albaniahome.cz\/wp-content\/uploads\/2026\/06\/8-4-740x560.png\" alt=\"Detailn\u00ed architektonick\u00fd pl\u00e1n a metr\u00e1\u017e modern\u00edho pr\u00e1zdninov\u00e9ho bytu v Rezidenci Bonita Viena\" loading=\"lazy\"><\/span><\/div><div class=\"item__swiper swiper-slide\"><span><img decoding=\"async\" src=\"https:\/\/albaniahome.cz\/wp-content\/uploads\/2026\/06\/9-3-740x560.png\" alt=\"Detailn\u00ed architektonick\u00fd pl\u00e1n a metr\u00e1\u017e modern\u00edho pr\u00e1zdninov\u00e9ho bytu v Rezidenci Bonita Viena\" loading=\"lazy\"><\/span><\/div><div class=\"item__swiper swiper-slide\"><span><img decoding=\"async\" src=\"https:\/\/albaniahome.cz\/wp-content\/uploads\/2026\/06\/10-2-740x560.png\" alt=\"Detailn\u00ed architektonick\u00fd pl\u00e1n a metr\u00e1\u017e modern\u00edho pr\u00e1zdninov\u00e9ho bytu v Rezidenci Bonita Viena\" loading=\"lazy\"><\/span><\/div><div class=\"item__swiper swiper-slide\"><span><img decoding=\"async\" src=\"https:\/\/albaniahome.cz\/wp-content\/uploads\/2026\/06\/11-2-740x560.png\" alt=\"Detailn\u00ed architektonick\u00fd pl\u00e1n a metr\u00e1\u017e modern\u00edho pr\u00e1zdninov\u00e9ho bytu v Rezidenci Bonita Viena\" loading=\"lazy\"><\/span><\/div><\/div><div class=\"wgl-navigation_wrapper\"><button class=\"elementor-swiper-button elementor-swiper-button-prev\" data-carousel=\"wgl_carousel_6a9bde1059f53\"><i class=\"flaticon flaticon-right-arrow-1\"><\/i><\/button><button class=\"elementor-swiper-button elementor-swiper-button-next\" data-carousel=\"wgl_carousel_6a9bde1059f53\"><i class=\"flaticon flaticon-right-arrow-1\"><\/i><\/button><\/div><\/div><\/div><span class=\"property__statuses\"><span><a href=\"https:\/\/albaniahome.cz\/cs\/property-status\/for-sale\/\" class=\"property-status\">Na prodej<\/a><\/span><\/span><\/div><div class=\"property__info\"><div class=\"property__location\">Dra\u010d, Golem<\/div><h3 class=\"property__title\"><a href=\"https:\/\/albaniahome.cz\/cs\/property\/rezidence-bonita-viena-apartmany-prodej\/\">Rezidence Bonita Viena \u2013 exkluzivn\u00ed pob\u0159e\u017en\u00ed apartm\u00e1ny<\/a><\/h3><div class=\"property__excerpt\">\nHled\u00e1te v\u00fdjime\u010dnou investici do nemovitosti nebo kr\u00e1sn\u00fd soukrom\u00fd pr\u00e1zdninov\u00fd d\u016fm na<\/div><div class=\"property__meta-wrapper\"><div class=\"property__meta\"><div class=\"property__meta-bedrooms\"><span class=\"property__meta-text\">1<\/span><\/div><div class=\"property__meta-baths\"><span class=\"property__meta-text\">1<\/span><\/div><\/div><div class=\"property__price\">\u20ac1200<\/div><\/div><\/div><\/div><\/article><article class=\"property__item\"><div class=\"property__wrapper\"><div class=\"property__media-wrap\"><div class=\"wgl-carousel_wrapper\"><div class=\"property__media-slider slider-wrapper wgl-carousel wgl-carousel_swiper swiper-container\" data-item-carousel=\"wgl_carousel_6a9bde105c4d5\"><div class=\"swiper-wrapper\"><div class=\"item__swiper swiper-slide\"><span><img decoding=\"async\" src=\"https:\/\/albaniahome.cz\/wp-content\/uploads\/2026\/06\/7-4-740x560.png\" alt=\"Na prodej apartm\u00e1n 2+kk s v\u00fdtahem, Alb\u00e1nie | Albania Home\"><\/span><\/div><div class=\"item__swiper swiper-slide\"><span><img decoding=\"async\" src=\"https:\/\/albaniahome.cz\/wp-content\/uploads\/2026\/06\/3-4-740x560.png\" alt=\"Na prodej apartm\u00e1n 2+kk s v\u00fdtahem, Alb\u00e1nie | Albania Home\" loading=\"lazy\"><\/span><\/div><div class=\"item__swiper swiper-slide\"><span><img decoding=\"async\" src=\"https:\/\/albaniahome.cz\/wp-content\/uploads\/2026\/06\/6-4-740x560.png\" alt=\"Na prodej apartm\u00e1n 2+kk s v\u00fdtahem, Alb\u00e1nie | Albania Home\" loading=\"lazy\"><\/span><\/div><div class=\"item__swiper swiper-slide\"><span><img decoding=\"async\" src=\"https:\/\/albaniahome.cz\/wp-content\/uploads\/2026\/06\/1-4-740x560.png\" alt=\"Na prodej apartm\u00e1n 2+kk s v\u00fdtahem, Alb\u00e1nie | Albania Home\" loading=\"lazy\"><\/span><\/div><div class=\"item__swiper swiper-slide\"><span><img decoding=\"async\" src=\"https:\/\/albaniahome.cz\/wp-content\/uploads\/2026\/06\/2-4-740x560.png\" alt=\"Na prodej apartm\u00e1n 2+kk s v\u00fdtahem, Alb\u00e1nie | Albania Home\" loading=\"lazy\"><\/span><\/div><div class=\"item__swiper swiper-slide\"><span><img decoding=\"async\" src=\"https:\/\/albaniahome.cz\/wp-content\/uploads\/2026\/06\/9-2-740x560.png\" alt=\"Na prodej apartm\u00e1n 2+kk s v\u00fdtahem, Alb\u00e1nie | Albania Home\" loading=\"lazy\"><\/span><\/div><div class=\"item__swiper swiper-slide\"><span><img decoding=\"async\" src=\"https:\/\/albaniahome.cz\/wp-content\/uploads\/2026\/06\/5-4-740x560.png\" alt=\"Na prodej apartm\u00e1n 2+kk s v\u00fdtahem, Alb\u00e1nie | Albania Home\" loading=\"lazy\"><\/span><\/div><div class=\"item__swiper swiper-slide\"><span><img decoding=\"async\" src=\"https:\/\/albaniahome.cz\/wp-content\/uploads\/2026\/06\/8-3-740x560.png\" alt=\"Na prodej apartm\u00e1n 2+kk s v\u00fdtahem, Alb\u00e1nie | Albania Home\" loading=\"lazy\"><\/span><\/div><div class=\"item__swiper swiper-slide\"><span><img decoding=\"async\" src=\"https:\/\/albaniahome.cz\/wp-content\/uploads\/2026\/06\/4-4-740x560.png\" alt=\"Na prodej apartm\u00e1n 2+kk s v\u00fdtahem, Alb\u00e1nie | Albania Home\" loading=\"lazy\"><\/span><\/div><\/div><div class=\"wgl-navigation_wrapper\"><button class=\"elementor-swiper-button elementor-swiper-button-prev\" data-carousel=\"wgl_carousel_6a9bde105c4d5\"><i class=\"flaticon flaticon-right-arrow-1\"><\/i><\/button><button class=\"elementor-swiper-button elementor-swiper-button-next\" data-carousel=\"wgl_carousel_6a9bde105c4d5\"><i class=\"flaticon flaticon-right-arrow-1\"><\/i><\/button><\/div><\/div><\/div><span class=\"property__statuses\"><span><a href=\"https:\/\/albaniahome.cz\/cs\/property-status\/for-sale\/\" class=\"property-status\">Na prodej<\/a><\/span><\/span><\/div><div class=\"property__info\"><div class=\"property__location\">Dra\u010d, Pl\u00e1\u017e<\/div><h3 class=\"property__title\"><a href=\"https:\/\/albaniahome.cz\/cs\/property\/albaniahome-cz-nemovitosti-apartman-2kk\/\">Pr\u00e9miov\u00fd pob\u0159e\u017en\u00ed apartm\u00e1n na prodej<\/a><\/h3><div class=\"property__excerpt\">\nHled\u00e1te v\u00fdjime\u010dnou, pr\u00e9miovou investici do nemovitosti nebo prostorn\u00e9 a luxusn\u00ed\u2026<\/div><div class=\"property__meta-wrapper\"><div class=\"property__meta\"><div class=\"property__meta-bedrooms\"><span class=\"property__meta-text\">1<\/span><\/div><div class=\"property__meta-baths\"><span class=\"property__meta-text\">1<\/span><\/div><\/div><div class=\"property__price\">\u20ac135000<\/div><\/div><\/div><\/div><\/article><article class=\"property__item\"><div class=\"property__wrapper\"><div class=\"property__media-wrap\"><div class=\"wgl-carousel_wrapper\"><div class=\"property__media-slider slider-wrapper wgl-carousel wgl-carousel_swiper swiper-container\" data-item-carousel=\"wgl_carousel_6a9bde105f117\"><div class=\"swiper-wrapper\"><div class=\"item__swiper swiper-slide\"><span><img decoding=\"async\" src=\"https:\/\/albaniahome.cz\/wp-content\/uploads\/2026\/06\/1-3-740x560.png\" alt=\"Modern\u00ed apartm\u00e1nov\u00fd komplex VM Residence v Alb\u00e1nii u mo\u0159e s hotelov\u00fdm baz\u00e9nem a SPA\"><\/span><\/div><div class=\"item__swiper swiper-slide\"><span><img decoding=\"async\" src=\"https:\/\/albaniahome.cz\/wp-content\/uploads\/2026\/06\/3-3-740x560.png\" alt=\"Modern\u00ed apartm\u00e1nov\u00fd komplex VM Residence v Alb\u00e1nii u mo\u0159e s hotelov\u00fdm baz\u00e9nem a SPA\" loading=\"lazy\"><\/span><\/div><div class=\"item__swiper swiper-slide\"><span><img decoding=\"async\" src=\"https:\/\/albaniahome.cz\/wp-content\/uploads\/2026\/06\/7-3-740x560.png\" alt=\"Modern\u00ed apartm\u00e1nov\u00fd komplex VM Residence v Alb\u00e1nii u mo\u0159e s hotelov\u00fdm baz\u00e9nem a SPA\" loading=\"lazy\"><\/span><\/div><div class=\"item__swiper swiper-slide\"><span><img decoding=\"async\" src=\"https:\/\/albaniahome.cz\/wp-content\/uploads\/2026\/06\/4-3-740x560.png\" alt=\"Modern\u00ed apartm\u00e1nov\u00fd komplex VM Residence v Alb\u00e1nii u mo\u0159e s hotelov\u00fdm baz\u00e9nem a SPA\" loading=\"lazy\"><\/span><\/div><div class=\"item__swiper swiper-slide\"><span><img decoding=\"async\" src=\"https:\/\/albaniahome.cz\/wp-content\/uploads\/2026\/06\/2-3-740x560.png\" alt=\"Modern\u00ed apartm\u00e1nov\u00fd komplex VM Residence v Alb\u00e1nii u mo\u0159e s hotelov\u00fdm baz\u00e9nem a SPA\" loading=\"lazy\"><\/span><\/div><div class=\"item__swiper swiper-slide\"><span><img decoding=\"async\" src=\"https:\/\/albaniahome.cz\/wp-content\/uploads\/2026\/06\/5-3-740x560.png\" alt=\"Modern\u00ed apartm\u00e1nov\u00fd komplex VM Residence v Alb\u00e1nii u mo\u0159e s hotelov\u00fdm baz\u00e9nem a SPA\" loading=\"lazy\"><\/span><\/div><div class=\"item__swiper swiper-slide\"><span><img decoding=\"async\" src=\"https:\/\/albaniahome.cz\/wp-content\/uploads\/2026\/06\/6-3-740x560.png\" alt=\"Modern\u00ed apartm\u00e1nov\u00fd komplex VM Residence v Alb\u00e1nii u mo\u0159e s hotelov\u00fdm baz\u00e9nem a SPA\" loading=\"lazy\"><\/span><\/div><div class=\"item__swiper swiper-slide\"><span><img decoding=\"async\" src=\"https:\/\/albaniahome.cz\/wp-content\/uploads\/2026\/06\/8-2-740x560.png\" alt=\"Modern\u00ed apartm\u00e1nov\u00fd komplex VM Residence v Alb\u00e1nii u mo\u0159e s hotelov\u00fdm baz\u00e9nem a SPA\" loading=\"lazy\"><\/span><\/div><div class=\"item__swiper swiper-slide\"><span><img decoding=\"async\" src=\"https:\/\/albaniahome.cz\/wp-content\/uploads\/2026\/06\/9-1-740x560.png\" alt=\"Modern\u00ed apartm\u00e1nov\u00fd komplex VM Residence v Alb\u00e1nii u mo\u0159e s hotelov\u00fdm baz\u00e9nem a SPA\" loading=\"lazy\"><\/span><\/div><div class=\"item__swiper swiper-slide\"><span><img decoding=\"async\" src=\"https:\/\/albaniahome.cz\/wp-content\/uploads\/2026\/06\/10-1-740x560.png\" alt=\"Modern\u00ed apartm\u00e1nov\u00fd komplex VM Residence v Alb\u00e1nii u mo\u0159e s hotelov\u00fdm baz\u00e9nem a SPA\" loading=\"lazy\"><\/span><\/div><div class=\"item__swiper swiper-slide\"><span><img decoding=\"async\" src=\"https:\/\/albaniahome.cz\/wp-content\/uploads\/2026\/06\/11-1-740x560.png\" alt=\"Modern\u00ed apartm\u00e1nov\u00fd komplex VM Residence v Alb\u00e1nii u mo\u0159e s hotelov\u00fdm baz\u00e9nem a SPA\" loading=\"lazy\"><\/span><\/div><div class=\"item__swiper swiper-slide\"><span><img decoding=\"async\" src=\"https:\/\/albaniahome.cz\/wp-content\/uploads\/2026\/06\/12-1-740x560.png\" alt=\"Modern\u00ed apartm\u00e1nov\u00fd komplex VM Residence v Alb\u00e1nii u mo\u0159e s hotelov\u00fdm baz\u00e9nem a SPA\" loading=\"lazy\"><\/span><\/div><div class=\"item__swiper swiper-slide\"><span><img decoding=\"async\" src=\"https:\/\/albaniahome.cz\/wp-content\/uploads\/2026\/06\/13-1-740x560.png\" alt=\"Modern\u00ed apartm\u00e1nov\u00fd komplex VM Residence v Alb\u00e1nii u mo\u0159e s hotelov\u00fdm baz\u00e9nem a SPA\" loading=\"lazy\"><\/span><\/div><\/div><div class=\"wgl-navigation_wrapper\"><button class=\"elementor-swiper-button elementor-swiper-button-prev\" data-carousel=\"wgl_carousel_6a9bde105f117\"><i class=\"flaticon flaticon-right-arrow-1\"><\/i><\/button><button class=\"elementor-swiper-button elementor-swiper-button-next\" data-carousel=\"wgl_carousel_6a9bde105f117\"><i class=\"flaticon flaticon-right-arrow-1\"><\/i><\/button><\/div><\/div><\/div><span class=\"property__statuses\"><span><a href=\"https:\/\/albaniahome.cz\/cs\/property-status\/for-sale\/\" class=\"property-status\">Na prodej<\/a><\/span><\/span><\/div><div class=\"property__info\"><div class=\"property__location\">Durres \u2013 Golem<\/div><h3 class=\"property__title\"><a href=\"https:\/\/albaniahome.cz\/cs\/property\/nemovitosti-vm-residence-apartmany-prodej\/\">VM Residence \u2013 nov\u00e1 nab\u00eddka modern\u00edho bydlen\u00ed<\/a><\/h3><div class=\"property__excerpt\">\nHled\u00e1te pr\u00e9miovou investici nebo vysn\u011bn\u00fd rekrea\u010dn\u00ed domov na pob\u0159e\u017e\u00ed Jadersk\u00e9ho mo\u0159e?<\/div><div class=\"property__meta-wrapper\"><div class=\"property__meta\"><div class=\"property__meta-bedrooms\"><span class=\"property__meta-text\">1<\/span><\/div><div class=\"property__meta-baths\"><span class=\"property__meta-text\">1<\/span><\/div><\/div><div class=\"property__price\">\u20ac1500<\/div><\/div><\/div><\/div><\/article><article class=\"property__item\"><div class=\"property__wrapper\"><div class=\"property__media-wrap\"><div class=\"wgl-carousel_wrapper\"><div class=\"property__media-slider slider-wrapper wgl-carousel wgl-carousel_swiper swiper-container\" data-item-carousel=\"wgl_carousel_6a9bde10617dc\"><div class=\"swiper-wrapper\"><div class=\"item__swiper swiper-slide\"><span><img decoding=\"async\" src=\"https:\/\/albaniahome.cz\/wp-content\/uploads\/2026\/06\/2-2-740x560.png\" alt=\"Modern\u00ed dvoupokojov\u00fd apartm\u00e1n u mo\u0159\u00ed s v\u00fdhledem na mo\u0159e v Durr\u00ebs Plazh\"><\/span><\/div><div class=\"item__swiper swiper-slide\"><span><img decoding=\"async\" src=\"https:\/\/albaniahome.cz\/wp-content\/uploads\/2026\/06\/1-2-740x560.png\" alt=\"Modern\u00ed dvoupokojov\u00fd apartm\u00e1n u mo\u0159\u00ed s v\u00fdhledem na mo\u0159e v Durr\u00ebs Plazh\" loading=\"lazy\"><\/span><\/div><div class=\"item__swiper swiper-slide\"><span><img decoding=\"async\" src=\"https:\/\/albaniahome.cz\/wp-content\/uploads\/2026\/06\/3-2-740x560.png\" alt=\"Modern\u00ed dvoupokojov\u00fd apartm\u00e1n u mo\u0159\u00ed s v\u00fdhledem na mo\u0159e v Durr\u00ebs Plazh\" loading=\"lazy\"><\/span><\/div><div class=\"item__swiper swiper-slide\"><span><img decoding=\"async\" src=\"https:\/\/albaniahome.cz\/wp-content\/uploads\/2026\/06\/5-2-740x560.png\" alt=\"Modern\u00ed dvoupokojov\u00fd apartm\u00e1n u mo\u0159\u00ed s v\u00fdhledem na mo\u0159e v Durr\u00ebs Plazh\" loading=\"lazy\"><\/span><\/div><div class=\"item__swiper swiper-slide\"><span><img decoding=\"async\" src=\"https:\/\/albaniahome.cz\/wp-content\/uploads\/2026\/06\/6-2-740x560.png\" alt=\"Modern\u00ed dvoupokojov\u00fd apartm\u00e1n u mo\u0159\u00ed s v\u00fdhledem na mo\u0159e v Durr\u00ebs Plazh\" loading=\"lazy\"><\/span><\/div><div class=\"item__swiper swiper-slide\"><span><img decoding=\"async\" src=\"https:\/\/albaniahome.cz\/wp-content\/uploads\/2026\/06\/7-2-740x560.png\" alt=\"Modern\u00ed dvoupokojov\u00fd apartm\u00e1n u mo\u0159\u00ed s v\u00fdhledem na mo\u0159e v Durr\u00ebs Plazh\" loading=\"lazy\"><\/span><\/div><div class=\"item__swiper swiper-slide\"><span><img decoding=\"async\" src=\"https:\/\/albaniahome.cz\/wp-content\/uploads\/2026\/06\/8-1-740x560.png\" alt=\"Modern\u00ed dvoupokojov\u00fd apartm\u00e1n u mo\u0159\u00ed s v\u00fdhledem na mo\u0159e v Durr\u00ebs Plazh\" loading=\"lazy\"><\/span><\/div><div class=\"item__swiper swiper-slide\"><span><img decoding=\"async\" src=\"https:\/\/albaniahome.cz\/wp-content\/uploads\/2026\/06\/4-2-740x560.png\" alt=\"Modern\u00ed dvoupokojov\u00fd apartm\u00e1n u mo\u0159\u00ed s v\u00fdhledem na mo\u0159e v Durr\u00ebs Plazh\" loading=\"lazy\"><\/span><\/div><\/div><div class=\"wgl-navigation_wrapper\"><button class=\"elementor-swiper-button elementor-swiper-button-prev\" data-carousel=\"wgl_carousel_6a9bde10617dc\"><i class=\"flaticon flaticon-right-arrow-1\"><\/i><\/button><button class=\"elementor-swiper-button elementor-swiper-button-next\" data-carousel=\"wgl_carousel_6a9bde10617dc\"><i class=\"flaticon flaticon-right-arrow-1\"><\/i><\/button><\/div><\/div><\/div><span class=\"property__statuses\"><span><a href=\"https:\/\/albaniahome.cz\/cs\/property-status\/for-sale\/\" class=\"property-status\">Na prodej<\/a><\/span><\/span><\/div><div class=\"property__info\"><div class=\"property__location\">Dra\u010d, Pl\u00e1\u017e<\/div><h3 class=\"property__title\"><a href=\"https:\/\/albaniahome.cz\/cs\/property\/apartment-for-sale-2kk-durres-sea-view\/\">Modern\u00ed apartm\u00e1n 2+kk na prodej v Durr\u00ebsu \u2013 Pl\u00e1\u017e, Alb\u00e1nie<\/a><\/h3><div class=\"property__excerpt\">\n&nbsp;\n\n\n\nHled\u00e1te ide\u00e1ln\u00ed p\u0159\u00edmo\u0159skou nemovitost v Alb\u00e1nii s dechberouc\u00edm v\u00fdhledem?<\/div><div class=\"property__meta-wrapper\"><div class=\"property__meta\"><div class=\"property__meta-area\"><span class=\"property__meta-text\">50 sq.m<\/span><\/div><div class=\"property__meta-bedrooms\"><span class=\"property__meta-text\">1<\/span><\/div><div class=\"property__meta-baths\"><span class=\"property__meta-text\">1<\/span><\/div><\/div><div class=\"property__price\">\u20ac105000<\/div><\/div><\/div><\/div><\/article><article class=\"property__item\"><div class=\"property__wrapper\"><div class=\"property__media-wrap\"><div class=\"wgl-carousel_wrapper\"><div class=\"property__media-slider slider-wrapper wgl-carousel wgl-carousel_swiper swiper-container\" data-item-carousel=\"wgl_carousel_6a9bde1064a21\"><div class=\"swiper-wrapper\"><div class=\"item__swiper swiper-slide\"><span><img decoding=\"async\" src=\"https:\/\/albaniahome.cz\/wp-content\/uploads\/2026\/06\/1-1-740x560.png\" alt=\"Modern\u00ed reziden\u010dn\u00ed komplex s prostorn\u00fdmi garsonkami bl\u00edzko pl\u00e1\u017ee v Golemu, Durr\u00ebs\"><\/span><\/div><div class=\"item__swiper swiper-slide\"><span><img decoding=\"async\" src=\"https:\/\/albaniahome.cz\/wp-content\/uploads\/2026\/06\/2-1-740x560.png\" alt=\"Modern\u00ed reziden\u010dn\u00ed komplex s prostorn\u00fdmi garsonkami bl\u00edzko pl\u00e1\u017ee v Golemu, Durr\u00ebs\" loading=\"lazy\"><\/span><\/div><div class=\"item__swiper swiper-slide\"><span><img decoding=\"async\" src=\"https:\/\/albaniahome.cz\/wp-content\/uploads\/2026\/06\/3-1-740x560.png\" alt=\"Modern\u00ed reziden\u010dn\u00ed komplex s prostorn\u00fdmi garsonkami bl\u00edzko pl\u00e1\u017ee v Golemu, Durr\u00ebs\" loading=\"lazy\"><\/span><\/div><div class=\"item__swiper swiper-slide\"><span><img decoding=\"async\" src=\"https:\/\/albaniahome.cz\/wp-content\/uploads\/2026\/06\/4-1-740x560.png\" alt=\"Modern\u00ed reziden\u010dn\u00ed komplex s prostorn\u00fdmi garsonkami bl\u00edzko pl\u00e1\u017ee v Golemu, Durr\u00ebs\" loading=\"lazy\"><\/span><\/div><div class=\"item__swiper swiper-slide\"><span><img decoding=\"async\" src=\"https:\/\/albaniahome.cz\/wp-content\/uploads\/2026\/06\/5-1-740x560.png\" alt=\"Modern\u00ed reziden\u010dn\u00ed komplex s prostorn\u00fdmi garsonkami bl\u00edzko pl\u00e1\u017ee v Golemu, Durr\u00ebs\" loading=\"lazy\"><\/span><\/div><div class=\"item__swiper swiper-slide\"><span><img decoding=\"async\" src=\"https:\/\/albaniahome.cz\/wp-content\/uploads\/2026\/06\/6-1-740x560.png\" alt=\"Modern\u00ed reziden\u010dn\u00ed komplex s prostorn\u00fdmi garsonkami bl\u00edzko pl\u00e1\u017ee v Golemu, Durr\u00ebs\" loading=\"lazy\"><\/span><\/div><div class=\"item__swiper swiper-slide\"><span><img decoding=\"async\" src=\"https:\/\/albaniahome.cz\/wp-content\/uploads\/2026\/06\/7-1-740x560.png\" alt=\"Modern\u00ed reziden\u010dn\u00ed komplex s prostorn\u00fdmi garsonkami bl\u00edzko pl\u00e1\u017ee v Golemu, Durr\u00ebs\" loading=\"lazy\"><\/span><\/div><div class=\"item__swiper swiper-slide\"><span><img decoding=\"async\" src=\"https:\/\/albaniahome.cz\/wp-content\/uploads\/2026\/06\/8-740x560.png\" alt=\"Modern\u00ed reziden\u010dn\u00ed komplex s prostorn\u00fdmi garsonkami bl\u00edzko pl\u00e1\u017ee v Golemu, Durr\u00ebs\" loading=\"lazy\"><\/span><\/div><div class=\"item__swiper swiper-slide\"><span><img decoding=\"async\" src=\"https:\/\/albaniahome.cz\/wp-content\/uploads\/2026\/06\/9-740x560.png\" alt=\"Modern\u00ed reziden\u010dn\u00ed komplex s prostorn\u00fdmi garsonkami bl\u00edzko pl\u00e1\u017ee v Golemu, Durr\u00ebs\" loading=\"lazy\"><\/span><\/div><div class=\"item__swiper swiper-slide\"><span><img decoding=\"async\" src=\"https:\/\/albaniahome.cz\/wp-content\/uploads\/2026\/06\/10-740x560.png\" alt=\"Modern\u00ed reziden\u010dn\u00ed komplex s prostorn\u00fdmi garsonkami bl\u00edzko pl\u00e1\u017ee v Golemu, Durr\u00ebs\" loading=\"lazy\"><\/span><\/div><div class=\"item__swiper swiper-slide\"><span><img decoding=\"async\" src=\"https:\/\/albaniahome.cz\/wp-content\/uploads\/2026\/06\/11-740x560.png\" alt=\"Modern\u00ed reziden\u010dn\u00ed komplex s prostorn\u00fdmi garsonkami bl\u00edzko pl\u00e1\u017ee v Golemu, Durr\u00ebs\" loading=\"lazy\"><\/span><\/div><div class=\"item__swiper swiper-slide\"><span><img decoding=\"async\" src=\"https:\/\/albaniahome.cz\/wp-content\/uploads\/2026\/06\/12-740x560.png\" alt=\"Modern\u00ed reziden\u010dn\u00ed komplex s prostorn\u00fdmi garsonkami bl\u00edzko pl\u00e1\u017ee v Golemu, Durr\u00ebs\" loading=\"lazy\"><\/span><\/div><div class=\"item__swiper swiper-slide\"><span><img decoding=\"async\" src=\"https:\/\/albaniahome.cz\/wp-content\/uploads\/2026\/06\/13-740x560.png\" alt=\"Modern\u00ed reziden\u010dn\u00ed komplex s prostorn\u00fdmi garsonkami bl\u00edzko pl\u00e1\u017ee v Golemu, Durr\u00ebs\" loading=\"lazy\"><\/span><\/div><div class=\"item__swiper swiper-slide\"><span><img decoding=\"async\" src=\"https:\/\/albaniahome.cz\/wp-content\/uploads\/2026\/06\/14-740x560.png\" alt=\"Modern\u00ed reziden\u010dn\u00ed komplex s prostorn\u00fdmi garsonkami bl\u00edzko pl\u00e1\u017ee v Golemu, Durr\u00ebs\" loading=\"lazy\"><\/span><\/div><div class=\"item__swiper swiper-slide\"><span><img decoding=\"async\" src=\"https:\/\/albaniahome.cz\/wp-content\/uploads\/2026\/06\/15-740x560.png\" alt=\"Modern\u00ed reziden\u010dn\u00ed komplex s prostorn\u00fdmi garsonkami bl\u00edzko pl\u00e1\u017ee v Golemu, Durr\u00ebs\" loading=\"lazy\"><\/span><\/div><\/div><div class=\"wgl-navigation_wrapper\"><button class=\"elementor-swiper-button elementor-swiper-button-prev\" data-carousel=\"wgl_carousel_6a9bde1064a21\"><i class=\"flaticon flaticon-right-arrow-1\"><\/i><\/button><button class=\"elementor-swiper-button elementor-swiper-button-next\" data-carousel=\"wgl_carousel_6a9bde1064a21\"><i class=\"flaticon flaticon-right-arrow-1\"><\/i><\/button><\/div><\/div><\/div><span class=\"property__statuses\"><span><a href=\"https:\/\/albaniahome.cz\/cs\/property-status\/for-sale\/\" class=\"property-status\">Na prodej<\/a><\/span><\/span><\/div><div class=\"property__info\"><div class=\"property__location\">Dra\u010d, Golem<\/div><h3 class=\"property__title\"><a href=\"https:\/\/albaniahome.cz\/cs\/property\/new-residential-complex-durres-golem\/\">Nov\u00fd reziden\u010dn\u00ed komplex v Durr\u00ebs \u2013 Golem, pouh\u00fdch 500 m od mo\u0159e<\/a><\/h3><div class=\"property__excerpt\">\nObjevte modern\u00ed apartm\u00e1ny v nov\u011b budovan\u00e9m reziden\u010dn\u00edm komplexu v obl\u00edben\u00e9 p\u0159\u00edmo\u0159sk\u00e9 lokalit\u011b.<\/div><div class=\"property__meta-wrapper\"><div class=\"property__meta\"><div class=\"property__meta-bedrooms\"><span class=\"property__meta-text\">1<\/span><\/div><div class=\"property__meta-baths\"><span class=\"property__meta-text\">1<\/span><\/div><\/div><div class=\"property__price\">\u20ac1200<\/div><\/div><\/div><\/div><\/article><article class=\"property__item\"><div class=\"property__wrapper\"><div class=\"property__media-wrap\"><div class=\"wgl-carousel_wrapper\"><div class=\"property__media-slider slider-wrapper wgl-carousel wgl-carousel_swiper swiper-container\" data-item-carousel=\"wgl_carousel_6a9bde1066b61\"><div class=\"swiper-wrapper\"><div class=\"item__swiper swiper-slide\"><span><img decoding=\"async\" src=\"https:\/\/albaniahome.cz\/wp-content\/uploads\/2026\/06\/39m25patro-s-vytahem-58000-740x560.png\" alt=\"Modern\u00ed 1pokojov\u00fd apartm\u00e1n s balk\u00f3nem bl\u00edzko pl\u00e1\u017ee\"><\/span><\/div><div class=\"item__swiper swiper-slide\"><span><img decoding=\"async\" src=\"https:\/\/albaniahome.cz\/wp-content\/uploads\/2026\/06\/2-740x560.png\" alt=\"Modern\u00ed 1pokojov\u00fd apartm\u00e1n s balk\u00f3nem bl\u00edzko pl\u00e1\u017ee\" loading=\"lazy\"><\/span><\/div><div class=\"item__swiper swiper-slide\"><span><img decoding=\"async\" src=\"https:\/\/albaniahome.cz\/wp-content\/uploads\/2026\/06\/4-740x560.png\" alt=\"Modern\u00ed 1pokojov\u00fd apartm\u00e1n s balk\u00f3nem bl\u00edzko pl\u00e1\u017ee\" loading=\"lazy\"><\/span><\/div><div class=\"item__swiper swiper-slide\"><span><img decoding=\"async\" src=\"https:\/\/albaniahome.cz\/wp-content\/uploads\/2026\/06\/3-740x560.png\" alt=\"Modern\u00ed 1pokojov\u00fd apartm\u00e1n s balk\u00f3nem bl\u00edzko pl\u00e1\u017ee\" loading=\"lazy\"><\/span><\/div><div class=\"item__swiper swiper-slide\"><span><img decoding=\"async\" src=\"https:\/\/albaniahome.cz\/wp-content\/uploads\/2026\/06\/1-740x560.png\" alt=\"Modern\u00ed 1pokojov\u00fd apartm\u00e1n s balk\u00f3nem bl\u00edzko pl\u00e1\u017ee\" loading=\"lazy\"><\/span><\/div><div class=\"item__swiper swiper-slide\"><span><img decoding=\"async\" src=\"https:\/\/albaniahome.cz\/wp-content\/uploads\/2026\/06\/5-740x560.png\" alt=\"Modern\u00ed 1pokojov\u00fd apartm\u00e1n s balk\u00f3nem bl\u00edzko pl\u00e1\u017ee\" loading=\"lazy\"><\/span><\/div><div class=\"item__swiper swiper-slide\"><span><img decoding=\"async\" src=\"https:\/\/albaniahome.cz\/wp-content\/uploads\/2026\/06\/6-740x560.png\" alt=\"Modern\u00ed 1pokojov\u00fd apartm\u00e1n s balk\u00f3nem bl\u00edzko pl\u00e1\u017ee\" loading=\"lazy\"><\/span><\/div><div class=\"item__swiper swiper-slide\"><span><img decoding=\"async\" src=\"https:\/\/albaniahome.cz\/wp-content\/uploads\/2026\/06\/7-740x560.png\" alt=\"Modern\u00ed 1pokojov\u00fd apartm\u00e1n s balk\u00f3nem bl\u00edzko pl\u00e1\u017ee\" loading=\"lazy\"><\/span><\/div><\/div><div class=\"wgl-navigation_wrapper\"><button class=\"elementor-swiper-button elementor-swiper-button-prev\" data-carousel=\"wgl_carousel_6a9bde1066b61\"><i class=\"flaticon flaticon-right-arrow-1\"><\/i><\/button><button class=\"elementor-swiper-button elementor-swiper-button-next\" data-carousel=\"wgl_carousel_6a9bde1066b61\"><i class=\"flaticon flaticon-right-arrow-1\"><\/i><\/button><\/div><\/div><\/div><span class=\"property__statuses\"><span><a href=\"https:\/\/albaniahome.cz\/cs\/property-status\/for-sale\/\" class=\"property-status\">Na prodej<\/a><\/span><\/span><\/div><div class=\"property__info\"><div class=\"property__location\">Dra\u010d \u2013 Mali i Robit<\/div><h3 class=\"property__title\"><a href=\"https:\/\/albaniahome.cz\/cs\/property\/affordable-apartment-for-sale-2kk-golem\/\">\u00datuln\u00fd byt 2+kk s balkonem, 500 m od pl\u00e1\u017ee \u2013 skv\u011bl\u00fd pom\u011br ceny a kvality<\/a><\/h3><div class=\"property__excerpt\">\nModern\u00ed apartm\u00e1n na prodej \u2013 2+kk, Golem, Durr\u00ebs\nHled\u00e1te ide\u00e1ln\u00ed p\u0159\u00edmo\u0159skou nemovitost<\/div><div class=\"property__meta-wrapper\"><div class=\"property__meta\"><div class=\"property__meta-area\"><span class=\"property__meta-text\">39 m\u00b2<\/span><\/div><div class=\"property__meta-bedrooms\"><span class=\"property__meta-text\">1<\/span><\/div><div class=\"property__meta-baths\"><span class=\"property__meta-text\">1<\/span><\/div><\/div><div class=\"property__price\">\u20ac58000<\/div><\/div><\/div><\/div><\/article><article class=\"property__item\"><div class=\"property__wrapper\"><div class=\"property__media-wrap\"><div class=\"wgl-carousel_wrapper\"><div class=\"property__media-slider slider-wrapper wgl-carousel wgl-carousel_swiper swiper-container\" data-item-carousel=\"wgl_carousel_6a9bde10683d6\"><div class=\"swiper-wrapper\"><div class=\"item__swiper swiper-slide\"><span><img decoding=\"async\" src=\"https:\/\/albaniahome.cz\/wp-content\/uploads\/2026\/05\/1-2-740x560.png\" alt=\"Modern\u00ed apartm\u00e1n na prodej v Mali i Robit, Durr\u00ebs bl\u00edzko pl\u00e1\u017ee\"><\/span><\/div><div class=\"item__swiper swiper-slide\"><span><img decoding=\"async\" src=\"https:\/\/albaniahome.cz\/wp-content\/uploads\/2026\/05\/2-2-740x560.png\" alt=\"Modern\u00ed apartm\u00e1n na prodej v Mali i Robit, Durr\u00ebs bl\u00edzko pl\u00e1\u017ee\" loading=\"lazy\"><\/span><\/div><div class=\"item__swiper swiper-slide\"><span><img decoding=\"async\" src=\"https:\/\/albaniahome.cz\/wp-content\/uploads\/2026\/05\/3-2-740x560.png\" alt=\"Modern\u00ed apartm\u00e1n na prodej v Mali i Robit, Durr\u00ebs bl\u00edzko pl\u00e1\u017ee\" loading=\"lazy\"><\/span><\/div><div class=\"item__swiper swiper-slide\"><span><img decoding=\"async\" src=\"https:\/\/albaniahome.cz\/wp-content\/uploads\/2026\/05\/4-2-740x560.png\" alt=\"Modern\u00ed apartm\u00e1n na prodej v Mali i Robit, Durr\u00ebs bl\u00edzko pl\u00e1\u017ee\" loading=\"lazy\"><\/span><\/div><div class=\"item__swiper swiper-slide\"><span><img decoding=\"async\" src=\"https:\/\/albaniahome.cz\/wp-content\/uploads\/2026\/05\/6-2-740x560.png\" alt=\"Modern\u00ed apartm\u00e1n na prodej v Mali i Robit, Durr\u00ebs bl\u00edzko pl\u00e1\u017ee\" loading=\"lazy\"><\/span><\/div><div class=\"item__swiper swiper-slide\"><span><img decoding=\"async\" src=\"https:\/\/albaniahome.cz\/wp-content\/uploads\/2026\/05\/5-2-740x560.png\" alt=\"Modern\u00ed apartm\u00e1n na prodej v Mali i Robit, Durr\u00ebs bl\u00edzko pl\u00e1\u017ee\" loading=\"lazy\"><\/span><\/div><\/div><div class=\"wgl-navigation_wrapper\"><button class=\"elementor-swiper-button elementor-swiper-button-prev\" data-carousel=\"wgl_carousel_6a9bde10683d6\"><i class=\"flaticon flaticon-right-arrow-1\"><\/i><\/button><button class=\"elementor-swiper-button elementor-swiper-button-next\" data-carousel=\"wgl_carousel_6a9bde10683d6\"><i class=\"flaticon flaticon-right-arrow-1\"><\/i><\/button><\/div><\/div><\/div><span class=\"property__statuses\"><span><a href=\"https:\/\/albaniahome.cz\/cs\/property-status\/for-sale\/\" class=\"property-status\">Na prodej<\/a><\/span><\/span><\/div><div class=\"property__info\"><div class=\"property__location\">Dra\u010d \u2013 Mali i Robit<\/div><h3 class=\"property__title\"><a href=\"https:\/\/albaniahome.cz\/cs\/property\/1-bedroom-apartment-in-durres-mali-i-robit\/\">Modern\u00ed apartm\u00e1n 2+kk na prodej | Mali i Robit, Durr\u00ebs | 49 m\u00b2 netto |<\/a><\/h3><div class=\"property__excerpt\">\nNab\u00edz\u00edme k prodeji modern\u00ed a sv\u011btl\u00fd apartm\u00e1n s dispozic\u00ed 2+kk<\/div><div class=\"property__meta-wrapper\"><div class=\"property__meta\"><div class=\"property__meta-area\"><span class=\"property__meta-text\">49 m\u00b2<\/span><\/div><div class=\"property__meta-bedrooms\"><span class=\"property__meta-text\">1<\/span><\/div><div class=\"property__meta-baths\"><span class=\"property__meta-text\">1<\/span><\/div><\/div><div class=\"property__price\">\u20ac100000<\/div><\/div><\/div><\/div><\/article><article class=\"property__item\"><div class=\"property__wrapper\"><div class=\"property__media-wrap\"><div class=\"wgl-carousel_wrapper\"><div class=\"property__media-slider slider-wrapper wgl-carousel wgl-carousel_swiper swiper-container\" data-item-carousel=\"wgl_carousel_6a9bde106ab14\"><div class=\"swiper-wrapper\"><div class=\"item__swiper swiper-slide\"><span><img decoding=\"async\" src=\"https:\/\/albaniahome.cz\/wp-content\/uploads\/2026\/05\/0-740x560.png\" alt=\"Albania Home\"><\/span><\/div><div class=\"item__swiper swiper-slide\"><span><img decoding=\"async\" src=\"https:\/\/albaniahome.cz\/wp-content\/uploads\/2026\/05\/2-1-740x560.png\" alt=\"Byt 2+kk na prodej v Mali i Robit, Durr\u00ebs, ob\u00fdvac\u00ed pokoj s kuchyn\u00ed Lo\u017enice v p\u0159\u00edmo\u0159sk\u00e9m apartm\u00e1nu na prodej v Durr\u00ebsu, Alb\u00e1nie Koupelna v 2pokojov\u00e9m apartm\u00e1nu Mali i Robit V\u00fdhled z balkonu z apartm\u00e1nu v Durr\u00ebsu bl\u00edzko mo\u0159e Exteri\u00e9r budovy Byt ve 4. pat\u0159e v Mali i Robit, Durr\u00ebs Parkovi\u0161t\u011b p\u0159ed obytnou budovou v Durr\u00ebsu\" loading=\"lazy\"><\/span><\/div><div class=\"item__swiper swiper-slide\"><span><img decoding=\"async\" src=\"https:\/\/albaniahome.cz\/wp-content\/uploads\/2026\/05\/1-1-740x560.png\" alt=\"Byt 2+kk na prodej v Mali i Robit, Durr\u00ebs, ob\u00fdvac\u00ed pokoj s kuchyn\u00ed Lo\u017enice v p\u0159\u00edmo\u0159sk\u00e9m apartm\u00e1nu na prodej v Durr\u00ebsu, Alb\u00e1nie Koupelna v 2pokojov\u00e9m apartm\u00e1nu Mali i Robit V\u00fdhled z balkonu z apartm\u00e1nu v Durr\u00ebsu bl\u00edzko mo\u0159e Exteri\u00e9r budovy Byt ve 4. pat\u0159e v Mali i Robit, Durr\u00ebs Parkovi\u0161t\u011b p\u0159ed obytnou budovou v Durr\u00ebsu\" loading=\"lazy\"><\/span><\/div><div class=\"item__swiper swiper-slide\"><span><img decoding=\"async\" src=\"https:\/\/albaniahome.cz\/wp-content\/uploads\/2026\/05\/3-1-740x560.png\" alt=\"Byt 2+kk na prodej v Mali i Robit, Durr\u00ebs, ob\u00fdvac\u00ed pokoj s kuchyn\u00ed Lo\u017enice v p\u0159\u00edmo\u0159sk\u00e9m apartm\u00e1nu na prodej v Durr\u00ebsu, Alb\u00e1nie Koupelna v 2pokojov\u00e9m apartm\u00e1nu Mali i Robit V\u00fdhled z balkonu z apartm\u00e1nu v Durr\u00ebsu bl\u00edzko mo\u0159e Exteri\u00e9r budovy Byt ve 4. pat\u0159e v Mali i Robit, Durr\u00ebs Parkovi\u0161t\u011b p\u0159ed obytnou budovou v Durr\u00ebsu\" loading=\"lazy\"><\/span><\/div><div class=\"item__swiper swiper-slide\"><span><img decoding=\"async\" src=\"https:\/\/albaniahome.cz\/wp-content\/uploads\/2026\/05\/4-1-740x560.png\" alt=\"Byt 2+kk na prodej v Mali i Robit, Durr\u00ebs, ob\u00fdvac\u00ed pokoj s kuchyn\u00ed Lo\u017enice v p\u0159\u00edmo\u0159sk\u00e9m apartm\u00e1nu na prodej v Durr\u00ebsu, Alb\u00e1nie Koupelna v 2pokojov\u00e9m apartm\u00e1nu Mali i Robit V\u00fdhled z balkonu z apartm\u00e1nu v Durr\u00ebsu bl\u00edzko mo\u0159e Exteri\u00e9r budovy Byt ve 4. pat\u0159e v Mali i Robit, Durr\u00ebs Parkovi\u0161t\u011b p\u0159ed obytnou budovou v Durr\u00ebsu\" loading=\"lazy\"><\/span><\/div><div class=\"item__swiper swiper-slide\"><span><img decoding=\"async\" src=\"https:\/\/albaniahome.cz\/wp-content\/uploads\/2026\/05\/5-1-740x560.png\" alt=\"Byt 2+kk na prodej v Mali i Robit, Durr\u00ebs, ob\u00fdvac\u00ed pokoj s kuchyn\u00ed Lo\u017enice v p\u0159\u00edmo\u0159sk\u00e9m apartm\u00e1nu na prodej v Durr\u00ebsu, Alb\u00e1nie Koupelna v 2pokojov\u00e9m apartm\u00e1nu Mali i Robit V\u00fdhled z balkonu z apartm\u00e1nu v Durr\u00ebsu bl\u00edzko mo\u0159e Exteri\u00e9r budovy Byt ve 4. pat\u0159e v Mali i Robit, Durr\u00ebs Parkovi\u0161t\u011b p\u0159ed obytnou budovou v Durr\u00ebsu\" loading=\"lazy\"><\/span><\/div><div class=\"item__swiper swiper-slide\"><span><img decoding=\"async\" src=\"https:\/\/albaniahome.cz\/wp-content\/uploads\/2026\/05\/6-1-740x560.png\" alt=\"Byt 2+kk na prodej v Mali i Robit, Durr\u00ebs, ob\u00fdvac\u00ed pokoj s kuchyn\u00ed Lo\u017enice v p\u0159\u00edmo\u0159sk\u00e9m apartm\u00e1nu na prodej v Durr\u00ebsu, Alb\u00e1nie Koupelna v 2pokojov\u00e9m apartm\u00e1nu Mali i Robit V\u00fdhled z balkonu z apartm\u00e1nu v Durr\u00ebsu bl\u00edzko mo\u0159e Exteri\u00e9r budovy Byt ve 4. pat\u0159e v Mali i Robit, Durr\u00ebs Parkovi\u0161t\u011b p\u0159ed obytnou budovou v Durr\u00ebsu\" loading=\"lazy\"><\/span><\/div><div class=\"item__swiper swiper-slide\"><span><img decoding=\"async\" src=\"https:\/\/albaniahome.cz\/wp-content\/uploads\/2026\/05\/8-1-740x560.png\" alt=\"Byt 2+kk na prodej v Mali i Robit, Durr\u00ebs, ob\u00fdvac\u00ed pokoj s kuchyn\u00ed Lo\u017enice v p\u0159\u00edmo\u0159sk\u00e9m apartm\u00e1nu na prodej v Durr\u00ebsu, Alb\u00e1nie Koupelna v 2pokojov\u00e9m apartm\u00e1nu Mali i Robit V\u00fdhled z balkonu z apartm\u00e1nu v Durr\u00ebsu bl\u00edzko mo\u0159e Exteri\u00e9r budovy Byt ve 4. pat\u0159e v Mali i Robit, Durr\u00ebs Parkovi\u0161t\u011b p\u0159ed obytnou budovou v Durr\u00ebsu\" loading=\"lazy\"><\/span><\/div><div class=\"item__swiper swiper-slide\"><span><img decoding=\"async\" src=\"https:\/\/albaniahome.cz\/wp-content\/uploads\/2026\/05\/9-1-740x560.png\" alt=\"Byt 2+kk na prodej v Mali i Robit, Durr\u00ebs, ob\u00fdvac\u00ed pokoj s kuchyn\u00ed Lo\u017enice v p\u0159\u00edmo\u0159sk\u00e9m apartm\u00e1nu na prodej v Durr\u00ebsu, Alb\u00e1nie Koupelna v 2pokojov\u00e9m apartm\u00e1nu Mali i Robit V\u00fdhled z balkonu z apartm\u00e1nu v Durr\u00ebsu bl\u00edzko mo\u0159e Exteri\u00e9r budovy Byt ve 4. pat\u0159e v Mali i Robit, Durr\u00ebs Parkovi\u0161t\u011b p\u0159ed obytnou budovou v Durr\u00ebsu\" loading=\"lazy\"><\/span><\/div><div class=\"item__swiper swiper-slide\"><span><img decoding=\"async\" src=\"https:\/\/albaniahome.cz\/wp-content\/uploads\/2026\/05\/7-1-740x560.png\" alt=\"Byt 2+kk na prodej v Mali i Robit, Durr\u00ebs, ob\u00fdvac\u00ed pokoj s kuchyn\u00ed Lo\u017enice v p\u0159\u00edmo\u0159sk\u00e9m apartm\u00e1nu na prodej v Durr\u00ebsu, Alb\u00e1nie Koupelna v 2pokojov\u00e9m apartm\u00e1nu Mali i Robit V\u00fdhled z balkonu z apartm\u00e1nu v Durr\u00ebsu bl\u00edzko mo\u0159e Exteri\u00e9r budovy Byt ve 4. pat\u0159e v Mali i Robit, Durr\u00ebs Parkovi\u0161t\u011b p\u0159ed obytnou budovou v Durr\u00ebsu\" loading=\"lazy\"><\/span><\/div><\/div><div class=\"wgl-navigation_wrapper\"><button class=\"elementor-swiper-button elementor-swiper-button-prev\" data-carousel=\"wgl_carousel_6a9bde106ab14\"><i class=\"flaticon flaticon-right-arrow-1\"><\/i><\/button><button class=\"elementor-swiper-button elementor-swiper-button-next\" data-carousel=\"wgl_carousel_6a9bde106ab14\"><i class=\"flaticon flaticon-right-arrow-1\"><\/i><\/button><\/div><\/div><\/div><span class=\"property__statuses\"><span><a href=\"https:\/\/albaniahome.cz\/cs\/property-status\/for-sale\/\" class=\"property-status\">Na prodej<\/a><\/span><\/span><\/div><div class=\"property__info\"><div class=\"property__location\">Dra\u010d \u2013 Mali i Robit<\/div><h3 class=\"property__title\"><a href=\"https:\/\/albaniahome.cz\/cs\/property\/cozy-apartment-for-sale-2kk-mali-i-robit\/\">Apartm\u00e1n 2+kk, Mali i Robit<\/a><\/h3><div class=\"property__excerpt\">Modern\u00ed apartm\u00e1n na prodej \u2013 2+kk, Mali i Robit, Durr\u00ebs\nHled\u00e1te ide\u00e1ln\u00ed p\u0159\u00edmo\u0159skou nemovitost\u2026<\/div><div class=\"property__meta-wrapper\"><div class=\"property__meta\"><div class=\"property__meta-area\"><span class=\"property__meta-text\">57m2<\/span><\/div><div class=\"property__meta-bedrooms\"><span class=\"property__meta-text\">1<\/span><\/div><div class=\"property__meta-baths\"><span class=\"property__meta-text\">1<\/span><\/div><\/div><div class=\"property__price\">\u20ac85000<\/div><\/div><\/div><\/div><\/article><article class=\"property__item\"><div class=\"property__wrapper\"><div class=\"property__media-wrap\"><div class=\"wgl-carousel_wrapper\"><div class=\"property__media-slider slider-wrapper wgl-carousel wgl-carousel_swiper swiper-container\" data-item-carousel=\"wgl_carousel_6a9bde106c14b\"><div class=\"swiper-wrapper\"><div class=\"item__swiper swiper-slide\"><span><img decoding=\"async\" src=\"https:\/\/albaniahome.cz\/wp-content\/uploads\/2026\/05\/projekt-4-740x560.png\" alt=\"Modern\u00ed 1+kk apartm\u00e1n v Golemu, Durr\u00ebs, se sv\u011btl\u00fdm ob\u00fdvac\u00edm prostorem, balk\u00f3nem a modern\u00edm interi\u00e9rem, kter\u00fd se nach\u00e1z\u00ed v bl\u00edzkosti p\u00edse\u010dn\u00fdch pl\u00e1\u017e\u00ed, restaurac\u00ed a m\u00edstn\u00ed ob\u010dansk\u00e9 vybavenosti.\"><\/span><\/div><div class=\"item__swiper swiper-slide\"><span><img decoding=\"async\" src=\"https:\/\/albaniahome.cz\/wp-content\/uploads\/2026\/05\/projekt-3-740x560.png\" alt=\"Albania Home\" loading=\"lazy\"><\/span><\/div><\/div><div class=\"wgl-navigation_wrapper\"><button class=\"elementor-swiper-button elementor-swiper-button-prev\" data-carousel=\"wgl_carousel_6a9bde106c14b\"><i class=\"flaticon flaticon-right-arrow-1\"><\/i><\/button><button class=\"elementor-swiper-button elementor-swiper-button-next\" data-carousel=\"wgl_carousel_6a9bde106c14b\"><i class=\"flaticon flaticon-right-arrow-1\"><\/i><\/button><\/div><\/div><\/div><span class=\"property__statuses\"><span><a href=\"https:\/\/albaniahome.cz\/cs\/property-status\/for-sale\/\" class=\"property-status\">Na prodej<\/a><\/span><\/span><\/div><div class=\"property__info\"><div class=\"property__location\">Dra\u010d, Golem<\/div><h3 class=\"property__title\"><a href=\"https:\/\/albaniahome.cz\/cs\/property\/modern-1-bedroom-apartment-for-sale-in-golem-2\/\">Modern\u00ed byt 1+1 na prodej v Golemu, Durr\u00ebs \u2013 pr\u00e9miov\u00e1 investi\u010dn\u00ed p\u0159\u00edle\u017eitost u pob\u0159e\u017e\u00ed<\/a><\/h3><div class=\"property__excerpt\">\nModern\u00ed byt 1+1 na prodej v Golemu, Durr\u00ebs \u2013 pr\u00e9miov\u00e1 investi\u010dn\u00ed p\u0159\u00edle\u017eitost u pob\u0159e\u017e\u00ed<\/div><div class=\"property__meta-wrapper\"><div class=\"property__meta\"><div class=\"property__meta-area\"><span class=\"property__meta-text\">70 m\u00b2<\/span><\/div><div class=\"property__meta-bedrooms\"><span class=\"property__meta-text\">1<\/span><\/div><div class=\"property__meta-baths\"><span class=\"property__meta-text\">1<\/span><\/div><\/div><div class=\"property__price\">\u20ac1200<\/div><\/div><\/div><\/div><\/article><article class=\"property__item\"><div class=\"property__wrapper\"><div class=\"property__media-wrap\"><div class=\"wgl-carousel_wrapper\"><div class=\"property__media-slider slider-wrapper wgl-carousel wgl-carousel_swiper swiper-container\" data-item-carousel=\"wgl_carousel_6a9bde106d00e\"><div class=\"swiper-wrapper\"><div class=\"item__swiper swiper-slide\"><span><img decoding=\"async\" src=\"https:\/\/albaniahome.cz\/wp-content\/uploads\/2026\/05\/projekt-2-740x560.png\" alt=\"Modern\u00ed 1+kk apartm\u00e1n v Golemu, Durr\u00ebs, se sv\u011btl\u00fdm ob\u00fdvac\u00edm prostorem, balk\u00f3nem a modern\u00edm interi\u00e9rem, kter\u00fd se nach\u00e1z\u00ed v bl\u00edzkosti p\u00edse\u010dn\u00fdch pl\u00e1\u017e\u00ed, restaurac\u00ed a m\u00edstn\u00ed ob\u010dansk\u00e9 vybavenosti.\"><\/span><\/div><div class=\"item__swiper swiper-slide\"><span><img decoding=\"async\" src=\"https:\/\/albaniahome.cz\/wp-content\/uploads\/2026\/05\/projekt-1-740x560.png\" alt=\"Modern\u00ed 1+kk apartm\u00e1n v Golemu, Durr\u00ebs, se sv\u011btl\u00fdm ob\u00fdvac\u00edm prostorem, balk\u00f3nem a modern\u00edm interi\u00e9rem, kter\u00fd se nach\u00e1z\u00ed v bl\u00edzkosti p\u00edse\u010dn\u00fdch pl\u00e1\u017e\u00ed, restaurac\u00ed a m\u00edstn\u00ed ob\u010dansk\u00e9 vybavenosti.\" loading=\"lazy\"><\/span><\/div><\/div><div class=\"wgl-navigation_wrapper\"><button class=\"elementor-swiper-button elementor-swiper-button-prev\" data-carousel=\"wgl_carousel_6a9bde106d00e\"><i class=\"flaticon flaticon-right-arrow-1\"><\/i><\/button><button class=\"elementor-swiper-button elementor-swiper-button-next\" data-carousel=\"wgl_carousel_6a9bde106d00e\"><i class=\"flaticon flaticon-right-arrow-1\"><\/i><\/button><\/div><\/div><\/div><span class=\"property__statuses\"><span><a href=\"https:\/\/albaniahome.cz\/cs\/property-status\/for-sale\/\" class=\"property-status\">Na prodej<\/a><\/span><\/span><\/div><div class=\"property__info\"><div class=\"property__location\">Dra\u010d, Golem<\/div><h3 class=\"property__title\"><a href=\"https:\/\/albaniahome.cz\/cs\/property\/studio-apartment-for-sale-golem-durres\/\">Modern\u00ed studio apartm\u00e1n na prodej \u2013 Golem, Durr\u00ebs<\/a><\/h3><div class=\"property__excerpt\">Hled\u00e1te ide\u00e1ln\u00ed p\u0159\u00edmo\u0159skou nemovitost v Alb\u00e1nii? Tento \u00fatuln\u00fd a modern\u00ed studio apartm\u00e1n<\/div><div class=\"property__meta-wrapper\"><div class=\"property__meta\"><div class=\"property__meta-area\"><span class=\"property__meta-text\">37 m\u00b2<\/span><\/div><div class=\"property__meta-bedrooms\"><span class=\"property__meta-text\">1<\/span><\/div><div class=\"property__meta-baths\"><span class=\"property__meta-text\">1<\/span><\/div><\/div><div class=\"property__price\">\u20ac1200<\/div><\/div><\/div><\/div><\/article><article class=\"property__item\"><div class=\"property__wrapper\"><div class=\"property__media-wrap\"><div class=\"wgl-carousel_wrapper\"><div class=\"property__media-slider slider-wrapper wgl-carousel wgl-carousel_swiper swiper-container\" data-item-carousel=\"wgl_carousel_6a9bde106ebe8\"><div class=\"swiper-wrapper\"><div class=\"item__swiper swiper-slide\"><span><img decoding=\"async\" src=\"https:\/\/albaniahome.cz\/wp-content\/uploads\/2026\/05\/2-740x560.png\" alt=\"Byt u mo\u0159e Durr\u00ebs Alb\u00e1nie v\u00fdhled na pl\u00e1\u017e modern\u00ed interi\u00e9r investice\"><\/span><\/div><div class=\"item__swiper swiper-slide\"><span><img decoding=\"async\" src=\"https:\/\/albaniahome.cz\/wp-content\/uploads\/2026\/05\/1-740x560.png\" alt=\"Investov\u00e1n\u00ed do nemovitost\u00ed v Alb\u00e1nii 2026 pl\u00e1\u017eov\u00e1 nemovitost Durr\u00ebs\" loading=\"lazy\"><\/span><\/div><div class=\"item__swiper swiper-slide\"><span><img decoding=\"async\" src=\"https:\/\/albaniahome.cz\/wp-content\/uploads\/2026\/05\/3-740x560.png\" alt=\"Byt u mo\u0159e Durr\u00ebs Alb\u00e1nie v\u00fdhled na pl\u00e1\u017e modern\u00ed interi\u00e9r investice\" loading=\"lazy\"><\/span><\/div><div class=\"item__swiper swiper-slide\"><span><img decoding=\"async\" src=\"https:\/\/albaniahome.cz\/wp-content\/uploads\/2026\/05\/5-740x560.png\" alt=\"Byt u mo\u0159e Durr\u00ebs Alb\u00e1nie v\u00fdhled na pl\u00e1\u017e modern\u00ed interi\u00e9r investice\" loading=\"lazy\"><\/span><\/div><div class=\"item__swiper swiper-slide\"><span><img decoding=\"async\" src=\"https:\/\/albaniahome.cz\/wp-content\/uploads\/2026\/05\/8-740x560.png\" alt=\"Albania Home\" loading=\"lazy\"><\/span><\/div><div class=\"item__swiper swiper-slide\"><span><img decoding=\"async\" src=\"https:\/\/albaniahome.cz\/wp-content\/uploads\/2026\/05\/7-740x560.png\" alt=\"Byt u mo\u0159e Durr\u00ebs Alb\u00e1nie v\u00fdhled na pl\u00e1\u017e modern\u00ed interi\u00e9r investice\" loading=\"lazy\"><\/span><\/div><div class=\"item__swiper swiper-slide\"><span><img decoding=\"async\" src=\"https:\/\/albaniahome.cz\/wp-content\/uploads\/2026\/05\/4-740x560.png\" alt=\"Byt u mo\u0159e Durr\u00ebs Alb\u00e1nie v\u00fdhled na pl\u00e1\u017e modern\u00ed interi\u00e9r investice\" loading=\"lazy\"><\/span><\/div><div class=\"item__swiper swiper-slide\"><span><img decoding=\"async\" src=\"https:\/\/albaniahome.cz\/wp-content\/uploads\/2026\/05\/6-740x560.png\" alt=\"Byt u mo\u0159e Durr\u00ebs Alb\u00e1nie v\u00fdhled na pl\u00e1\u017e modern\u00ed interi\u00e9r investice\" loading=\"lazy\"><\/span><\/div><div class=\"item__swiper swiper-slide\"><span><img decoding=\"async\" src=\"https:\/\/albaniahome.cz\/wp-content\/uploads\/2026\/05\/9-740x560.png\" alt=\"Byt u mo\u0159e Durr\u00ebs Alb\u00e1nie v\u00fdhled na pl\u00e1\u017e modern\u00ed interi\u00e9r investice\" loading=\"lazy\"><\/span><\/div><div class=\"item__swiper swiper-slide\"><span><img decoding=\"async\" src=\"https:\/\/albaniahome.cz\/wp-content\/uploads\/2026\/05\/10-740x560.png\" alt=\"Byt u mo\u0159e Durr\u00ebs Alb\u00e1nie v\u00fdhled na pl\u00e1\u017e modern\u00ed interi\u00e9r investice\" loading=\"lazy\"><\/span><\/div><\/div><div class=\"wgl-navigation_wrapper\"><button class=\"elementor-swiper-button elementor-swiper-button-prev\" data-carousel=\"wgl_carousel_6a9bde106ebe8\"><i class=\"flaticon flaticon-right-arrow-1\"><\/i><\/button><button class=\"elementor-swiper-button elementor-swiper-button-next\" data-carousel=\"wgl_carousel_6a9bde106ebe8\"><i class=\"flaticon flaticon-right-arrow-1\"><\/i><\/button><\/div><\/div><\/div><span class=\"property__statuses\"><span><a href=\"https:\/\/albaniahome.cz\/cs\/property-status\/for-sale\/\" class=\"property-status\">Na prodej<\/a><\/span><\/span><\/div><div class=\"property__info\"><div class=\"property__location\">Pl\u00e1\u017e v Durresu<\/div><h3 class=\"property__title\"><a href=\"https:\/\/albaniahome.cz\/cs\/property\/luxury-apartment-sale-durres-first-line\/\">Luxusn\u00ed apartm\u00e1n na prodej \u2013 1+1, pl\u00e1\u017e Durr\u00ebs<\/a><\/h3><div class=\"property__excerpt\">\nP\u0159edstavte si ka\u017ed\u00e9 r\u00e1no probuzen\u00ed za jemn\u00e9ho zvuku mo\u0159sk\u00fdch vln a rann\u00ed k\u00e1vu na<\/div><div class=\"property__meta-wrapper\"><div class=\"property__meta\"><div class=\"property__meta-area\"><span class=\"property__meta-text\">65 m\u00b2<\/span><\/div><div class=\"property__meta-bedrooms\"><span class=\"property__meta-text\">1<\/span><\/div><div class=\"property__meta-baths\"><span class=\"property__meta-text\">1<\/span><\/div><\/div><div class=\"property__price\">\u20ac135000<\/div><\/div><\/div><\/div><\/article><article class=\"property__item\"><div class=\"property__wrapper\"><div class=\"property__media-wrap\"><div class=\"wgl-carousel_wrapper\"><div class=\"property__media-slider slider-wrapper wgl-carousel wgl-carousel_swiper swiper-container\" data-item-carousel=\"wgl_carousel_6a9bde107130c\"><div class=\"swiper-wrapper\"><div class=\"item__swiper swiper-slide\"><span><img decoding=\"async\" src=\"https:\/\/albaniahome.cz\/wp-content\/uploads\/2026\/04\/1-5-740x560.png\" alt=\"Za\u0159\u00edzen\u00fd apartm\u00e1n v Durr\u00ebs s \u010d\u00e1ste\u010dn\u00fdm v\u00fdhledem na mo\u0159e, bl\u00edzko pl\u00e1\u017ee a ob\u010dansk\u00e9 vybavenosti \u2013 na prodej 1+1, Durr\u00ebs Plazh\"><\/span><\/div><div class=\"item__swiper swiper-slide\"><span><img decoding=\"async\" src=\"https:\/\/albaniahome.cz\/wp-content\/uploads\/2026\/04\/8-3-740x560.png\" alt=\"Za\u0159\u00edzen\u00fd apartm\u00e1n v Durr\u00ebs s \u010d\u00e1ste\u010dn\u00fdm v\u00fdhledem na mo\u0159e, bl\u00edzko pl\u00e1\u017ee a ob\u010dansk\u00e9 vybavenosti \u2013 na prodej 1+1, Durr\u00ebs Plazh\" loading=\"lazy\"><\/span><\/div><div class=\"item__swiper swiper-slide\"><span><img decoding=\"async\" src=\"https:\/\/albaniahome.cz\/wp-content\/uploads\/2026\/04\/2-5-740x560.png\" alt=\"Za\u0159\u00edzen\u00fd apartm\u00e1n v Durr\u00ebs s \u010d\u00e1ste\u010dn\u00fdm v\u00fdhledem na mo\u0159e, bl\u00edzko pl\u00e1\u017ee a ob\u010dansk\u00e9 vybavenosti. byt na prodej \u2013 1+1, Durr\u00ebs Plazh\" loading=\"lazy\"><\/span><\/div><div class=\"item__swiper swiper-slide\"><span><img decoding=\"async\" src=\"https:\/\/albaniahome.cz\/wp-content\/uploads\/2026\/04\/3-5-740x560.png\" alt=\"Za\u0159\u00edzen\u00fd apartm\u00e1n v Durr\u00ebs s \u010d\u00e1ste\u010dn\u00fdm v\u00fdhledem na mo\u0159e, bl\u00edzko pl\u00e1\u017ee a ob\u010dansk\u00e9 vybavenosti. byt na prodej \u2013 1+1, Durr\u00ebs Plazh\" loading=\"lazy\"><\/span><\/div><div class=\"item__swiper swiper-slide\"><span><img decoding=\"async\" src=\"https:\/\/albaniahome.cz\/wp-content\/uploads\/2026\/04\/4-5-740x560.png\" alt=\"Za\u0159\u00edzen\u00fd apartm\u00e1n v Durr\u00ebs s \u010d\u00e1ste\u010dn\u00fdm v\u00fdhledem na mo\u0159e, bl\u00edzko pl\u00e1\u017ee a ob\u010dansk\u00e9 vybavenosti. byt na prodej \u2013 1+1, Durr\u00ebs Plazh\" loading=\"lazy\"><\/span><\/div><div class=\"item__swiper swiper-slide\"><span><img decoding=\"async\" src=\"https:\/\/albaniahome.cz\/wp-content\/uploads\/2026\/04\/5-5-740x560.png\" alt=\"Za\u0159\u00edzen\u00fd apartm\u00e1n v Durr\u00ebs s \u010d\u00e1ste\u010dn\u00fdm v\u00fdhledem na mo\u0159e, bl\u00edzko pl\u00e1\u017ee a ob\u010dansk\u00e9 vybavenosti. byt na prodej \u2013 1+1, Durr\u00ebs Plazh\" loading=\"lazy\"><\/span><\/div><div class=\"item__swiper swiper-slide\"><span><img decoding=\"async\" src=\"https:\/\/albaniahome.cz\/wp-content\/uploads\/2026\/04\/6-5-740x560.png\" alt=\"Za\u0159\u00edzen\u00fd apartm\u00e1n v Durr\u00ebs s \u010d\u00e1ste\u010dn\u00fdm v\u00fdhledem na mo\u0159e, bl\u00edzko pl\u00e1\u017ee a ob\u010dansk\u00e9 vybavenosti. byt na prodej \u2013 1+1, Durr\u00ebs Plazh\" loading=\"lazy\"><\/span><\/div><div class=\"item__swiper swiper-slide\"><span><img decoding=\"async\" src=\"https:\/\/albaniahome.cz\/wp-content\/uploads\/2026\/04\/7-4-740x560.png\" alt=\"Za\u0159\u00edzen\u00fd apartm\u00e1n v Durr\u00ebs s \u010d\u00e1ste\u010dn\u00fdm v\u00fdhledem na mo\u0159e, bl\u00edzko pl\u00e1\u017ee a ob\u010dansk\u00e9 vybavenosti. byt na prodej \u2013 1+1, Durr\u00ebs Plazh\" loading=\"lazy\"><\/span><\/div><div class=\"item__swiper swiper-slide\"><span><img decoding=\"async\" src=\"https:\/\/albaniahome.cz\/wp-content\/uploads\/2026\/04\/9-1-740x560.png\" alt=\"Za\u0159\u00edzen\u00fd apartm\u00e1n v Durr\u00ebs s \u010d\u00e1ste\u010dn\u00fdm v\u00fdhledem na mo\u0159e, bl\u00edzko pl\u00e1\u017ee a ob\u010dansk\u00e9 vybavenosti. byt na prodej \u2013 1+1, Durr\u00ebs Plazh\" loading=\"lazy\"><\/span><\/div><\/div><div class=\"wgl-navigation_wrapper\"><button class=\"elementor-swiper-button elementor-swiper-button-prev\" data-carousel=\"wgl_carousel_6a9bde107130c\"><i class=\"flaticon flaticon-right-arrow-1\"><\/i><\/button><button class=\"elementor-swiper-button elementor-swiper-button-next\" data-carousel=\"wgl_carousel_6a9bde107130c\"><i class=\"flaticon flaticon-right-arrow-1\"><\/i><\/button><\/div><\/div><\/div><span class=\"property__statuses\"><span><a href=\"https:\/\/albaniahome.cz\/cs\/property-status\/for-sale\/\" class=\"property-status\">Na prodej<\/a><\/span><\/span><\/div><div class=\"property__info\"><div class=\"property__location\">Pl\u00e1\u017e v Durresu<\/div><h3 class=\"property__title\"><a href=\"https:\/\/albaniahome.cz\/cs\/property\/sea-view-apartment-for-sale-11-durres\/\">Modern\u00ed apartm\u00e1n na prodej \u2013 1+1, Durr\u00ebs Pl\u00e1\u017e<\/a><\/h3><div class=\"property__excerpt\">Modern\u00ed apartm\u00e1n na prodej \u2013 1+1, Durr\u00ebs Pl\u00e1\u017e\nHled\u00e1te ide\u00e1ln\u00ed p\u0159\u00edmo\u0159skou nemovitost v<\/div><div class=\"property__meta-wrapper\"><div class=\"property__meta\"><div class=\"property__meta-area\"><span class=\"property__meta-text\">67 m2<\/span><\/div><div class=\"property__meta-bedrooms\"><span class=\"property__meta-text\">1<\/span><\/div><div class=\"property__meta-baths\"><span class=\"property__meta-text\">1<\/span><\/div><\/div><div class=\"property__price\">\u20ac90000<\/div><\/div><\/div><\/div><\/article><article class=\"property__item\"><div class=\"property__wrapper\"><div class=\"property__media-wrap\"><div class=\"wgl-carousel_wrapper\"><div class=\"property__media-slider slider-wrapper wgl-carousel wgl-carousel_swiper swiper-container\" data-item-carousel=\"wgl_carousel_6a9bde10731eb\"><div class=\"swiper-wrapper\"><div class=\"item__swiper swiper-slide\"><span><img decoding=\"async\" src=\"https:\/\/albaniahome.cz\/wp-content\/uploads\/2026\/04\/1-4-740x560.png\" alt=\"Modern\u00ed byt v nov\u00e9 reziden\u010dn\u00ed budov\u011b, 5. patro, spole\u010dn\u00fd baz\u00e9n ve vnitrobloku, projekt Albania, ve v\u00fdstavb\u011b\"><\/span><\/div><div class=\"item__swiper swiper-slide\"><span><img decoding=\"async\" src=\"https:\/\/albaniahome.cz\/wp-content\/uploads\/2026\/04\/2-4-740x560.png\" alt=\"Modern\u00ed byt v nov\u00e9 reziden\u010dn\u00ed budov\u011b, 5. patro, spole\u010dn\u00fd baz\u00e9n ve vnitrobloku, projekt Albania, ve v\u00fdstavb\u011b\" loading=\"lazy\"><\/span><\/div><div class=\"item__swiper swiper-slide\"><span><img decoding=\"async\" src=\"https:\/\/albaniahome.cz\/wp-content\/uploads\/2026\/04\/7-3-740x560.png\" alt=\"Modern\u00ed byt v nov\u00e9 reziden\u010dn\u00ed budov\u011b, 5. patro, spole\u010dn\u00fd baz\u00e9n ve vnitrobloku, projekt Albania, ve v\u00fdstavb\u011b\" loading=\"lazy\"><\/span><\/div><div class=\"item__swiper swiper-slide\"><span><img decoding=\"async\" src=\"https:\/\/albaniahome.cz\/wp-content\/uploads\/2026\/04\/4-4-740x560.png\" alt=\"Modern\u00ed byt v nov\u00e9 reziden\u010dn\u00ed budov\u011b, 5. patro, spole\u010dn\u00fd baz\u00e9n ve vnitrobloku, projekt Albania, ve v\u00fdstavb\u011b\" loading=\"lazy\"><\/span><\/div><div class=\"item__swiper swiper-slide\"><span><img decoding=\"async\" src=\"https:\/\/albaniahome.cz\/wp-content\/uploads\/2026\/04\/5-4-740x560.png\" alt=\"Modern\u00ed byt v nov\u00e9 reziden\u010dn\u00ed budov\u011b, 5. patro, spole\u010dn\u00fd baz\u00e9n ve vnitrobloku, projekt Albania, ve v\u00fdstavb\u011b\" loading=\"lazy\"><\/span><\/div><div class=\"item__swiper swiper-slide\"><span><img decoding=\"async\" src=\"https:\/\/albaniahome.cz\/wp-content\/uploads\/2026\/04\/3-4-740x560.png\" alt=\"Modern\u00ed byt v nov\u00e9 reziden\u010dn\u00ed budov\u011b, 5. patro, spole\u010dn\u00fd baz\u00e9n ve vnitrobloku, projekt Albania, ve v\u00fdstavb\u011b\" loading=\"lazy\"><\/span><\/div><div class=\"item__swiper swiper-slide\"><span><img decoding=\"async\" src=\"https:\/\/albaniahome.cz\/wp-content\/uploads\/2026\/04\/6-4-740x560.png\" alt=\"Modern\u00ed byt v nov\u00e9 reziden\u010dn\u00ed budov\u011b, 5. patro, spole\u010dn\u00fd baz\u00e9n ve vnitrobloku, projekt Albania, ve v\u00fdstavb\u011b\" loading=\"lazy\"><\/span><\/div><\/div><div class=\"wgl-navigation_wrapper\"><button class=\"elementor-swiper-button elementor-swiper-button-prev\" data-carousel=\"wgl_carousel_6a9bde10731eb\"><i class=\"flaticon flaticon-right-arrow-1\"><\/i><\/button><button class=\"elementor-swiper-button elementor-swiper-button-next\" data-carousel=\"wgl_carousel_6a9bde10731eb\"><i class=\"flaticon flaticon-right-arrow-1\"><\/i><\/button><\/div><\/div><\/div><span class=\"property__statuses\"><span><a href=\"https:\/\/albaniahome.cz\/cs\/property-status\/for-sale\/\" class=\"property-status\">Na prodej<\/a><\/span><\/span><\/div><div class=\"property__info\"><div class=\"property__location\">Tirana, Mali i Robit<\/div><h3 class=\"property__title\"><a href=\"https:\/\/albaniahome.cz\/cs\/property\/modern-apartment-pool-sale-golem-durres\/\">Modern\u00ed apartm\u00e1n s baz\u00e9nem na prodej \u2013 Golem, Durr\u00ebs<\/a><\/h3><div class=\"property__excerpt\">Hled\u00e1te ide\u00e1ln\u00ed p\u0159\u00edmo\u0159skou nemovitost v Alb\u00e1nii s pr\u00e9miov\u00fdm vybaven\u00edm? Tento kr\u00e1sn\u00fd<\/div><div class=\"property__meta-wrapper\"><div class=\"property__meta\"><div class=\"property__meta-bedrooms\"><span class=\"property__meta-text\">1<\/span><\/div><div class=\"property__meta-baths\"><span class=\"property__meta-text\">1<\/span><\/div><\/div><div class=\"property__price\">\u20ac85500<\/div><\/div><\/div><\/div><\/article><article class=\"property__item\"><div class=\"property__wrapper\"><div class=\"property__media-wrap\"><div class=\"wgl-carousel_wrapper\"><div class=\"property__media-slider slider-wrapper wgl-carousel wgl-carousel_swiper swiper-container\" data-item-carousel=\"wgl_carousel_6a9bde1075384\"><div class=\"swiper-wrapper\"><div class=\"item__swiper swiper-slide\"><span><img decoding=\"async\" src=\"https:\/\/albaniahome.cz\/wp-content\/uploads\/2026\/04\/s-bazenem--740x560.png\" alt=\"Modern\u00ed byt v nov\u00e9 reziden\u010dn\u00ed budov\u011b, 5. patro, spole\u010dn\u00fd baz\u00e9n ve vnitrobloku, projekt Albania, ve v\u00fdstavb\u011b\"><\/span><\/div><div class=\"item__swiper swiper-slide\"><span><img decoding=\"async\" src=\"https:\/\/albaniahome.cz\/wp-content\/uploads\/2026\/04\/6-3-740x560.png\" alt=\"Modern\u00ed byt v nov\u00e9 reziden\u010dn\u00ed budov\u011b, 5. patro, spole\u010dn\u00fd baz\u00e9n ve vnitrobloku, projekt Albania, ve v\u00fdstavb\u011b\" loading=\"lazy\"><\/span><\/div><div class=\"item__swiper swiper-slide\"><span><img decoding=\"async\" src=\"https:\/\/albaniahome.cz\/wp-content\/uploads\/2026\/04\/3-3-740x560.png\" alt=\"Modern\u00ed byt v nov\u00e9 reziden\u010dn\u00ed budov\u011b, 5. patro, spole\u010dn\u00fd baz\u00e9n ve vnitrobloku, projekt Albania, ve v\u00fdstavb\u011b\" loading=\"lazy\"><\/span><\/div><div class=\"item__swiper swiper-slide\"><span><img decoding=\"async\" src=\"https:\/\/albaniahome.cz\/wp-content\/uploads\/2026\/04\/1-3-740x560.png\" alt=\"Modern\u00ed byt v nov\u00e9 reziden\u010dn\u00ed budov\u011b, 5. patro, spole\u010dn\u00fd baz\u00e9n ve vnitrobloku, projekt Albania, ve v\u00fdstavb\u011b\" loading=\"lazy\"><\/span><\/div><div class=\"item__swiper swiper-slide\"><span><img decoding=\"async\" src=\"https:\/\/albaniahome.cz\/wp-content\/uploads\/2026\/04\/2-3-740x560.png\" alt=\"Modern\u00ed byt v nov\u00e9 reziden\u010dn\u00ed budov\u011b, 5. patro, spole\u010dn\u00fd baz\u00e9n ve vnitrobloku, projekt Albania, ve v\u00fdstavb\u011b\" loading=\"lazy\"><\/span><\/div><div class=\"item__swiper swiper-slide\"><span><img decoding=\"async\" src=\"https:\/\/albaniahome.cz\/wp-content\/uploads\/2026\/04\/4-3-740x560.png\" alt=\"Modern\u00ed byt v nov\u00e9 reziden\u010dn\u00ed budov\u011b, 5. patro, spole\u010dn\u00fd baz\u00e9n ve vnitrobloku, projekt Albania, ve v\u00fdstavb\u011b\" loading=\"lazy\"><\/span><\/div><div class=\"item__swiper swiper-slide\"><span><img decoding=\"async\" src=\"https:\/\/albaniahome.cz\/wp-content\/uploads\/2026\/04\/5-3-740x560.png\" alt=\"Modern\u00ed byt v nov\u00e9 reziden\u010dn\u00ed budov\u011b, 5. patro, spole\u010dn\u00fd baz\u00e9n ve vnitrobloku, projekt Albania, ve v\u00fdstavb\u011b\" loading=\"lazy\"><\/span><\/div><\/div><div class=\"wgl-navigation_wrapper\"><button class=\"elementor-swiper-button elementor-swiper-button-prev\" data-carousel=\"wgl_carousel_6a9bde1075384\"><i class=\"flaticon flaticon-right-arrow-1\"><\/i><\/button><button class=\"elementor-swiper-button elementor-swiper-button-next\" data-carousel=\"wgl_carousel_6a9bde1075384\"><i class=\"flaticon flaticon-right-arrow-1\"><\/i><\/button><\/div><\/div><\/div><span class=\"property__statuses\"><span><a href=\"https:\/\/albaniahome.cz\/cs\/property-status\/for-sale\/\" class=\"property-status\">Na prodej<\/a><\/span><\/span><\/div><div class=\"property__info\"><div class=\"property__location\">Tirana, Mali i Robit<\/div><h3 class=\"property__title\"><a href=\"https:\/\/albaniahome.cz\/cs\/property\/apartment-with-a-pool-for-sale-golem\/\">Modern\u00ed dvoupokojov\u00fd byt v novostavb\u011b s baz\u00e9nem, 1 600 \u20ac\/m\u00b2<\/a><\/h3><div class=\"property__excerpt\">Hled\u00e1te pr\u00e9miovou, nov\u011b postavenou p\u0159\u00edmo\u0159skou nemovitost v Alb\u00e1nii? Tento modern\u00ed apartm\u00e1n s<\/div><div class=\"property__meta-wrapper\"><div class=\"property__meta\"><div class=\"property__meta-bedrooms\"><span class=\"property__meta-text\">1<\/span><\/div><div class=\"property__meta-baths\"><span class=\"property__meta-text\">1<\/span><\/div><\/div><div class=\"property__price\">\u20ac1600<\/div><\/div><\/div><\/div><\/article><article class=\"property__item\"><div class=\"property__wrapper\"><div class=\"property__media-wrap\"><div class=\"wgl-carousel_wrapper\"><div class=\"property__media-slider slider-wrapper wgl-carousel wgl-carousel_swiper swiper-container\" data-item-carousel=\"wgl_carousel_6a9bde10777a2\"><div class=\"swiper-wrapper\"><div class=\"item__swiper swiper-slide\"><span><img decoding=\"async\" src=\"https:\/\/albaniahome.cz\/wp-content\/uploads\/2026\/04\/6-2-740x560.png\" alt=\"Modern\u00ed apartm\u00e1n v nov\u00e9m reziden\u010dn\u00edm projektu v Mali i Robit, Alb\u00e1nie, 2. patro, bl\u00edzko mo\u0159e, budouc\u00ed spole\u010dn\u00fd baz\u00e9n\"><\/span><\/div><div class=\"item__swiper swiper-slide\"><span><img decoding=\"async\" src=\"https:\/\/albaniahome.cz\/wp-content\/uploads\/2026\/04\/3-2-740x560.png\" alt=\"Modern\u00ed apartm\u00e1n v nov\u00e9m reziden\u010dn\u00edm projektu v Mali i Robit, Alb\u00e1nie, 2. patro, bl\u00edzko mo\u0159e, budouc\u00ed spole\u010dn\u00fd baz\u00e9n\" loading=\"lazy\"><\/span><\/div><div class=\"item__swiper swiper-slide\"><span><img decoding=\"async\" src=\"https:\/\/albaniahome.cz\/wp-content\/uploads\/2026\/04\/1-2-740x560.png\" alt=\"Modern\u00ed apartm\u00e1n v nov\u00e9m reziden\u010dn\u00edm projektu v Mali i Robit, Alb\u00e1nie, 2. patro, bl\u00edzko mo\u0159e, budouc\u00ed spole\u010dn\u00fd baz\u00e9n\" loading=\"lazy\"><\/span><\/div><div class=\"item__swiper swiper-slide\"><span><img decoding=\"async\" src=\"https:\/\/albaniahome.cz\/wp-content\/uploads\/2026\/04\/2-2-740x560.png\" alt=\"Modern\u00ed apartm\u00e1n v nov\u00e9m reziden\u010dn\u00edm projektu v Mali i Robit, Alb\u00e1nie, 2. patro, bl\u00edzko mo\u0159e, budouc\u00ed spole\u010dn\u00fd baz\u00e9n\" loading=\"lazy\"><\/span><\/div><div class=\"item__swiper swiper-slide\"><span><img decoding=\"async\" src=\"https:\/\/albaniahome.cz\/wp-content\/uploads\/2026\/04\/4-2-740x560.png\" alt=\"Modern\u00ed apartm\u00e1n v nov\u00e9m reziden\u010dn\u00edm projektu v Mali i Robit, Alb\u00e1nie, 2. patro, bl\u00edzko mo\u0159e, budouc\u00ed spole\u010dn\u00fd baz\u00e9n\" loading=\"lazy\"><\/span><\/div><div class=\"item__swiper swiper-slide\"><span><img decoding=\"async\" src=\"https:\/\/albaniahome.cz\/wp-content\/uploads\/2026\/04\/7-2-740x560.png\" alt=\"Modern\u00ed pln\u011b za\u0159\u00edzen\u00fd 2pokojov\u00fd apartm\u00e1n v novostavb\u011b v Golemu v Alb\u00e1nii, 57,3 m\u00b2, se nach\u00e1z\u00ed 950 metr\u016f od mo\u0159e\" loading=\"lazy\"><\/span><\/div><div class=\"item__swiper swiper-slide\"><span><img decoding=\"async\" src=\"https:\/\/albaniahome.cz\/wp-content\/uploads\/2026\/04\/5-2-740x560.png\" alt=\"Modern\u00ed apartm\u00e1n v nov\u00e9m reziden\u010dn\u00edm projektu v Mali i Robit, Alb\u00e1nie, 2. patro, bl\u00edzko mo\u0159e, budouc\u00ed spole\u010dn\u00fd baz\u00e9n\" loading=\"lazy\"><\/span><\/div><div class=\"item__swiper swiper-slide\"><span><img decoding=\"async\" src=\"https:\/\/albaniahome.cz\/wp-content\/uploads\/2026\/04\/8-2-740x560.png\" alt=\"Modern\u00ed pln\u011b za\u0159\u00edzen\u00fd 2pokojov\u00fd apartm\u00e1n v novostavb\u011b v Golemu v Alb\u00e1nii, 57,3 m\u00b2, se nach\u00e1z\u00ed 950 metr\u016f od mo\u0159e\" loading=\"lazy\"><\/span><\/div><\/div><div class=\"wgl-navigation_wrapper\"><button class=\"elementor-swiper-button elementor-swiper-button-prev\" data-carousel=\"wgl_carousel_6a9bde10777a2\"><i class=\"flaticon flaticon-right-arrow-1\"><\/i><\/button><button class=\"elementor-swiper-button elementor-swiper-button-next\" data-carousel=\"wgl_carousel_6a9bde10777a2\"><i class=\"flaticon flaticon-right-arrow-1\"><\/i><\/button><\/div><\/div><\/div><span class=\"property__statuses\"><span><a href=\"https:\/\/albaniahome.cz\/cs\/property-status\/for-sale\/\" class=\"property-status\">Na prodej<\/a><\/span><\/span><\/div><div class=\"property__info\"><div class=\"property__location\">Dra\u010d \u2013 Mali i Robit<\/div><h3 class=\"property__title\"><a href=\"https:\/\/albaniahome.cz\/cs\/property\/apartment-with-pool-in-mali-i-robit-coast\/\">Apartm\u00e1n s baz\u00e9nem v Mali i Robit \u2013 investi\u010dn\u00ed p\u0159\u00edle\u017eitost na pob\u0159e\u017e\u00ed Durr\u00ebsu<\/a><\/h3><div class=\"property__excerpt\">Hled\u00e1te modern\u00ed p\u0159\u00edmo\u0159skou nemovitost v Alb\u00e1nii se siln\u00fdm investi\u010dn\u00edm potenci\u00e1lem a<\/div><div class=\"property__meta-wrapper\"><div class=\"property__meta\"><div class=\"property__meta-bedrooms\"><span class=\"property__meta-text\">1<\/span><\/div><div class=\"property__meta-baths\"><span class=\"property__meta-text\">1<\/span><\/div><\/div><div class=\"property__price\">\u20ac1400<\/div><\/div><\/div><\/div><\/article><article class=\"property__item\"><div class=\"property__wrapper\"><div class=\"property__media-wrap\"><div class=\"wgl-carousel_wrapper\"><div class=\"property__media-slider slider-wrapper wgl-carousel wgl-carousel_swiper swiper-container\" data-item-carousel=\"wgl_carousel_6a9bde1079cd4\"><div class=\"swiper-wrapper\"><div class=\"item__swiper swiper-slide\"><span><img decoding=\"async\" src=\"https:\/\/albaniahome.cz\/wp-content\/uploads\/2026\/04\/5-1-740x560.png\" alt=\"Modern\u00ed pln\u011b za\u0159\u00edzen\u00fd 2pokojov\u00fd apartm\u00e1n v novostavb\u011b v Golemu v Alb\u00e1nii, 57,3 m\u00b2, se nach\u00e1z\u00ed 950 metr\u016f od mo\u0159e\"><\/span><\/div><div class=\"item__swiper swiper-slide\"><span><img decoding=\"async\" src=\"https:\/\/albaniahome.cz\/wp-content\/uploads\/2026\/04\/1-1-740x560.png\" alt=\"Modern\u00ed pln\u011b za\u0159\u00edzen\u00fd 2pokojov\u00fd apartm\u00e1n v novostavb\u011b v Golemu v Alb\u00e1nii, 57,3 m\u00b2, se nach\u00e1z\u00ed 950 metr\u016f od mo\u0159e\" loading=\"lazy\"><\/span><\/div><div class=\"item__swiper swiper-slide\"><span><img decoding=\"async\" src=\"https:\/\/albaniahome.cz\/wp-content\/uploads\/2026\/04\/2-1-740x560.png\" alt=\"Modern\u00ed pln\u011b za\u0159\u00edzen\u00fd 2pokojov\u00fd apartm\u00e1n v novostavb\u011b v Golemu v Alb\u00e1nii, 57,3 m\u00b2, se nach\u00e1z\u00ed 950 metr\u016f od mo\u0159e\" loading=\"lazy\"><\/span><\/div><div class=\"item__swiper swiper-slide\"><span><img decoding=\"async\" src=\"https:\/\/albaniahome.cz\/wp-content\/uploads\/2026\/04\/3-1-740x560.png\" alt=\"Modern\u00ed pln\u011b za\u0159\u00edzen\u00fd 2pokojov\u00fd apartm\u00e1n v novostavb\u011b v Golemu v Alb\u00e1nii, 57,3 m\u00b2, se nach\u00e1z\u00ed 950 metr\u016f od mo\u0159e\" loading=\"lazy\"><\/span><\/div><div class=\"item__swiper swiper-slide\"><span><img decoding=\"async\" src=\"https:\/\/albaniahome.cz\/wp-content\/uploads\/2026\/04\/4-1-740x560.png\" alt=\"Modern\u00ed pln\u011b za\u0159\u00edzen\u00fd 2pokojov\u00fd apartm\u00e1n v novostavb\u011b v Golemu v Alb\u00e1nii, 57,3 m\u00b2, se nach\u00e1z\u00ed 950 metr\u016f od mo\u0159e\" loading=\"lazy\"><\/span><\/div><div class=\"item__swiper swiper-slide\"><span><img decoding=\"async\" src=\"https:\/\/albaniahome.cz\/wp-content\/uploads\/2026\/04\/7-1-740x560.png\" alt=\"Modern\u00ed pln\u011b za\u0159\u00edzen\u00fd 2pokojov\u00fd apartm\u00e1n v novostavb\u011b v Golemu v Alb\u00e1nii, 57,3 m\u00b2, se nach\u00e1z\u00ed 950 metr\u016f od mo\u0159e\" loading=\"lazy\"><\/span><\/div><div class=\"item__swiper swiper-slide\"><span><img decoding=\"async\" src=\"https:\/\/albaniahome.cz\/wp-content\/uploads\/2026\/04\/8-1-740x560.png\" alt=\"Modern\u00ed pln\u011b za\u0159\u00edzen\u00fd 2pokojov\u00fd apartm\u00e1n v novostavb\u011b v Golemu v Alb\u00e1nii, 57,3 m\u00b2, se nach\u00e1z\u00ed 950 metr\u016f od mo\u0159e\" loading=\"lazy\"><\/span><\/div><div class=\"item__swiper swiper-slide\"><span><img decoding=\"async\" src=\"https:\/\/albaniahome.cz\/wp-content\/uploads\/2026\/04\/6-1-740x560.png\" alt=\"Modern\u00ed pln\u011b za\u0159\u00edzen\u00fd 2pokojov\u00fd apartm\u00e1n v novostavb\u011b v Golemu v Alb\u00e1nii, 57,3 m\u00b2, se nach\u00e1z\u00ed 950 metr\u016f od mo\u0159e\" loading=\"lazy\"><\/span><\/div><\/div><div class=\"wgl-navigation_wrapper\"><button class=\"elementor-swiper-button elementor-swiper-button-prev\" data-carousel=\"wgl_carousel_6a9bde1079cd4\"><i class=\"flaticon flaticon-right-arrow-1\"><\/i><\/button><button class=\"elementor-swiper-button elementor-swiper-button-next\" data-carousel=\"wgl_carousel_6a9bde1079cd4\"><i class=\"flaticon flaticon-right-arrow-1\"><\/i><\/button><\/div><\/div><\/div><span class=\"property__statuses\"><span><a href=\"https:\/\/albaniahome.cz\/cs\/property-status\/for-sale\/\" class=\"property-status\">Na prodej<\/a><\/span><\/span><\/div><div class=\"property__info\"><div class=\"property__location\">Dra\u010d, Golem<\/div><h3 class=\"property__title\"><a href=\"https:\/\/albaniahome.cz\/cs\/property\/2kk-apartment-for-sale-golem-durres-57-3m%c2%b2\/\">Modern\u00ed apartm\u00e1n 2+kk na prodej v Golemu \u2013 pr\u00e9miov\u00e1 p\u0159\u00edmo\u0159sk\u00e1 investi\u010dn\u00ed p\u0159\u00edle\u017eitost<\/a><\/h3><div class=\"property__excerpt\">Hled\u00e1te modern\u00ed, pln\u011b za\u0159\u00edzen\u00fd apartm\u00e1n na prodej v Golemu, nedaleko mo\u0159e v Alb\u00e1nii?<\/div><div class=\"property__meta-wrapper\"><div class=\"property__meta\"><div class=\"property__meta-area\"><span class=\"property__meta-text\">57m2<\/span><\/div><div class=\"property__meta-bedrooms\"><span class=\"property__meta-text\">1<\/span><\/div><div class=\"property__meta-baths\"><span class=\"property__meta-text\">1<\/span><\/div><\/div><div class=\"property__price\">\u20ac88000<\/div><\/div><\/div><\/div><\/article><article class=\"property__item\"><div class=\"property__wrapper\"><div class=\"property__media-wrap\"><div class=\"wgl-carousel_wrapper\"><div class=\"property__media-slider slider-wrapper wgl-carousel wgl-carousel_swiper swiper-container\" data-item-carousel=\"wgl_carousel_6a9bde107c9b8\"><div class=\"swiper-wrapper\"><div class=\"item__swiper swiper-slide\"><span><img decoding=\"async\" src=\"https:\/\/albaniahome.cz\/wp-content\/uploads\/2026\/04\/4-740x560.png\" alt=\"Apartm\u00e1n s v\u00fdhledem na mo\u0159e v Alb\u00e1nii s balk\u00f3nem bl\u00edzko pl\u00e1\u017ee\"><\/span><\/div><div class=\"item__swiper swiper-slide\"><span><img decoding=\"async\" src=\"https:\/\/albaniahome.cz\/wp-content\/uploads\/2026\/04\/10-740x560.png\" alt=\"Apartm\u00e1n s v\u00fdhledem na mo\u0159e v Alb\u00e1nii s balk\u00f3nem bl\u00edzko pl\u00e1\u017ee\" loading=\"lazy\"><\/span><\/div><div class=\"item__swiper swiper-slide\"><span><img decoding=\"async\" src=\"https:\/\/albaniahome.cz\/wp-content\/uploads\/2026\/04\/2-740x560.png\" alt=\"Apartm\u00e1n s v\u00fdhledem na mo\u0159e v Alb\u00e1nii s balk\u00f3nem bl\u00edzko pl\u00e1\u017ee\" loading=\"lazy\"><\/span><\/div><div class=\"item__swiper swiper-slide\"><span><img decoding=\"async\" src=\"https:\/\/albaniahome.cz\/wp-content\/uploads\/2026\/04\/3-740x560.png\" alt=\"Apartm\u00e1n s v\u00fdhledem na mo\u0159e v Alb\u00e1nii s balk\u00f3nem bl\u00edzko pl\u00e1\u017ee\" loading=\"lazy\"><\/span><\/div><div class=\"item__swiper swiper-slide\"><span><img decoding=\"async\" src=\"https:\/\/albaniahome.cz\/wp-content\/uploads\/2026\/04\/9-740x560.png\" alt=\"Apartm\u00e1n s v\u00fdhledem na mo\u0159e v Alb\u00e1nii s balk\u00f3nem bl\u00edzko pl\u00e1\u017ee\" loading=\"lazy\"><\/span><\/div><div class=\"item__swiper swiper-slide\"><span><img decoding=\"async\" src=\"https:\/\/albaniahome.cz\/wp-content\/uploads\/2026\/04\/1-740x560.png\" alt=\"Apartm\u00e1n s v\u00fdhledem na mo\u0159e v Alb\u00e1nii s balk\u00f3nem bl\u00edzko pl\u00e1\u017ee\" loading=\"lazy\"><\/span><\/div><div class=\"item__swiper swiper-slide\"><span><img decoding=\"async\" src=\"https:\/\/albaniahome.cz\/wp-content\/uploads\/2026\/04\/5-740x560.png\" alt=\"Apartm\u00e1n s v\u00fdhledem na mo\u0159e v Alb\u00e1nii s balk\u00f3nem bl\u00edzko pl\u00e1\u017ee\" loading=\"lazy\"><\/span><\/div><div class=\"item__swiper swiper-slide\"><span><img decoding=\"async\" src=\"https:\/\/albaniahome.cz\/wp-content\/uploads\/2026\/04\/6-740x560.png\" alt=\"Apartm\u00e1n s v\u00fdhledem na mo\u0159e v Alb\u00e1nii s balk\u00f3nem bl\u00edzko pl\u00e1\u017ee\" loading=\"lazy\"><\/span><\/div><div class=\"item__swiper swiper-slide\"><span><img decoding=\"async\" src=\"https:\/\/albaniahome.cz\/wp-content\/uploads\/2026\/04\/7-740x560.png\" alt=\"Apartm\u00e1n s v\u00fdhledem na mo\u0159e v Alb\u00e1nii s balk\u00f3nem bl\u00edzko pl\u00e1\u017ee\" loading=\"lazy\"><\/span><\/div><div class=\"item__swiper swiper-slide\"><span><img decoding=\"async\" src=\"https:\/\/albaniahome.cz\/wp-content\/uploads\/2026\/04\/8-740x560.png\" alt=\"Apartm\u00e1n s v\u00fdhledem na mo\u0159e v Alb\u00e1nii s balk\u00f3nem bl\u00edzko pl\u00e1\u017ee\" loading=\"lazy\"><\/span><\/div><div class=\"item__swiper swiper-slide\"><span><img decoding=\"async\" src=\"https:\/\/albaniahome.cz\/wp-content\/uploads\/2026\/04\/11-740x560.png\" alt=\"Apartm\u00e1n s v\u00fdhledem na mo\u0159e v Alb\u00e1nii s balk\u00f3nem bl\u00edzko pl\u00e1\u017ee\" loading=\"lazy\"><\/span><\/div><\/div><div class=\"wgl-navigation_wrapper\"><button class=\"elementor-swiper-button elementor-swiper-button-prev\" data-carousel=\"wgl_carousel_6a9bde107c9b8\"><i class=\"flaticon flaticon-right-arrow-1\"><\/i><\/button><button class=\"elementor-swiper-button elementor-swiper-button-next\" data-carousel=\"wgl_carousel_6a9bde107c9b8\"><i class=\"flaticon flaticon-right-arrow-1\"><\/i><\/button><\/div><\/div><\/div><span class=\"property__statuses\"><span><a href=\"https:\/\/albaniahome.cz\/cs\/property-status\/for-sale\/\" class=\"property-status\">Na prodej<\/a><\/span><\/span><\/div><div class=\"property__info\"><div class=\"property__location\">Dra\u010d, Pl\u00e1\u017e<\/div><h3 class=\"property__title\"><a href=\"https:\/\/albaniahome.cz\/cs\/property\/apartman-3kk-prodej-durres-plazh-albania\/\">Prostorn\u00fd byt se 2 lo\u017enicemi s \u010d\u00e1ste\u010dn\u00fdm v\u00fdhledem na mo\u0159e \/ Durres - Plazh<\/a><\/h3><div class=\"property__excerpt\">\nHled\u00e1te prostorn\u00fd, okam\u017eit\u011b k nast\u011bhov\u00e1n\u00ed p\u0159ipraven\u00fd p\u0159\u00edmo\u0159sk\u00fd domov nebo pr\u00e9miovou investi\u010dn\u00ed nemovitost v\u2026<\/div><div class=\"property__meta-wrapper\"><div class=\"property__meta\"><div class=\"property__meta-area\"><span class=\"property__meta-text\">116 m2<\/span><\/div><div class=\"property__meta-bedrooms\"><span class=\"property__meta-text\">2<\/span><\/div><div class=\"property__meta-baths\"><span class=\"property__meta-text\">2<\/span><\/div><\/div><div class=\"property__price\">\u20ac145000<\/div><\/div><\/div><\/div><\/article><article class=\"property__item\"><div class=\"property__wrapper\"><div class=\"property__media-wrap\"><div class=\"wgl-carousel_wrapper\"><div class=\"property__media-slider slider-wrapper wgl-carousel wgl-carousel_swiper swiper-container\" data-item-carousel=\"wgl_carousel_6a9bde107fcbb\"><div class=\"swiper-wrapper\"><div class=\"item__swiper swiper-slide\"><span><img decoding=\"async\" src=\"https:\/\/albaniahome.cz\/wp-content\/uploads\/2026\/06\/mali-robit-luxus-740x560.jpeg\" alt=\"apartm\u00e1n na prodej Mali i Robit Golem Alb\u00e1nie s v\u00fdhledem na mo\u0159e a modern\u00edm interi\u00e9rem\"><\/span><\/div><div class=\"item__swiper swiper-slide\"><span><img decoding=\"async\" src=\"https:\/\/albaniahome.cz\/wp-content\/uploads\/2026\/03\/1-8-740x560.png\" alt=\"apartm\u00e1n na prodej Mali i Robit Golem Alb\u00e1nie s v\u00fdhledem na mo\u0159e a modern\u00edm interi\u00e9rem\" loading=\"lazy\"><\/span><\/div><div class=\"item__swiper swiper-slide\"><span><img decoding=\"async\" src=\"https:\/\/albaniahome.cz\/wp-content\/uploads\/2026\/03\/4-7-740x560.png\" alt=\"Apartm\u00e1n na prodej v Mali i Robit, Golem, Alb\u00e1nie, s v\u00fdhledem na mo\u0159e a modern\u00edm interi\u00e9rem\" loading=\"lazy\"><\/span><\/div><div class=\"item__swiper swiper-slide\"><span><img decoding=\"async\" src=\"https:\/\/albaniahome.cz\/wp-content\/uploads\/2026\/03\/5-7-740x560.png\" alt=\"Apartm\u00e1n na prodej v Mali i Robit, Golem, Alb\u00e1nie, s v\u00fdhledem na mo\u0159e a modern\u00edm interi\u00e9rem\" loading=\"lazy\"><\/span><\/div><div class=\"item__swiper swiper-slide\"><span><img decoding=\"async\" src=\"https:\/\/albaniahome.cz\/wp-content\/uploads\/2026\/03\/12-740x560.png\" alt=\"Apartm\u00e1n na prodej v Mali i Robit, Golem, Alb\u00e1nie, s v\u00fdhledem na mo\u0159e a modern\u00edm interi\u00e9rem\" loading=\"lazy\"><\/span><\/div><div class=\"item__swiper swiper-slide\"><span><img decoding=\"async\" src=\"https:\/\/albaniahome.cz\/wp-content\/uploads\/2026\/03\/11-740x560.png\" alt=\"Apartm\u00e1n na prodej v Mali i Robit, Golem, Alb\u00e1nie, s v\u00fdhledem na mo\u0159e a modern\u00edm interi\u00e9rem\" loading=\"lazy\"><\/span><\/div><div class=\"item__swiper swiper-slide\"><span><img decoding=\"async\" src=\"https:\/\/albaniahome.cz\/wp-content\/uploads\/2026\/03\/2-8-740x560.png\" alt=\"Apartm\u00e1n na prodej v Mali i Robit, Golem, Alb\u00e1nie, s v\u00fdhledem na mo\u0159e a modern\u00edm interi\u00e9rem\" loading=\"lazy\"><\/span><\/div><div class=\"item__swiper swiper-slide\"><span><img decoding=\"async\" src=\"https:\/\/albaniahome.cz\/wp-content\/uploads\/2026\/03\/3-8-740x560.png\" alt=\"Apartm\u00e1n na prodej v Mali i Robit, Golem, Alb\u00e1nie, s v\u00fdhledem na mo\u0159e a modern\u00edm interi\u00e9rem\" loading=\"lazy\"><\/span><\/div><div class=\"item__swiper swiper-slide\"><span><img decoding=\"async\" src=\"https:\/\/albaniahome.cz\/wp-content\/uploads\/2026\/03\/6-7-740x560.png\" alt=\"Apartm\u00e1n na prodej v Mali i Robit, Golem, Alb\u00e1nie, s v\u00fdhledem na mo\u0159e a modern\u00edm interi\u00e9rem\" loading=\"lazy\"><\/span><\/div><div class=\"item__swiper swiper-slide\"><span><img decoding=\"async\" src=\"https:\/\/albaniahome.cz\/wp-content\/uploads\/2026\/03\/7-6-740x560.png\" alt=\"Apartm\u00e1n na prodej v Mali i Robit, Golem, Alb\u00e1nie, s v\u00fdhledem na mo\u0159e a modern\u00edm interi\u00e9rem\" loading=\"lazy\"><\/span><\/div><div class=\"item__swiper swiper-slide\"><span><img decoding=\"async\" src=\"https:\/\/albaniahome.cz\/wp-content\/uploads\/2026\/03\/9-3-740x560.png\" alt=\"Apartm\u00e1n na prodej v Mali i Robit, Golem, Alb\u00e1nie, s v\u00fdhledem na mo\u0159e a modern\u00edm interi\u00e9rem\" loading=\"lazy\"><\/span><\/div><div class=\"item__swiper swiper-slide\"><span><img decoding=\"async\" src=\"https:\/\/albaniahome.cz\/wp-content\/uploads\/2026\/03\/10-1-740x560.png\" alt=\"Apartm\u00e1n na prodej v Mali i Robit, Golem, Alb\u00e1nie, s v\u00fdhledem na mo\u0159e a modern\u00edm interi\u00e9rem\" loading=\"lazy\"><\/span><\/div><\/div><div class=\"wgl-navigation_wrapper\"><button class=\"elementor-swiper-button elementor-swiper-button-prev\" data-carousel=\"wgl_carousel_6a9bde107fcbb\"><i class=\"flaticon flaticon-right-arrow-1\"><\/i><\/button><button class=\"elementor-swiper-button elementor-swiper-button-next\" data-carousel=\"wgl_carousel_6a9bde107fcbb\"><i class=\"flaticon flaticon-right-arrow-1\"><\/i><\/button><\/div><\/div><\/div><span class=\"property__statuses\"><span><a href=\"https:\/\/albaniahome.cz\/cs\/property-status\/for-sale\/\" class=\"property-status\">Na prodej<\/a><\/span><\/span><\/div><div class=\"property__info\"><div class=\"property__location\">Dra\u010d, Golem<\/div><h3 class=\"property__title\"><a href=\"https:\/\/albaniahome.cz\/cs\/property\/2-bedroom-apartment-mali-i-robit-sea-view\/\">Apartm\u00e1n s v\u00fdhledem na mo\u0159e na prodej v Mali i Robit, Golem | 2+1 pln\u011b za\u0159\u00edzen\u00fd | prvn\u00ed linie u pl\u00e1\u017ee<\/a><\/h3><div class=\"property__excerpt\">\nObjevte skv\u011blou p\u0159\u00edle\u017eitost vlastnit modern\u00ed nemovitost p\u0159\u00edmo u pl\u00e1\u017ee v jedn\u00e9 z nejv\u00edce\u2026<\/div><div class=\"property__meta-wrapper\"><div class=\"property__meta\"><div class=\"property__meta-area\"><span class=\"property__meta-text\">106 m\u00b2<\/span><\/div><div class=\"property__meta-bedrooms\"><span class=\"property__meta-text\">2<\/span><\/div><div class=\"property__meta-baths\"><span class=\"property__meta-text\">2<\/span><\/div><\/div><div class=\"property__price\">\u20ac2000<\/div><\/div><\/div><\/div><\/article><article class=\"property__item\"><div class=\"property__wrapper\"><div class=\"property__media-wrap\"><div class=\"wgl-carousel_wrapper\"><div class=\"property__media-slider slider-wrapper wgl-carousel wgl-carousel_swiper swiper-container\" data-item-carousel=\"wgl_carousel_6a9bde1082c0b\"><div class=\"swiper-wrapper\"><div class=\"item__swiper swiper-slide\"><span><img decoding=\"async\" src=\"https:\/\/albaniahome.cz\/wp-content\/uploads\/2026\/03\/10-740x560.png\" alt=\"Apartm\u00e1n u mo\u0159e v Alb\u00e1nii na prodej \u2013 investi\u010dn\u00ed nemovitost bl\u00edzko pl\u00e1\u017ee\"><\/span><\/div><div class=\"item__swiper swiper-slide\"><span><img decoding=\"async\" src=\"https:\/\/albaniahome.cz\/wp-content\/uploads\/2026\/03\/2-6-740x560.png\" alt=\"Apartm\u00e1n u mo\u0159e v Alb\u00e1nii na prodej \u2013 investi\u010dn\u00ed nemovitost bl\u00edzko pl\u00e1\u017ee\" loading=\"lazy\"><\/span><\/div><div class=\"item__swiper swiper-slide\"><span><img decoding=\"async\" src=\"https:\/\/albaniahome.cz\/wp-content\/uploads\/2026\/03\/8-4-740x560.png\" alt=\"Apartm\u00e1n u mo\u0159e v Alb\u00e1nii na prodej \u2013 investi\u010dn\u00ed nemovitost bl\u00edzko pl\u00e1\u017ee\" loading=\"lazy\"><\/span><\/div><div class=\"item__swiper swiper-slide\"><span><img decoding=\"async\" src=\"https:\/\/albaniahome.cz\/wp-content\/uploads\/2026\/03\/4-6-740x560.png\" alt=\"Apartm\u00e1n u mo\u0159e v Alb\u00e1nii na prodej \u2013 investi\u010dn\u00ed nemovitost bl\u00edzko pl\u00e1\u017ee\" loading=\"lazy\"><\/span><\/div><div class=\"item__swiper swiper-slide\"><span><img decoding=\"async\" src=\"https:\/\/albaniahome.cz\/wp-content\/uploads\/2026\/03\/5-6-740x560.png\" alt=\"Apartm\u00e1n u mo\u0159e v Alb\u00e1nii na prodej \u2013 investi\u010dn\u00ed nemovitost bl\u00edzko pl\u00e1\u017ee\" loading=\"lazy\"><\/span><\/div><div class=\"item__swiper swiper-slide\"><span><img decoding=\"async\" src=\"https:\/\/albaniahome.cz\/wp-content\/uploads\/2026\/03\/9-2-740x560.png\" alt=\"Apartm\u00e1n u mo\u0159e v Alb\u00e1nii na prodej \u2013 investi\u010dn\u00ed nemovitost bl\u00edzko pl\u00e1\u017ee\" loading=\"lazy\"><\/span><\/div><div class=\"item__swiper swiper-slide\"><span><img decoding=\"async\" src=\"https:\/\/albaniahome.cz\/wp-content\/uploads\/2026\/03\/6-6-740x560.png\" alt=\"Apartm\u00e1n u mo\u0159e v Alb\u00e1nii na prodej \u2013 investi\u010dn\u00ed nemovitost bl\u00edzko pl\u00e1\u017ee\" loading=\"lazy\"><\/span><\/div><div class=\"item__swiper swiper-slide\"><span><img decoding=\"async\" src=\"https:\/\/albaniahome.cz\/wp-content\/uploads\/2026\/03\/7-5-740x560.png\" alt=\"Apartm\u00e1n u mo\u0159e v Alb\u00e1nii na prodej \u2013 investi\u010dn\u00ed nemovitost bl\u00edzko pl\u00e1\u017ee\" loading=\"lazy\"><\/span><\/div><\/div><div class=\"wgl-navigation_wrapper\"><button class=\"elementor-swiper-button elementor-swiper-button-prev\" data-carousel=\"wgl_carousel_6a9bde1082c0b\"><i class=\"flaticon flaticon-right-arrow-1\"><\/i><\/button><button class=\"elementor-swiper-button elementor-swiper-button-next\" data-carousel=\"wgl_carousel_6a9bde1082c0b\"><i class=\"flaticon flaticon-right-arrow-1\"><\/i><\/button><\/div><\/div><\/div><span class=\"property__statuses\"><span><a href=\"https:\/\/albaniahome.cz\/cs\/property-status\/for-sale\/\" class=\"property-status\">Na prodej<\/a><\/span><\/span><\/div><div class=\"property__info\"><div class=\"property__location\">Durres - centrum<\/div><h3 class=\"property__title\"><a href=\"https:\/\/albaniahome.cz\/cs\/property\/luxury-2-bedroom-apartment-durres-centre\/\">Luxusn\u00ed apartm\u00e1n \u2013 centrum Durr\u00ebs, Alb\u00e1nie | 133 m\u00b2 | v\u00fdhled na mo\u0159e | 16. patro<\/a><\/h3><div class=\"property__excerpt\">\nObjevte jedine\u010dnou p\u0159\u00edle\u017eitost vlastnit pr\u00e9miovou, vysoce kvalitn\u00ed nemovitost situovanou v absolutn\u00ed\u2026<\/div><div class=\"property__meta-wrapper\"><div class=\"property__meta\"><div class=\"property__meta-area\"><span class=\"property__meta-text\">133 m2.<\/span><\/div><div class=\"property__meta-bedrooms\"><span class=\"property__meta-text\">2<\/span><\/div><div class=\"property__meta-baths\"><span class=\"property__meta-text\">1<\/span><\/div><\/div><div class=\"property__price\">\u20ac384000<\/div><\/div><\/div><\/div><\/article><article class=\"property__item\"><div class=\"property__wrapper\"><div class=\"property__media-wrap\"><div class=\"wgl-carousel_wrapper\"><div class=\"property__media-slider slider-wrapper wgl-carousel wgl-carousel_swiper swiper-container\" data-item-carousel=\"wgl_carousel_6a9bde1085429\"><div class=\"swiper-wrapper\"><div class=\"item__swiper swiper-slide\"><span><img decoding=\"async\" src=\"https:\/\/albaniahome.cz\/wp-content\/uploads\/2026\/03\/7-4-740x560.png\" alt=\"Apartm\u00e1n u mo\u0159e v Alb\u00e1nii na prodej \u2013 investi\u010dn\u00ed nemovitost bl\u00edzko pl\u00e1\u017ee\"><\/span><\/div><div class=\"item__swiper swiper-slide\"><span><img decoding=\"async\" src=\"https:\/\/albaniahome.cz\/wp-content\/uploads\/2026\/03\/6-5-740x560.png\" alt=\"Apartm\u00e1n u mo\u0159e v Alb\u00e1nii na prodej \u2013 investi\u010dn\u00ed nemovitost bl\u00edzko pl\u00e1\u017ee\" loading=\"lazy\"><\/span><\/div><div class=\"item__swiper swiper-slide\"><span><img decoding=\"async\" src=\"https:\/\/albaniahome.cz\/wp-content\/uploads\/2026\/03\/8-3-740x560.png\" alt=\"Apartm\u00e1n u mo\u0159e v Alb\u00e1nii na prodej \u2013 investi\u010dn\u00ed nemovitost bl\u00edzko pl\u00e1\u017ee\" loading=\"lazy\"><\/span><\/div><div class=\"item__swiper swiper-slide\"><span><img decoding=\"async\" src=\"https:\/\/albaniahome.cz\/wp-content\/uploads\/2026\/03\/4-5-740x560.png\" alt=\"Apartm\u00e1n u mo\u0159e v Alb\u00e1nii na prodej \u2013 investi\u010dn\u00ed nemovitost bl\u00edzko pl\u00e1\u017ee\" loading=\"lazy\"><\/span><\/div><div class=\"item__swiper swiper-slide\"><span><img decoding=\"async\" src=\"https:\/\/albaniahome.cz\/wp-content\/uploads\/2026\/03\/1-5-740x560.png\" alt=\"Apartm\u00e1n u mo\u0159e v Alb\u00e1nii na prodej \u2013 investi\u010dn\u00ed nemovitost bl\u00edzko pl\u00e1\u017ee\" loading=\"lazy\"><\/span><\/div><div class=\"item__swiper swiper-slide\"><span><img decoding=\"async\" src=\"https:\/\/albaniahome.cz\/wp-content\/uploads\/2026\/03\/2-5-740x560.png\" alt=\"Apartm\u00e1n u mo\u0159e v Alb\u00e1nii na prodej \u2013 investi\u010dn\u00ed nemovitost bl\u00edzko pl\u00e1\u017ee\" loading=\"lazy\"><\/span><\/div><div class=\"item__swiper swiper-slide\"><span><img decoding=\"async\" src=\"https:\/\/albaniahome.cz\/wp-content\/uploads\/2026\/03\/3-5-740x560.png\" alt=\"Apartm\u00e1n u mo\u0159e v Alb\u00e1nii na prodej \u2013 investi\u010dn\u00ed nemovitost bl\u00edzko pl\u00e1\u017ee\" loading=\"lazy\"><\/span><\/div><div class=\"item__swiper swiper-slide\"><span><img decoding=\"async\" src=\"https:\/\/albaniahome.cz\/wp-content\/uploads\/2026\/03\/5-5-740x560.png\" alt=\"Apartm\u00e1n u mo\u0159e v Alb\u00e1nii na prodej \u2013 investi\u010dn\u00ed nemovitost bl\u00edzko pl\u00e1\u017ee\" loading=\"lazy\"><\/span><\/div><\/div><div class=\"wgl-navigation_wrapper\"><button class=\"elementor-swiper-button elementor-swiper-button-prev\" data-carousel=\"wgl_carousel_6a9bde1085429\"><i class=\"flaticon flaticon-right-arrow-1\"><\/i><\/button><button class=\"elementor-swiper-button elementor-swiper-button-next\" data-carousel=\"wgl_carousel_6a9bde1085429\"><i class=\"flaticon flaticon-right-arrow-1\"><\/i><\/button><\/div><\/div><\/div><span class=\"property__statuses\"><span><a href=\"https:\/\/albaniahome.cz\/cs\/property-status\/for-sale\/\" class=\"property-status\">Na prodej<\/a><\/span><\/span><\/div><div class=\"property__info\"><div class=\"property__location\">Dra\u010d, Pl\u00e1\u017e<\/div><h3 class=\"property__title\"><a href=\"https:\/\/albaniahome.cz\/cs\/property\/1-bedroom-apartment-beachfront-albania\/\">Apartm\u00e1n u mo\u0159e v Alb\u00e1nii \u2013 ide\u00e1ln\u00ed investice a rekrea\u010dn\u00ed bydlen\u00ed<\/a><\/h3><div class=\"property__excerpt\">\nHled\u00e1te v\u00fdjime\u010dnou investici do nemovitost\u00ed nebo soukrom\u00e9 letn\u00ed \u00fato\u010di\u0161t\u011b na\u2026<\/div><div class=\"property__meta-wrapper\"><div class=\"property__meta\"><div class=\"property__meta-area\"><span class=\"property__meta-text\">74 m2<\/span><\/div><div class=\"property__meta-bedrooms\"><span class=\"property__meta-text\">1<\/span><\/div><div class=\"property__meta-baths\"><span class=\"property__meta-text\">1<\/span><\/div><\/div><div class=\"property__price\">\u20ac140000<\/div><\/div><\/div><\/div><\/article><article class=\"property__item\"><div class=\"property__wrapper\"><div class=\"property__media-wrap\"><div class=\"wgl-carousel_wrapper\"><div class=\"property__media-slider slider-wrapper wgl-carousel wgl-carousel_swiper swiper-container\" data-item-carousel=\"wgl_carousel_6a9bde108816c\"><div class=\"swiper-wrapper\"><div class=\"item__swiper swiper-slide\"><span><img decoding=\"async\" src=\"https:\/\/albaniahome.cz\/wp-content\/uploads\/2026\/03\/9-1-740x560.png\" alt=\"Apartm\u00e1n u mo\u0159e v Alb\u00e1nii na prodej \u2013 investi\u010dn\u00ed p\u0159\u00edle\u017eitost | Albania Home\"><\/span><\/div><div class=\"item__swiper swiper-slide\"><span><img decoding=\"async\" src=\"https:\/\/albaniahome.cz\/wp-content\/uploads\/2026\/03\/1-4-740x560.png\" alt=\"Apartm\u00e1n u mo\u0159e v Alb\u00e1nii na prodej \u2013 investi\u010dn\u00ed p\u0159\u00edle\u017eitost | Albania Home\" loading=\"lazy\"><\/span><\/div><div class=\"item__swiper swiper-slide\"><span><img decoding=\"async\" src=\"https:\/\/albaniahome.cz\/wp-content\/uploads\/2026\/03\/2-4-740x560.png\" alt=\"Apartm\u00e1n u mo\u0159e v Alb\u00e1nii na prodej \u2013 investi\u010dn\u00ed p\u0159\u00edle\u017eitost | Albania Home\" loading=\"lazy\"><\/span><\/div><div class=\"item__swiper swiper-slide\"><span><img decoding=\"async\" src=\"https:\/\/albaniahome.cz\/wp-content\/uploads\/2026\/03\/3-4-740x560.png\" alt=\"Apartm\u00e1n u mo\u0159e v Alb\u00e1nii na prodej \u2013 investi\u010dn\u00ed p\u0159\u00edle\u017eitost | Albania Home\" loading=\"lazy\"><\/span><\/div><div class=\"item__swiper swiper-slide\"><span><img decoding=\"async\" src=\"https:\/\/albaniahome.cz\/wp-content\/uploads\/2026\/03\/4-4-740x560.png\" alt=\"Apartm\u00e1n u mo\u0159e v Alb\u00e1nii na prodej \u2013 investi\u010dn\u00ed p\u0159\u00edle\u017eitost | Albania Home\" loading=\"lazy\"><\/span><\/div><div class=\"item__swiper swiper-slide\"><span><img decoding=\"async\" src=\"https:\/\/albaniahome.cz\/wp-content\/uploads\/2026\/03\/5-4-740x560.png\" alt=\"Apartm\u00e1n u mo\u0159e v Alb\u00e1nii na prodej \u2013 investi\u010dn\u00ed p\u0159\u00edle\u017eitost | Albania Home\" loading=\"lazy\"><\/span><\/div><div class=\"item__swiper swiper-slide\"><span><img decoding=\"async\" src=\"https:\/\/albaniahome.cz\/wp-content\/uploads\/2026\/03\/6-4-740x560.png\" alt=\"Apartm\u00e1n u mo\u0159e v Alb\u00e1nii na prodej \u2013 investi\u010dn\u00ed p\u0159\u00edle\u017eitost | Albania Home\" loading=\"lazy\"><\/span><\/div><div class=\"item__swiper swiper-slide\"><span><img decoding=\"async\" src=\"https:\/\/albaniahome.cz\/wp-content\/uploads\/2026\/03\/7-3-740x560.png\" alt=\"Apartm\u00e1n u mo\u0159e v Alb\u00e1nii na prodej \u2013 investi\u010dn\u00ed p\u0159\u00edle\u017eitost | Albania Home\" loading=\"lazy\"><\/span><\/div><div class=\"item__swiper swiper-slide\"><span><img decoding=\"async\" src=\"https:\/\/albaniahome.cz\/wp-content\/uploads\/2026\/03\/8-2-740x560.png\" alt=\"Apartm\u00e1n u mo\u0159e v Alb\u00e1nii na prodej \u2013 investi\u010dn\u00ed p\u0159\u00edle\u017eitost | Albania Home\" loading=\"lazy\"><\/span><\/div><\/div><div class=\"wgl-navigation_wrapper\"><button class=\"elementor-swiper-button elementor-swiper-button-prev\" data-carousel=\"wgl_carousel_6a9bde108816c\"><i class=\"flaticon flaticon-right-arrow-1\"><\/i><\/button><button class=\"elementor-swiper-button elementor-swiper-button-next\" data-carousel=\"wgl_carousel_6a9bde108816c\"><i class=\"flaticon flaticon-right-arrow-1\"><\/i><\/button><\/div><\/div><\/div><span class=\"property__statuses\"><span><a href=\"https:\/\/albaniahome.cz\/cs\/property-status\/for-sale\/\" class=\"property-status\">Na prodej<\/a><\/span><\/span><\/div><div class=\"property__info\"><div class=\"property__location\">Dra\u010d<\/div><h3 class=\"property__title\"><a href=\"https:\/\/albaniahome.cz\/cs\/property\/2-bedroom-apartment-sale-20m-from-sea\/\">Prodej bytu 2+kk - pohodln\u00e9 bydlen\u00ed u mo\u0159e<\/a><\/h3><div class=\"property__excerpt\">\nHled\u00e1te pr\u00e9miovou investi\u010dn\u00ed nemovitost nebo kr\u00e1sn\u00e9 soukrom\u00e9 letn\u00ed \u00fato\u010di\u0161t\u011b na rychle se rozv\u00edjej\u00edc\u00edm\u2026<\/div><div class=\"property__meta-wrapper\"><div class=\"property__meta\"><div class=\"property__meta-area\"><span class=\"property__meta-text\">77 m\u00b2<\/span><\/div><div class=\"property__meta-bedrooms\"><span class=\"property__meta-text\">2<\/span><\/div><div class=\"property__meta-baths\"><span class=\"property__meta-text\">1<\/span><\/div><\/div><div class=\"property__price\">\u20ac197600<\/div><\/div><\/div><\/div><\/article><article class=\"property__item\"><div class=\"property__wrapper\"><div class=\"property__media-wrap\"><div class=\"wgl-carousel_wrapper\"><div class=\"property__media-slider slider-wrapper wgl-carousel wgl-carousel_swiper swiper-container\" data-item-carousel=\"wgl_carousel_6a9bde108a3a7\"><div class=\"swiper-wrapper\"><div class=\"item__swiper swiper-slide\"><span><img decoding=\"async\" src=\"https:\/\/albaniahome.cz\/wp-content\/uploads\/2026\/03\/WhatsApp-Image-2026-03-23-at-3.08.49-PMbxb-740x560.jpeg\" alt=\"Apartm\u00e1n u mo\u0159e v Alb\u00e1nii na prodej \u2013 investi\u010dn\u00ed p\u0159\u00edle\u017eitost | Albania Home\"><\/span><\/div><div class=\"item__swiper swiper-slide\"><span><img decoding=\"async\" src=\"https:\/\/albaniahome.cz\/wp-content\/uploads\/2026\/03\/1-3-740x560.png\" alt=\"Apartm\u00e1n u mo\u0159e v Alb\u00e1nii na prodej \u2013 investi\u010dn\u00ed p\u0159\u00edle\u017eitost | Albania Home\" loading=\"lazy\"><\/span><\/div><div class=\"item__swiper swiper-slide\"><span><img decoding=\"async\" src=\"https:\/\/albaniahome.cz\/wp-content\/uploads\/2026\/03\/WhatsApp-Image-2026-03-23-at-3.10.11-PMbc-740x560.jpeg\" alt=\"Apartm\u00e1n u mo\u0159e v Alb\u00e1nii na prodej \u2013 investi\u010dn\u00ed p\u0159\u00edle\u017eitost | Albania Home\" loading=\"lazy\"><\/span><\/div><div class=\"item__swiper swiper-slide\"><span><img decoding=\"async\" src=\"https:\/\/albaniahome.cz\/wp-content\/uploads\/2026\/03\/2-3-740x560.png\" alt=\"Apartm\u00e1n u mo\u0159e v Alb\u00e1nii na prodej \u2013 investi\u010dn\u00ed p\u0159\u00edle\u017eitost | Albania Home\" loading=\"lazy\"><\/span><\/div><div class=\"item__swiper swiper-slide\"><span><img decoding=\"async\" src=\"https:\/\/albaniahome.cz\/wp-content\/uploads\/2026\/03\/WhatsApp-Image-2026-03-23-at-3.08.49-PM-740x560.jpeg\" alt=\"Apartm\u00e1n u mo\u0159e v Alb\u00e1nii na prodej \u2013 investi\u010dn\u00ed p\u0159\u00edle\u017eitost | Albania Home\" loading=\"lazy\"><\/span><\/div><div class=\"item__swiper swiper-slide\"><span><img decoding=\"async\" src=\"https:\/\/albaniahome.cz\/wp-content\/uploads\/2026\/03\/5-3-740x560.png\" alt=\"Apartm\u00e1n u mo\u0159e v Alb\u00e1nii na prodej \u2013 investi\u010dn\u00ed p\u0159\u00edle\u017eitost | Albania Home\" loading=\"lazy\"><\/span><\/div><div class=\"item__swiper swiper-slide\"><span><img decoding=\"async\" src=\"https:\/\/albaniahome.cz\/wp-content\/uploads\/2026\/03\/3-3-740x560.png\" alt=\"Apartm\u00e1n u mo\u0159e v Alb\u00e1nii na prodej \u2013 investi\u010dn\u00ed p\u0159\u00edle\u017eitost | Albania Home\" loading=\"lazy\"><\/span><\/div><div class=\"item__swiper swiper-slide\"><span><img decoding=\"async\" src=\"https:\/\/albaniahome.cz\/wp-content\/uploads\/2026\/03\/4-3-740x560.png\" alt=\"Apartm\u00e1n u mo\u0159e v Alb\u00e1nii na prodej \u2013 investi\u010dn\u00ed p\u0159\u00edle\u017eitost | Albania Home\" loading=\"lazy\"><\/span><\/div><div class=\"item__swiper swiper-slide\"><span><img decoding=\"async\" src=\"https:\/\/albaniahome.cz\/wp-content\/uploads\/2026\/03\/6-3-740x560.png\" alt=\"Apartm\u00e1n u mo\u0159e v Alb\u00e1nii na prodej \u2013 investi\u010dn\u00ed p\u0159\u00edle\u017eitost | Albania Home\" loading=\"lazy\"><\/span><\/div><\/div><div class=\"wgl-navigation_wrapper\"><button class=\"elementor-swiper-button elementor-swiper-button-prev\" data-carousel=\"wgl_carousel_6a9bde108a3a7\"><i class=\"flaticon flaticon-right-arrow-1\"><\/i><\/button><button class=\"elementor-swiper-button elementor-swiper-button-next\" data-carousel=\"wgl_carousel_6a9bde108a3a7\"><i class=\"flaticon flaticon-right-arrow-1\"><\/i><\/button><\/div><\/div><\/div><span class=\"property__statuses\"><span><a href=\"https:\/\/albaniahome.cz\/cs\/property-status\/for-sale\/\" class=\"property-status\">Na prodej<\/a><\/span><\/span><\/div><div class=\"property__info\"><div class=\"property__location\">Dra\u010d, Pl\u00e1\u017e<\/div><h3 class=\"property__title\"><a href=\"https:\/\/albaniahome.cz\/cs\/property\/80m2-apartment-sale-pine-sea-views\/\">Sv\u011btl\u00fd apartm\u00e1n bl\u00edzko pl\u00e1\u017ee s klidn\u00fdm v\u00fdhledem na borovice \ud83c\udf3f\ud83c\udf0a<\/a><\/h3><div class=\"property__excerpt\">\nHled\u00e1te klidn\u00e9 p\u0159\u00edmo\u0159sk\u00e9 \u00fato\u010di\u0161t\u011b nebo vysoce v\u00fdnosnou investi\u010dn\u00ed nemovitost na rychle se rozv\u00edjej\u00edc\u00edm\u2026<\/div><div class=\"property__meta-wrapper\"><div class=\"property__meta\"><div class=\"property__meta-area\"><span class=\"property__meta-text\">80 m2<\/span><\/div><div class=\"property__meta-bedrooms\"><span class=\"property__meta-text\">2<\/span><\/div><div class=\"property__meta-baths\"><span class=\"property__meta-text\">1<\/span><\/div><\/div><div class=\"property__price\">\u20ac145000<\/div><\/div><\/div><\/div><\/article><article class=\"property__item\"><div class=\"property__wrapper\"><div class=\"property__media-wrap\"><div class=\"wgl-carousel_wrapper\"><div class=\"property__media-slider slider-wrapper wgl-carousel wgl-carousel_swiper swiper-container\" data-item-carousel=\"wgl_carousel_6a9bde108d71a\"><div class=\"swiper-wrapper\"><div class=\"item__swiper swiper-slide\"><span><img decoding=\"async\" src=\"https:\/\/albaniahome.cz\/wp-content\/uploads\/2026\/03\/2-9-740x560.png\" alt=\"apartm\u00e1ny u mo\u0159e Alb\u00e1nie v\u00fdhled na mo\u0159e exteri\u00e9r\"><\/span><\/div><div class=\"item__swiper swiper-slide\"><span><img decoding=\"async\" src=\"https:\/\/albaniahome.cz\/wp-content\/uploads\/2026\/03\/14-740x560.png\" alt=\"apartm\u00e1ny u mo\u0159e Alb\u00e1nie v\u00fdhled na mo\u0159e exteri\u00e9r\" loading=\"lazy\"><\/span><\/div><div class=\"item__swiper swiper-slide\"><span><img decoding=\"async\" src=\"https:\/\/albaniahome.cz\/wp-content\/uploads\/2026\/03\/15-740x560.png\" alt=\"apartm\u00e1ny u mo\u0159e Alb\u00e1nie v\u00fdhled na mo\u0159e exteri\u00e9r\" loading=\"lazy\"><\/span><\/div><div class=\"item__swiper swiper-slide\"><span><img decoding=\"async\" src=\"https:\/\/albaniahome.cz\/wp-content\/uploads\/2026\/03\/1-2-740x560.png\" alt=\"Apartm\u00e1n u mo\u0159e v Alb\u00e1nii na prodej \u2013 investi\u010dn\u00ed nemovitost bl\u00edzko pl\u00e1\u017ee\" loading=\"lazy\"><\/span><\/div><div class=\"item__swiper swiper-slide\"><span><img decoding=\"async\" src=\"https:\/\/albaniahome.cz\/wp-content\/uploads\/2026\/03\/5-8-740x560.png\" alt=\"apartm\u00e1ny u mo\u0159e Alb\u00e1nie v\u00fdhled na mo\u0159e exteri\u00e9r\" loading=\"lazy\"><\/span><\/div><div class=\"item__swiper swiper-slide\"><span><img decoding=\"async\" src=\"https:\/\/albaniahome.cz\/wp-content\/uploads\/2026\/03\/6-8-740x560.png\" alt=\"apartm\u00e1ny u mo\u0159e Alb\u00e1nie v\u00fdhled na mo\u0159e exteri\u00e9r\" loading=\"lazy\"><\/span><\/div><div class=\"item__swiper swiper-slide\"><span><img decoding=\"async\" src=\"https:\/\/albaniahome.cz\/wp-content\/uploads\/2026\/03\/10-2-740x560.png\" alt=\"apartm\u00e1ny u mo\u0159e Alb\u00e1nie v\u00fdhled na mo\u0159e exteri\u00e9r\" loading=\"lazy\"><\/span><\/div><div class=\"item__swiper swiper-slide\"><span><img decoding=\"async\" src=\"https:\/\/albaniahome.cz\/wp-content\/uploads\/2026\/03\/13-740x560.png\" alt=\"apartm\u00e1ny u mo\u0159e Alb\u00e1nie v\u00fdhled na mo\u0159e exteri\u00e9r\" loading=\"lazy\"><\/span><\/div><div class=\"item__swiper swiper-slide\"><span><img decoding=\"async\" src=\"https:\/\/albaniahome.cz\/wp-content\/uploads\/2026\/03\/9-4-740x560.png\" alt=\"apartm\u00e1ny u mo\u0159e Alb\u00e1nie v\u00fdhled na mo\u0159e exteri\u00e9r\" loading=\"lazy\"><\/span><\/div><div class=\"item__swiper swiper-slide\"><span><img decoding=\"async\" src=\"https:\/\/albaniahome.cz\/wp-content\/uploads\/2026\/03\/11-1-740x560.png\" alt=\"apartm\u00e1ny u mo\u0159e Alb\u00e1nie v\u00fdhled na mo\u0159e exteri\u00e9r\" loading=\"lazy\"><\/span><\/div><div class=\"item__swiper swiper-slide\"><span><img decoding=\"async\" src=\"https:\/\/albaniahome.cz\/wp-content\/uploads\/2026\/03\/3-2-740x560.png\" alt=\"Apartm\u00e1n u mo\u0159e v Alb\u00e1nii na prodej \u2013 investi\u010dn\u00ed nemovitost bl\u00edzko pl\u00e1\u017ee\" loading=\"lazy\"><\/span><\/div><div class=\"item__swiper swiper-slide\"><span><img decoding=\"async\" src=\"https:\/\/albaniahome.cz\/wp-content\/uploads\/2026\/03\/4-8-740x560.png\" alt=\"apartm\u00e1ny u mo\u0159e Alb\u00e1nie v\u00fdhled na mo\u0159e exteri\u00e9r\" loading=\"lazy\"><\/span><\/div><div class=\"item__swiper swiper-slide\"><span><img decoding=\"async\" src=\"https:\/\/albaniahome.cz\/wp-content\/uploads\/2026\/03\/8-6-740x560.png\" alt=\"apartm\u00e1ny u mo\u0159e Alb\u00e1nie v\u00fdhled na mo\u0159e exteri\u00e9r\" loading=\"lazy\"><\/span><\/div><div class=\"item__swiper swiper-slide\"><span><img decoding=\"async\" src=\"https:\/\/albaniahome.cz\/wp-content\/uploads\/2026\/03\/12-1-740x560.png\" alt=\"apartm\u00e1ny u mo\u0159e Alb\u00e1nie v\u00fdhled na mo\u0159e exteri\u00e9r\" loading=\"lazy\"><\/span><\/div><div class=\"item__swiper swiper-slide\"><span><img decoding=\"async\" src=\"https:\/\/albaniahome.cz\/wp-content\/uploads\/2026\/03\/7-7-740x560.png\" alt=\"apartm\u00e1ny u mo\u0159e Alb\u00e1nie v\u00fdhled na mo\u0159e exteri\u00e9r\" loading=\"lazy\"><\/span><\/div><div class=\"item__swiper swiper-slide\"><span><img decoding=\"async\" src=\"https:\/\/albaniahome.cz\/wp-content\/uploads\/2026\/03\/5-2-740x560.png\" alt=\"Apartm\u00e1n u mo\u0159e v Alb\u00e1nii na prodej \u2013 investi\u010dn\u00ed nemovitost bl\u00edzko pl\u00e1\u017ee\" loading=\"lazy\"><\/span><\/div><div class=\"item__swiper swiper-slide\"><span><img decoding=\"async\" src=\"https:\/\/albaniahome.cz\/wp-content\/uploads\/2026\/03\/7-2-740x560.png\" alt=\"Apartm\u00e1n u mo\u0159e v Alb\u00e1nii na prodej \u2013 investi\u010dn\u00ed nemovitost bl\u00edzko pl\u00e1\u017ee\" loading=\"lazy\"><\/span><\/div><\/div><div class=\"wgl-navigation_wrapper\"><button class=\"elementor-swiper-button elementor-swiper-button-prev\" data-carousel=\"wgl_carousel_6a9bde108d71a\"><i class=\"flaticon flaticon-right-arrow-1\"><\/i><\/button><button class=\"elementor-swiper-button elementor-swiper-button-next\" data-carousel=\"wgl_carousel_6a9bde108d71a\"><i class=\"flaticon flaticon-right-arrow-1\"><\/i><\/button><\/div><\/div><\/div><span class=\"property__statuses\"><span><a href=\"https:\/\/albaniahome.cz\/cs\/property-status\/for-sale\/\" class=\"property-status\">Na prodej<\/a><\/span><\/span><\/div><div class=\"property__info\"><div class=\"property__location\">Pl\u00e1\u017e v Durresu<\/div><h3 class=\"property__title\"><a href=\"https:\/\/albaniahome.cz\/cs\/property\/luxusni-apartman-3kk-dva-balkony-more\/\">Nov\u00e1 nab\u00eddka nemovitosti: Luxusn\u00ed 100 m\u00b2 byt se 2 lo\u017enicemi a dv\u011bma balkony s v\u00fdhledem na mo\u0159e<\/a><\/h3><div class=\"property__excerpt\">\nHled\u00e1te v\u00fdjime\u010dn\u00fd domov u pl\u00e1\u017ee nebo pr\u00e9miovou investi\u010dn\u00ed nemovitost na\u2026<\/div><div class=\"property__meta-wrapper\"><div class=\"property__meta\"><div class=\"property__meta-area\"><span class=\"property__meta-text\">100 m\u00b2<\/span><\/div><div class=\"property__meta-bedrooms\"><span class=\"property__meta-text\">1<\/span><\/div><div class=\"property__meta-baths\"><span class=\"property__meta-text\">1<\/span><\/div><\/div><div class=\"property__price\">\u20ac285000<\/div><\/div><\/div><\/div><\/article><article class=\"property__item\"><div class=\"property__wrapper\"><div class=\"property__media-wrap\"><div class=\"wgl-carousel_wrapper\"><div class=\"property__media-slider slider-wrapper wgl-carousel wgl-carousel_swiper swiper-container\" data-item-carousel=\"wgl_carousel_6a9bde108fd4c\"><div class=\"swiper-wrapper\"><div class=\"item__swiper swiper-slide\"><span><img decoding=\"async\" src=\"https:\/\/albaniahome.cz\/wp-content\/uploads\/2026\/01\/5-12-740x560.png\" alt=\"Apartm\u00e1n u mo\u0159e v Alb\u00e1nii na prodej \u2013 investi\u010dn\u00ed nemovitost bl\u00edzko pl\u00e1\u017ee\"><\/span><\/div><div class=\"item__swiper swiper-slide\"><span><img decoding=\"async\" src=\"https:\/\/albaniahome.cz\/wp-content\/uploads\/2026\/01\/7-6-740x560.png\" alt=\"Apartm\u00e1n u mo\u0159e v Alb\u00e1nii na prodej \u2013 investi\u010dn\u00ed nemovitost bl\u00edzko pl\u00e1\u017ee\" loading=\"lazy\"><\/span><\/div><div class=\"item__swiper swiper-slide\"><span><img decoding=\"async\" src=\"https:\/\/albaniahome.cz\/wp-content\/uploads\/2026\/01\/6-10-740x560.png\" alt=\"Apartm\u00e1n u mo\u0159e v Alb\u00e1nii na prodej \u2013 investi\u010dn\u00ed nemovitost bl\u00edzko pl\u00e1\u017ee\" loading=\"lazy\"><\/span><\/div><div class=\"item__swiper swiper-slide\"><span><img decoding=\"async\" src=\"https:\/\/albaniahome.cz\/wp-content\/uploads\/2026\/01\/4-11-740x560.png\" alt=\"Apartm\u00e1n u mo\u0159e v Alb\u00e1nii na prodej \u2013 investi\u010dn\u00ed nemovitost bl\u00edzko pl\u00e1\u017ee\" loading=\"lazy\"><\/span><\/div><div class=\"item__swiper swiper-slide\"><span><img decoding=\"async\" src=\"https:\/\/albaniahome.cz\/wp-content\/uploads\/2026\/01\/3-9-740x560.png\" alt=\"Apartm\u00e1n u mo\u0159e v Alb\u00e1nii na prodej \u2013 investi\u010dn\u00ed nemovitost bl\u00edzko pl\u00e1\u017ee\" loading=\"lazy\"><\/span><\/div><div class=\"item__swiper swiper-slide\"><span><img decoding=\"async\" src=\"https:\/\/albaniahome.cz\/wp-content\/uploads\/2026\/01\/2-11-740x560.png\" alt=\"Apartm\u00e1n u mo\u0159e v Alb\u00e1nii na prodej \u2013 investi\u010dn\u00ed nemovitost bl\u00edzko pl\u00e1\u017ee\" loading=\"lazy\"><\/span><\/div><div class=\"item__swiper swiper-slide\"><span><img decoding=\"async\" src=\"https:\/\/albaniahome.cz\/wp-content\/uploads\/2026\/01\/1-11-740x560.png\" alt=\"Apartm\u00e1n u mo\u0159e v Alb\u00e1nii na prodej \u2013 investi\u010dn\u00ed nemovitost bl\u00edzko pl\u00e1\u017ee\" loading=\"lazy\"><\/span><\/div><\/div><div class=\"wgl-navigation_wrapper\"><button class=\"elementor-swiper-button elementor-swiper-button-prev\" data-carousel=\"wgl_carousel_6a9bde108fd4c\"><i class=\"flaticon flaticon-right-arrow-1\"><\/i><\/button><button class=\"elementor-swiper-button elementor-swiper-button-next\" data-carousel=\"wgl_carousel_6a9bde108fd4c\"><i class=\"flaticon flaticon-right-arrow-1\"><\/i><\/button><\/div><\/div><\/div><span class=\"property__statuses\"><span><a href=\"https:\/\/albaniahome.cz\/cs\/property-status\/for-rent\/\" class=\"property-status\">K pron\u00e1jmu<\/a><\/span><\/span><\/div><div class=\"property__info\"><div class=\"property__location\">Dra\u010d, Golem<\/div><h3 class=\"property__title\"><a href=\"https:\/\/albaniahome.cz\/cs\/property\/long-term-rental-apartment\/\">Byt k dlouhodob\u00e9mu pron\u00e1jmu<\/a><\/h3><div class=\"property__excerpt\">\n\u00datuln\u00fd 1pokojov\u00fd byt k dlouhodob\u00e9mu pron\u00e1jmu \u2013 pet friendly, mo\u0159e hned p\u0159es ulici<\/div><div class=\"property__meta-wrapper\"><div class=\"property__meta\"><div class=\"property__meta-bedrooms\"><span class=\"property__meta-text\">1<\/span><\/div><div class=\"property__meta-baths\"><span class=\"property__meta-text\">1<\/span><\/div><\/div><div class=\"property__price\">\u20ac300<\/div><\/div><\/div><\/div><\/article><article class=\"property__item\"><div class=\"property__wrapper\"><div class=\"property__media-wrap\"><div class=\"wgl-carousel_wrapper\"><div class=\"property__media-slider slider-wrapper wgl-carousel wgl-carousel_swiper swiper-container\" data-item-carousel=\"wgl_carousel_6a9bde1091d4a\"><div class=\"swiper-wrapper\"><div class=\"item__swiper swiper-slide\"><span><img decoding=\"async\" src=\"https:\/\/albaniahome.cz\/wp-content\/uploads\/2026\/02\/1-740x560.png\" alt=\"Apartm\u00e1n u mo\u0159e v Alb\u00e1nii na prodej \u2013 investi\u010dn\u00ed nemovitost bl\u00edzko pl\u00e1\u017ee\"><\/span><\/div><div class=\"item__swiper swiper-slide\"><span><img decoding=\"async\" src=\"https:\/\/albaniahome.cz\/wp-content\/uploads\/2026\/02\/2-740x560.png\" alt=\"Apartm\u00e1n u mo\u0159e v Alb\u00e1nii na prodej \u2013 investi\u010dn\u00ed nemovitost bl\u00edzko pl\u00e1\u017ee\" loading=\"lazy\"><\/span><\/div><div class=\"item__swiper swiper-slide\"><span><img decoding=\"async\" src=\"https:\/\/albaniahome.cz\/wp-content\/uploads\/2026\/02\/3-740x560.png\" alt=\"Apartm\u00e1n u mo\u0159e v Alb\u00e1nii na prodej \u2013 investi\u010dn\u00ed nemovitost bl\u00edzko pl\u00e1\u017ee\" loading=\"lazy\"><\/span><\/div><div class=\"item__swiper swiper-slide\"><span><img decoding=\"async\" src=\"https:\/\/albaniahome.cz\/wp-content\/uploads\/2026\/02\/4-740x560.png\" alt=\"Apartm\u00e1n u mo\u0159e v Alb\u00e1nii na prodej \u2013 investi\u010dn\u00ed nemovitost bl\u00edzko pl\u00e1\u017ee\" loading=\"lazy\"><\/span><\/div><div class=\"item__swiper swiper-slide\"><span><img decoding=\"async\" src=\"https:\/\/albaniahome.cz\/wp-content\/uploads\/2026\/02\/5-740x560.png\" alt=\"Apartm\u00e1n u mo\u0159e v Alb\u00e1nii na prodej \u2013 investi\u010dn\u00ed nemovitost bl\u00edzko pl\u00e1\u017ee\" loading=\"lazy\"><\/span><\/div><div class=\"item__swiper swiper-slide\"><span><img decoding=\"async\" src=\"https:\/\/albaniahome.cz\/wp-content\/uploads\/2026\/02\/7-740x560.png\" alt=\"Apartm\u00e1n u mo\u0159e v Alb\u00e1nii na prodej \u2013 investi\u010dn\u00ed nemovitost bl\u00edzko pl\u00e1\u017ee\" loading=\"lazy\"><\/span><\/div><div class=\"item__swiper swiper-slide\"><span><img decoding=\"async\" src=\"https:\/\/albaniahome.cz\/wp-content\/uploads\/2026\/02\/pavel-koupelna-740x560.jpeg\" alt=\"Albania Home\" loading=\"lazy\"><\/span><\/div><\/div><div class=\"wgl-navigation_wrapper\"><button class=\"elementor-swiper-button elementor-swiper-button-prev\" data-carousel=\"wgl_carousel_6a9bde1091d4a\"><i class=\"flaticon flaticon-right-arrow-1\"><\/i><\/button><button class=\"elementor-swiper-button elementor-swiper-button-next\" data-carousel=\"wgl_carousel_6a9bde1091d4a\"><i class=\"flaticon flaticon-right-arrow-1\"><\/i><\/button><\/div><\/div><\/div><span class=\"property__statuses\"><span><a href=\"https:\/\/albaniahome.cz\/cs\/property-status\/for-sale\/\" class=\"property-status\">Na prodej<\/a><\/span><\/span><\/div><div class=\"property__info\"><div class=\"property__location\">Pl\u00e1\u017e v Durresu<\/div><h3 class=\"property__title\"><a href=\"https:\/\/albaniahome.cz\/cs\/property\/apartment-with-balcony-garage-sea-view\/\">Modern\u00ed apartm\u00e1n s velk\u00fdm balk\u00f3nem a v\u00fdhledem na mo\u0159e<\/a><\/h3><div class=\"property__excerpt\">Hled\u00e1te bezpe\u010dnou investici do nemovitosti nebo komfortn\u00ed bydlen\u00ed u pob\u0159e\u017e\u00ed<\/div><div class=\"property__meta-wrapper\"><div class=\"property__meta\"><div class=\"property__meta-area\"><span class=\"property__meta-text\">65 m\u00b2<\/span><\/div><div class=\"property__meta-bedrooms\"><span class=\"property__meta-text\">1<\/span><\/div><div class=\"property__meta-baths\"><span class=\"property__meta-text\">1<\/span><\/div><\/div><div class=\"property__price\">\u20ac150000<\/div><\/div><\/div><\/div><\/article><article class=\"property__item\"><div class=\"property__wrapper\"><div class=\"property__media-wrap\"><div class=\"wgl-carousel_wrapper\"><div class=\"property__media-slider slider-wrapper wgl-carousel wgl-carousel_swiper swiper-container\" data-item-carousel=\"wgl_carousel_6a9bde1094115\"><div class=\"swiper-wrapper\"><div class=\"item__swiper swiper-slide\"><span><img decoding=\"async\" src=\"https:\/\/albaniahome.cz\/wp-content\/uploads\/2026\/01\/1-20-740x560.png\" alt=\"Apartm\u00e1n u mo\u0159e v Alb\u00e1nii na prodej \u2013 investi\u010dn\u00ed nemovitost bl\u00edzko pl\u00e1\u017ee\"><\/span><\/div><div class=\"item__swiper swiper-slide\"><span><img decoding=\"async\" src=\"https:\/\/albaniahome.cz\/wp-content\/uploads\/2026\/01\/2-20-740x560.png\" alt=\"Apartm\u00e1n u mo\u0159e v Alb\u00e1nii na prodej \u2013 investi\u010dn\u00ed nemovitost bl\u00edzko pl\u00e1\u017ee\" loading=\"lazy\"><\/span><\/div><div class=\"item__swiper swiper-slide\"><span><img decoding=\"async\" src=\"https:\/\/albaniahome.cz\/wp-content\/uploads\/2026\/01\/3-18-740x560.png\" alt=\"Apartm\u00e1n u mo\u0159e v Alb\u00e1nii na prodej \u2013 investi\u010dn\u00ed nemovitost bl\u00edzko pl\u00e1\u017ee\" loading=\"lazy\"><\/span><\/div><div class=\"item__swiper swiper-slide\"><span><img decoding=\"async\" src=\"https:\/\/albaniahome.cz\/wp-content\/uploads\/2026\/01\/4-20-740x560.png\" alt=\"Apartm\u00e1n u mo\u0159e v Alb\u00e1nii na prodej \u2013 investi\u010dn\u00ed nemovitost bl\u00edzko pl\u00e1\u017ee\" loading=\"lazy\"><\/span><\/div><div class=\"item__swiper swiper-slide\"><span><img decoding=\"async\" src=\"https:\/\/albaniahome.cz\/wp-content\/uploads\/2026\/01\/5-20-740x560.png\" alt=\"Apartm\u00e1n u mo\u0159e v Alb\u00e1nii na prodej \u2013 investi\u010dn\u00ed nemovitost bl\u00edzko pl\u00e1\u017ee\" loading=\"lazy\"><\/span><\/div><div class=\"item__swiper swiper-slide\"><span><img decoding=\"async\" src=\"https:\/\/albaniahome.cz\/wp-content\/uploads\/2026\/01\/6-17-740x560.png\" alt=\"Apartm\u00e1n u mo\u0159e v Alb\u00e1nii na prodej \u2013 investi\u010dn\u00ed nemovitost bl\u00edzko pl\u00e1\u017ee\" loading=\"lazy\"><\/span><\/div><div class=\"item__swiper swiper-slide\"><span><img decoding=\"async\" src=\"https:\/\/albaniahome.cz\/wp-content\/uploads\/2026\/01\/7-13-740x560.png\" alt=\"Apartm\u00e1n u mo\u0159e v Alb\u00e1nii na prodej \u2013 investi\u010dn\u00ed nemovitost bl\u00edzko pl\u00e1\u017ee\" loading=\"lazy\"><\/span><\/div><div class=\"item__swiper swiper-slide\"><span><img decoding=\"async\" src=\"https:\/\/albaniahome.cz\/wp-content\/uploads\/2026\/01\/8-11-740x560.png\" alt=\"Apartm\u00e1n u mo\u0159e v Alb\u00e1nii na prodej \u2013 investi\u010dn\u00ed nemovitost bl\u00edzko pl\u00e1\u017ee\" loading=\"lazy\"><\/span><\/div><div class=\"item__swiper swiper-slide\"><span><img decoding=\"async\" src=\"https:\/\/albaniahome.cz\/wp-content\/uploads\/2026\/01\/10-7-740x560.png\" alt=\"Apartm\u00e1n u mo\u0159e v Alb\u00e1nii na prodej \u2013 investi\u010dn\u00ed nemovitost bl\u00edzko pl\u00e1\u017ee\" loading=\"lazy\"><\/span><\/div><\/div><div class=\"wgl-navigation_wrapper\"><button class=\"elementor-swiper-button elementor-swiper-button-prev\" data-carousel=\"wgl_carousel_6a9bde1094115\"><i class=\"flaticon flaticon-right-arrow-1\"><\/i><\/button><button class=\"elementor-swiper-button elementor-swiper-button-next\" data-carousel=\"wgl_carousel_6a9bde1094115\"><i class=\"flaticon flaticon-right-arrow-1\"><\/i><\/button><\/div><\/div><\/div><span class=\"property__statuses\"><span><a href=\"https:\/\/albaniahome.cz\/cs\/property-status\/for-sale\/\" class=\"property-status\">Na prodej<\/a><\/span><\/span><\/div><div class=\"property__info\"><div class=\"property__location\">Dra\u010d \u2013 Shk\u00ebmbi i Kavaj\u00ebs<\/div><h3 class=\"property__title\"><a href=\"https:\/\/albaniahome.cz\/cs\/property\/apartmany-prodej-shkembi-i-kavajes-durres\/\">Byty na prodej u mo\u0159e \u2013 Shk\u00ebmbi i Kavaj\u00ebs, Durr\u00ebs<\/a><\/h3><div class=\"property__excerpt\">Hled\u00e1te v\u00fdjime\u010dnou realitn\u00ed investici nebo p\u0159izp\u016fsobiteln\u00e9 pr\u00e1zdninov\u00e9 \u00fato\u010di\u0161t\u011b na<\/div><div class=\"property__meta-wrapper\"><div class=\"property__meta\"><div class=\"property__meta-bedrooms\"><span class=\"property__meta-text\">1<\/span><\/div><div class=\"property__meta-baths\"><span class=\"property__meta-text\">1<\/span><\/div><\/div><div class=\"property__price\">\u20ac1200<\/div><\/div><\/div><\/div><\/article><article class=\"property__item\"><div class=\"property__wrapper\"><div class=\"property__media-wrap\"><div class=\"wgl-carousel_wrapper\"><div class=\"property__media-slider slider-wrapper wgl-carousel wgl-carousel_swiper swiper-container\" data-item-carousel=\"wgl_carousel_6a9bde109651c\"><div class=\"swiper-wrapper\"><div class=\"item__swiper swiper-slide\"><span><img decoding=\"async\" src=\"https:\/\/albaniahome.cz\/wp-content\/uploads\/2026\/01\/9-8-740x560.png\" alt=\"Apartm\u00e1n u mo\u0159e v Alb\u00e1nii na prodej \u2013 investi\u010dn\u00ed nemovitost bl\u00edzko pl\u00e1\u017ee\"><\/span><\/div><div class=\"item__swiper swiper-slide\"><span><img decoding=\"async\" src=\"https:\/\/albaniahome.cz\/wp-content\/uploads\/2026\/01\/3-17-740x560.png\" alt=\"Apartm\u00e1n u mo\u0159e v Alb\u00e1nii na prodej \u2013 investi\u010dn\u00ed nemovitost bl\u00edzko pl\u00e1\u017ee\" loading=\"lazy\"><\/span><\/div><div class=\"item__swiper swiper-slide\"><span><img decoding=\"async\" src=\"https:\/\/albaniahome.cz\/wp-content\/uploads\/2026\/01\/7-12-740x560.png\" alt=\"Apartm\u00e1n u mo\u0159e v Alb\u00e1nii na prodej \u2013 investi\u010dn\u00ed nemovitost bl\u00edzko pl\u00e1\u017ee\" loading=\"lazy\"><\/span><\/div><div class=\"item__swiper swiper-slide\"><span><img decoding=\"async\" src=\"https:\/\/albaniahome.cz\/wp-content\/uploads\/2026\/01\/4-19-740x560.png\" alt=\"Apartm\u00e1n u mo\u0159e v Alb\u00e1nii na prodej \u2013 investi\u010dn\u00ed nemovitost bl\u00edzko pl\u00e1\u017ee\" loading=\"lazy\"><\/span><\/div><div class=\"item__swiper swiper-slide\"><span><img decoding=\"async\" src=\"https:\/\/albaniahome.cz\/wp-content\/uploads\/2026\/01\/5-19-740x560.png\" alt=\"Apartm\u00e1n u mo\u0159e v Alb\u00e1nii na prodej \u2013 investi\u010dn\u00ed nemovitost bl\u00edzko pl\u00e1\u017ee\" loading=\"lazy\"><\/span><\/div><div class=\"item__swiper swiper-slide\"><span><img decoding=\"async\" src=\"https:\/\/albaniahome.cz\/wp-content\/uploads\/2026\/01\/6-16-740x560.png\" alt=\"Apartm\u00e1n u mo\u0159e v Alb\u00e1nii na prodej \u2013 investi\u010dn\u00ed nemovitost bl\u00edzko pl\u00e1\u017ee\" loading=\"lazy\"><\/span><\/div><div class=\"item__swiper swiper-slide\"><span><img decoding=\"async\" src=\"https:\/\/albaniahome.cz\/wp-content\/uploads\/2026\/01\/1-19-740x560.png\" alt=\"Apartm\u00e1n u mo\u0159e v Alb\u00e1nii na prodej \u2013 investi\u010dn\u00ed nemovitost bl\u00edzko pl\u00e1\u017ee\" loading=\"lazy\"><\/span><\/div><div class=\"item__swiper swiper-slide\"><span><img decoding=\"async\" src=\"https:\/\/albaniahome.cz\/wp-content\/uploads\/2026\/01\/2-19-740x560.png\" alt=\"Apartm\u00e1n u mo\u0159e v Alb\u00e1nii na prodej \u2013 investi\u010dn\u00ed nemovitost bl\u00edzko pl\u00e1\u017ee\" loading=\"lazy\"><\/span><\/div><div class=\"item__swiper swiper-slide\"><span><img decoding=\"async\" src=\"https:\/\/albaniahome.cz\/wp-content\/uploads\/2026\/01\/8-10-740x560.png\" alt=\"Apartm\u00e1n u mo\u0159e v Alb\u00e1nii na prodej \u2013 investi\u010dn\u00ed nemovitost bl\u00edzko pl\u00e1\u017ee\" loading=\"lazy\"><\/span><\/div><\/div><div class=\"wgl-navigation_wrapper\"><button class=\"elementor-swiper-button elementor-swiper-button-prev\" data-carousel=\"wgl_carousel_6a9bde109651c\"><i class=\"flaticon flaticon-right-arrow-1\"><\/i><\/button><button class=\"elementor-swiper-button elementor-swiper-button-next\" data-carousel=\"wgl_carousel_6a9bde109651c\"><i class=\"flaticon flaticon-right-arrow-1\"><\/i><\/button><\/div><\/div><\/div><span class=\"property__statuses\"><span><a href=\"https:\/\/albaniahome.cz\/cs\/property-status\/for-sale\/\" class=\"property-status\">Na prodej<\/a><\/span><\/span><\/div><div class=\"property__info\"><div class=\"property__location\">Dra\u010d \u2013 Mali i Robit<\/div><h3 class=\"property__title\"><a href=\"https:\/\/albaniahome.cz\/cs\/property\/2-bedroom-apartment-in-mali-i-robit\/\">Prostorn\u00fd t\u0159\u00edpokojov\u00fd apartm\u00e1n na prodej v Mali i Robit \u2013 250 m od mo\u0159e<\/a><\/h3><div class=\"property__excerpt\">\nHled\u00e1te ide\u00e1ln\u00ed nemovitost u mo\u0159e v Alb\u00e1nii, kter\u00e1 nab\u00edz\u00ed skv\u011bl\u00fd pom\u011br ceny a kvality?<\/div><div class=\"property__meta-wrapper\"><div class=\"property__meta\"><div class=\"property__meta-area\"><span class=\"property__meta-text\">100 m\u00b2<\/span><\/div><div class=\"property__meta-bedrooms\"><span class=\"property__meta-text\">1<\/span><\/div><div class=\"property__meta-baths\"><span class=\"property__meta-text\">1<\/span><\/div><\/div><div class=\"property__price\">\u20ac95000<\/div><\/div><\/div><\/div><\/article><article class=\"property__item\"><div class=\"property__wrapper\"><div class=\"property__media-wrap\"><div class=\"wgl-carousel_wrapper\"><div class=\"property__media-slider slider-wrapper wgl-carousel wgl-carousel_swiper swiper-container\" data-item-carousel=\"wgl_carousel_6a9bde1097fd2\"><div class=\"swiper-wrapper\"><div class=\"item__swiper swiper-slide\"><span><img decoding=\"async\" src=\"https:\/\/albaniahome.cz\/wp-content\/uploads\/2026\/01\/3-16-740x560.png\" alt=\"Apartm\u00e1n u mo\u0159e v Alb\u00e1nii na prodej \u2013 investi\u010dn\u00ed nemovitost bl\u00edzko pl\u00e1\u017ee\"><\/span><\/div><div class=\"item__swiper swiper-slide\"><span><img decoding=\"async\" src=\"https:\/\/albaniahome.cz\/wp-content\/uploads\/2026\/01\/2-18-740x560.png\" alt=\"Apartm\u00e1n u mo\u0159e v Alb\u00e1nii na prodej \u2013 investi\u010dn\u00ed nemovitost bl\u00edzko pl\u00e1\u017ee\" loading=\"lazy\"><\/span><\/div><div class=\"item__swiper swiper-slide\"><span><img decoding=\"async\" src=\"https:\/\/albaniahome.cz\/wp-content\/uploads\/2026\/01\/5-18-740x560.png\" alt=\"Apartm\u00e1n u mo\u0159e v Alb\u00e1nii na prodej \u2013 investi\u010dn\u00ed nemovitost bl\u00edzko pl\u00e1\u017ee\" loading=\"lazy\"><\/span><\/div><div class=\"item__swiper swiper-slide\"><span><img decoding=\"async\" src=\"https:\/\/albaniahome.cz\/wp-content\/uploads\/2026\/01\/1-18-740x560.png\" alt=\"Apartm\u00e1n u mo\u0159e v Alb\u00e1nii na prodej \u2013 investi\u010dn\u00ed nemovitost bl\u00edzko pl\u00e1\u017ee\" loading=\"lazy\"><\/span><\/div><div class=\"item__swiper swiper-slide\"><span><img decoding=\"async\" src=\"https:\/\/albaniahome.cz\/wp-content\/uploads\/2026\/01\/4-18-740x560.png\" alt=\"Apartm\u00e1n u mo\u0159e v Alb\u00e1nii na prodej \u2013 investi\u010dn\u00ed nemovitost bl\u00edzko pl\u00e1\u017ee\" loading=\"lazy\"><\/span><\/div><\/div><div class=\"wgl-navigation_wrapper\"><button class=\"elementor-swiper-button elementor-swiper-button-prev\" data-carousel=\"wgl_carousel_6a9bde1097fd2\"><i class=\"flaticon flaticon-right-arrow-1\"><\/i><\/button><button class=\"elementor-swiper-button elementor-swiper-button-next\" data-carousel=\"wgl_carousel_6a9bde1097fd2\"><i class=\"flaticon flaticon-right-arrow-1\"><\/i><\/button><\/div><\/div><\/div><span class=\"property__statuses\"><span><a href=\"https:\/\/albaniahome.cz\/cs\/property-status\/for-sale\/\" class=\"property-status\">Na prodej<\/a><\/span><\/span><\/div><div class=\"property__info\"><div class=\"property__location\">Dra\u010d, Pl\u00e1\u017e<\/div><h3 class=\"property__title\"><a href=\"https:\/\/albaniahome.cz\/cs\/property\/moderni-apartman-prvni-linie-more-65m2\/\">Modern\u00ed apartm\u00e1n s v\u00fdhledem na mo\u0159e na prodej \u2013 2+kk, prvn\u00ed linie u mo\u0159e<\/a><\/h3><div class=\"property__excerpt\">\nHled\u00e1te ide\u00e1ln\u00ed nemovitost u mo\u0159e v Alb\u00e1nii, kter\u00e1 nab\u00edz\u00ed skv\u011bl\u00fd pom\u011br ceny a kvality?<\/div><div class=\"property__meta-wrapper\"><div class=\"property__meta\"><div class=\"property__meta-area\"><span class=\"property__meta-text\">65 m\u00b2<\/span><\/div><div class=\"property__meta-bedrooms\"><span class=\"property__meta-text\">1<\/span><\/div><div class=\"property__meta-baths\"><span class=\"property__meta-text\">1<\/span><\/div><\/div><div class=\"property__price\">\u20ac145000<\/div><\/div><\/div><\/div><\/article><article class=\"property__item\"><div class=\"property__wrapper\"><div class=\"property__media-wrap\"><div class=\"wgl-carousel_wrapper\"><div class=\"property__media-slider slider-wrapper wgl-carousel wgl-carousel_swiper swiper-container\" data-item-carousel=\"wgl_carousel_6a9bde10995a4\"><div class=\"swiper-wrapper\"><div class=\"item__swiper swiper-slide\"><span><img decoding=\"async\" src=\"https:\/\/albaniahome.cz\/wp-content\/uploads\/2026\/01\/1-17-740x560.png\" alt=\"Apartm\u00e1n u mo\u0159e v Alb\u00e1nii na prodej \u2013 investi\u010dn\u00ed nemovitost bl\u00edzko pl\u00e1\u017ee\"><\/span><\/div><div class=\"item__swiper swiper-slide\"><span><img decoding=\"async\" src=\"https:\/\/albaniahome.cz\/wp-content\/uploads\/2026\/01\/2-17-740x560.png\" alt=\"Albania Home\" loading=\"lazy\"><\/span><\/div><div class=\"item__swiper swiper-slide\"><span><img decoding=\"async\" src=\"https:\/\/albaniahome.cz\/wp-content\/uploads\/2026\/01\/3-15-740x560.png\" alt=\"Albania Home\" loading=\"lazy\"><\/span><\/div><div class=\"item__swiper swiper-slide\"><span><img decoding=\"async\" src=\"https:\/\/albaniahome.cz\/wp-content\/uploads\/2026\/01\/4-17-740x560.png\" alt=\"Albania Home\" loading=\"lazy\"><\/span><\/div><\/div><div class=\"wgl-navigation_wrapper\"><button class=\"elementor-swiper-button elementor-swiper-button-prev\" data-carousel=\"wgl_carousel_6a9bde10995a4\"><i class=\"flaticon flaticon-right-arrow-1\"><\/i><\/button><button class=\"elementor-swiper-button elementor-swiper-button-next\" data-carousel=\"wgl_carousel_6a9bde10995a4\"><i class=\"flaticon flaticon-right-arrow-1\"><\/i><\/button><\/div><\/div><\/div><\/div><div class=\"property__info\"><div class=\"property__location\">Dra\u010d \u2013 Mali i Robit<\/div><h3 class=\"property__title\"><a href=\"https:\/\/albaniahome.cz\/cs\/property\/1-bedroom-seafront-apartment-just-50m-from-the-beach-in-mali-i-robit-durres\/\">Apartm\u00e1n 1+1 p\u0159\u00edmo u pl\u00e1\u017ee, jen 50 m od mo\u0159e v Mali i Robit, Durres<\/a><\/h3><div class=\"property__excerpt\">\nHled\u00e1te ide\u00e1ln\u00ed nemovitost u mo\u0159e v Alb\u00e1nii, kter\u00e1 nab\u00edz\u00ed skv\u011bl\u00fd pom\u011br ceny a kvality?<\/div><div class=\"property__meta-wrapper\"><div class=\"property__meta\"><div class=\"property__meta-area\"><span class=\"property__meta-text\">60 m\u00b2<\/span><\/div><div class=\"property__meta-bedrooms\"><span class=\"property__meta-text\">1<\/span><\/div><div class=\"property__meta-baths\"><span class=\"property__meta-text\">1<\/span><\/div><\/div><div class=\"property__price\">\u20ac84000<\/div><\/div><\/div><\/div><\/article><article class=\"property__item\"><div class=\"property__wrapper\"><div class=\"property__media-wrap\"><div class=\"wgl-carousel_wrapper\"><div class=\"property__media-slider slider-wrapper wgl-carousel wgl-carousel_swiper swiper-container\" data-item-carousel=\"wgl_carousel_6a9bde109bb80\"><div class=\"swiper-wrapper\"><div class=\"item__swiper swiper-slide\"><span><img decoding=\"async\" src=\"https:\/\/albaniahome.cz\/wp-content\/uploads\/2026\/01\/12-2-740x560.png\" alt=\"Apartm\u00e1n u mo\u0159e v Alb\u00e1nii na prodej \u2013 investi\u010dn\u00ed nemovitost bl\u00edzko pl\u00e1\u017ee\"><\/span><\/div><div class=\"item__swiper swiper-slide\"><span><img decoding=\"async\" src=\"https:\/\/albaniahome.cz\/wp-content\/uploads\/2026\/01\/11-2-740x560.png\" alt=\"Apartm\u00e1n u mo\u0159e v Alb\u00e1nii na prodej \u2013 investi\u010dn\u00ed nemovitost bl\u00edzko pl\u00e1\u017ee\" loading=\"lazy\"><\/span><\/div><div class=\"item__swiper swiper-slide\"><span><img decoding=\"async\" src=\"https:\/\/albaniahome.cz\/wp-content\/uploads\/2026\/01\/1-16-740x560.png\" alt=\"Apartm\u00e1n u mo\u0159e v Alb\u00e1nii na prodej \u2013 investi\u010dn\u00ed nemovitost bl\u00edzko pl\u00e1\u017ee\" loading=\"lazy\"><\/span><\/div><div class=\"item__swiper swiper-slide\"><span><img decoding=\"async\" src=\"https:\/\/albaniahome.cz\/wp-content\/uploads\/2026\/01\/2-16-740x560.png\" alt=\"Apartm\u00e1n u mo\u0159e v Alb\u00e1nii na prodej \u2013 investi\u010dn\u00ed nemovitost bl\u00edzko pl\u00e1\u017ee\" loading=\"lazy\"><\/span><\/div><div class=\"item__swiper swiper-slide\"><span><img decoding=\"async\" src=\"https:\/\/albaniahome.cz\/wp-content\/uploads\/2026\/01\/3-14-740x560.png\" alt=\"Apartm\u00e1n u mo\u0159e v Alb\u00e1nii na prodej \u2013 investi\u010dn\u00ed nemovitost bl\u00edzko pl\u00e1\u017ee\" loading=\"lazy\"><\/span><\/div><div class=\"item__swiper swiper-slide\"><span><img decoding=\"async\" src=\"https:\/\/albaniahome.cz\/wp-content\/uploads\/2026\/01\/4-16-740x560.png\" alt=\"Apartm\u00e1n u mo\u0159e v Alb\u00e1nii na prodej \u2013 investi\u010dn\u00ed nemovitost bl\u00edzko pl\u00e1\u017ee\" loading=\"lazy\"><\/span><\/div><div class=\"item__swiper swiper-slide\"><span><img decoding=\"async\" src=\"https:\/\/albaniahome.cz\/wp-content\/uploads\/2026\/01\/5-17-740x560.png\" alt=\"Apartm\u00e1n u mo\u0159e v Alb\u00e1nii na prodej \u2013 investi\u010dn\u00ed nemovitost bl\u00edzko pl\u00e1\u017ee\" loading=\"lazy\"><\/span><\/div><div class=\"item__swiper swiper-slide\"><span><img decoding=\"async\" src=\"https:\/\/albaniahome.cz\/wp-content\/uploads\/2026\/01\/6-15-740x560.png\" alt=\"Apartm\u00e1n u mo\u0159e v Alb\u00e1nii na prodej \u2013 investi\u010dn\u00ed nemovitost bl\u00edzko pl\u00e1\u017ee\" loading=\"lazy\"><\/span><\/div><div class=\"item__swiper swiper-slide\"><span><img decoding=\"async\" src=\"https:\/\/albaniahome.cz\/wp-content\/uploads\/2026\/01\/7-11-740x560.png\" alt=\"Apartm\u00e1n u mo\u0159e v Alb\u00e1nii na prodej \u2013 investi\u010dn\u00ed nemovitost bl\u00edzko pl\u00e1\u017ee\" loading=\"lazy\"><\/span><\/div><div class=\"item__swiper swiper-slide\"><span><img decoding=\"async\" src=\"https:\/\/albaniahome.cz\/wp-content\/uploads\/2026\/01\/8-9-740x560.png\" alt=\"Apartm\u00e1n u mo\u0159e v Alb\u00e1nii na prodej \u2013 investi\u010dn\u00ed nemovitost bl\u00edzko pl\u00e1\u017ee\" loading=\"lazy\"><\/span><\/div><div class=\"item__swiper swiper-slide\"><span><img decoding=\"async\" src=\"https:\/\/albaniahome.cz\/wp-content\/uploads\/2026\/01\/9-7-740x560.png\" alt=\"Apartm\u00e1n u mo\u0159e v Alb\u00e1nii na prodej \u2013 investi\u010dn\u00ed nemovitost bl\u00edzko pl\u00e1\u017ee\" loading=\"lazy\"><\/span><\/div><div class=\"item__swiper swiper-slide\"><span><img decoding=\"async\" src=\"https:\/\/albaniahome.cz\/wp-content\/uploads\/2026\/01\/10-6-740x560.png\" alt=\"Apartm\u00e1n u mo\u0159e v Alb\u00e1nii na prodej \u2013 investi\u010dn\u00ed nemovitost bl\u00edzko pl\u00e1\u017ee\" loading=\"lazy\"><\/span><\/div><div class=\"item__swiper swiper-slide\"><span><img decoding=\"async\" src=\"https:\/\/albaniahome.cz\/wp-content\/uploads\/2026\/01\/13-2-740x560.png\" alt=\"Apartm\u00e1n u mo\u0159e v Alb\u00e1nii na prodej \u2013 investi\u010dn\u00ed nemovitost bl\u00edzko pl\u00e1\u017ee\" loading=\"lazy\"><\/span><\/div><div class=\"item__swiper swiper-slide\"><span><img decoding=\"async\" src=\"https:\/\/albaniahome.cz\/wp-content\/uploads\/2026\/01\/14-740x560.png\" alt=\"Albania Home\" loading=\"lazy\"><\/span><\/div><\/div><div class=\"wgl-navigation_wrapper\"><button class=\"elementor-swiper-button elementor-swiper-button-prev\" data-carousel=\"wgl_carousel_6a9bde109bb80\"><i class=\"flaticon flaticon-right-arrow-1\"><\/i><\/button><button class=\"elementor-swiper-button elementor-swiper-button-next\" data-carousel=\"wgl_carousel_6a9bde109bb80\"><i class=\"flaticon flaticon-right-arrow-1\"><\/i><\/button><\/div><\/div><\/div><span class=\"property__statuses\"><span><a href=\"https:\/\/albaniahome.cz\/cs\/property-status\/for-sale\/\" class=\"property-status\">Na prodej<\/a><\/span><\/span><\/div><div class=\"property__info\"><div class=\"property__location\">Dra\u010d \u2013 Mali i Robit<\/div><h3 class=\"property__title\"><a href=\"https:\/\/albaniahome.cz\/cs\/property\/bright-1-bedroom-apartment-just-300m-from-the-sea-in-mali-i-robit\/\">Byt 1+1 jen 300 m od mo\u0159e v Mali i Robit<\/a><\/h3><div class=\"property__excerpt\">\nNab\u00edz\u00edme k prodeji byt 1+1 v osobn\u00edm vlastnictv\u00ed o celkov\u00e9 rozloze 64,4 m\u00b2.<\/div><div class=\"property__meta-wrapper\"><div class=\"property__meta\"><div class=\"property__meta-area\"><span class=\"property__meta-text\">64 m\u00b2<\/span><\/div><div class=\"property__meta-bedrooms\"><span class=\"property__meta-text\">1<\/span><\/div><div class=\"property__meta-baths\"><span class=\"property__meta-text\">1<\/span><\/div><\/div><div class=\"property__price\">\u20ac74000<\/div><\/div><\/div><\/div><\/article><article class=\"property__item\"><div class=\"property__wrapper\"><div class=\"property__media-wrap\"><div class=\"wgl-carousel_wrapper\"><div class=\"property__media-slider slider-wrapper wgl-carousel wgl-carousel_swiper swiper-container\" data-item-carousel=\"wgl_carousel_6a9bde109dc91\"><div class=\"swiper-wrapper\"><div class=\"item__swiper swiper-slide\"><span><img decoding=\"async\" src=\"https:\/\/albaniahome.cz\/wp-content\/uploads\/2026\/01\/1-15-740x560.png\" alt=\"Apartm\u00e1n u mo\u0159e v Alb\u00e1nii na prodej \u2013 investi\u010dn\u00ed nemovitost bl\u00edzko pl\u00e1\u017ee\"><\/span><\/div><div class=\"item__swiper swiper-slide\"><span><img decoding=\"async\" src=\"https:\/\/albaniahome.cz\/wp-content\/uploads\/2026\/01\/2-15-740x560.png\" alt=\"Apartm\u00e1n u mo\u0159e v Alb\u00e1nii na prodej \u2013 investi\u010dn\u00ed nemovitost bl\u00edzko pl\u00e1\u017ee\" loading=\"lazy\"><\/span><\/div><div class=\"item__swiper swiper-slide\"><span><img decoding=\"async\" src=\"https:\/\/albaniahome.cz\/wp-content\/uploads\/2026\/01\/3-13-740x560.png\" alt=\"Apartm\u00e1n u mo\u0159e v Alb\u00e1nii na prodej \u2013 investi\u010dn\u00ed nemovitost bl\u00edzko pl\u00e1\u017ee\" loading=\"lazy\"><\/span><\/div><div class=\"item__swiper swiper-slide\"><span><img decoding=\"async\" src=\"https:\/\/albaniahome.cz\/wp-content\/uploads\/2026\/01\/4-15-740x560.png\" alt=\"Apartm\u00e1n u mo\u0159e v Alb\u00e1nii na prodej \u2013 investi\u010dn\u00ed nemovitost bl\u00edzko pl\u00e1\u017ee\" loading=\"lazy\"><\/span><\/div><div class=\"item__swiper swiper-slide\"><span><img decoding=\"async\" src=\"https:\/\/albaniahome.cz\/wp-content\/uploads\/2026\/01\/5-16-740x560.png\" alt=\"Apartm\u00e1n u mo\u0159e v Alb\u00e1nii na prodej \u2013 investi\u010dn\u00ed nemovitost bl\u00edzko pl\u00e1\u017ee\" loading=\"lazy\"><\/span><\/div><div class=\"item__swiper swiper-slide\"><span><img decoding=\"async\" src=\"https:\/\/albaniahome.cz\/wp-content\/uploads\/2026\/01\/6-14-740x560.png\" alt=\"Apartm\u00e1n u mo\u0159e v Alb\u00e1nii na prodej \u2013 investi\u010dn\u00ed nemovitost bl\u00edzko pl\u00e1\u017ee\" loading=\"lazy\"><\/span><\/div><div class=\"item__swiper swiper-slide\"><span><img decoding=\"async\" src=\"https:\/\/albaniahome.cz\/wp-content\/uploads\/2026\/01\/7-10-740x560.png\" alt=\"Apartm\u00e1n u mo\u0159e v Alb\u00e1nii na prodej \u2013 investi\u010dn\u00ed nemovitost bl\u00edzko pl\u00e1\u017ee\" loading=\"lazy\"><\/span><\/div><\/div><div class=\"wgl-navigation_wrapper\"><button class=\"elementor-swiper-button elementor-swiper-button-prev\" data-carousel=\"wgl_carousel_6a9bde109dc91\"><i class=\"flaticon flaticon-right-arrow-1\"><\/i><\/button><button class=\"elementor-swiper-button elementor-swiper-button-next\" data-carousel=\"wgl_carousel_6a9bde109dc91\"><i class=\"flaticon flaticon-right-arrow-1\"><\/i><\/button><\/div><\/div><\/div><span class=\"property__statuses\"><span><a href=\"https:\/\/albaniahome.cz\/cs\/property-status\/for-sale\/\" class=\"property-status\">Na prodej<\/a><\/span><\/span><\/div><div class=\"property__info\"><div class=\"property__location\">Dra\u010d \u2013 Mali i Robit<\/div><h3 class=\"property__title\"><a href=\"https:\/\/albaniahome.cz\/cs\/property\/apartment-on-the-seafront-in-golem-durres\/\">Apartm\u00e1n p\u0159\u00edmo u pl\u00e1\u017ee v Golemu, Durres<\/a><\/h3><div class=\"property__excerpt\">\nNab\u00edz\u00edme k prodeji byt s velk\u00fdm komer\u010dn\u00edm potenci\u00e1lem, kter\u00fd se nach\u00e1z\u00ed p\u0159\u00edmo na pl\u00e1\u017ei v<\/div><div class=\"property__meta-wrapper\"><div class=\"property__meta\"><div class=\"property__meta-area\"><span class=\"property__meta-text\">72 m\u00b2<\/span><\/div><div class=\"property__meta-bedrooms\"><span class=\"property__meta-text\">2<\/span><\/div><div class=\"property__meta-baths\"><span class=\"property__meta-text\">0<\/span><\/div><\/div><div class=\"property__price\">\u20ac150000<\/div><\/div><\/div><\/div><\/article><article class=\"property__item\"><div class=\"property__wrapper\"><div class=\"property__media-wrap\"><div class=\"wgl-carousel_wrapper\"><div class=\"property__media-slider slider-wrapper wgl-carousel wgl-carousel_swiper swiper-container\" data-item-carousel=\"wgl_carousel_6a9bde109f65e\"><div class=\"swiper-wrapper\"><div class=\"item__swiper swiper-slide\"><span><img decoding=\"async\" src=\"https:\/\/albaniahome.cz\/wp-content\/uploads\/2026\/01\/2-14-740x560.png\" alt=\"Apartm\u00e1n u mo\u0159e v Alb\u00e1nii na prodej \u2013 investi\u010dn\u00ed nemovitost bl\u00edzko pl\u00e1\u017ee\"><\/span><\/div><div class=\"item__swiper swiper-slide\"><span><img decoding=\"async\" src=\"https:\/\/albaniahome.cz\/wp-content\/uploads\/2026\/01\/7-9-740x560.png\" alt=\"Apartm\u00e1n u mo\u0159e v Alb\u00e1nii na prodej \u2013 investi\u010dn\u00ed nemovitost bl\u00edzko pl\u00e1\u017ee\" loading=\"lazy\"><\/span><\/div><div class=\"item__swiper swiper-slide\"><span><img decoding=\"async\" src=\"https:\/\/albaniahome.cz\/wp-content\/uploads\/2026\/01\/1-14-740x560.png\" alt=\"Apartm\u00e1n u mo\u0159e v Alb\u00e1nii na prodej \u2013 investi\u010dn\u00ed nemovitost bl\u00edzko pl\u00e1\u017ee\" loading=\"lazy\"><\/span><\/div><div class=\"item__swiper swiper-slide\"><span><img decoding=\"async\" src=\"https:\/\/albaniahome.cz\/wp-content\/uploads\/2026\/01\/3-12-740x560.png\" alt=\"Apartm\u00e1n u mo\u0159e v Alb\u00e1nii na prodej \u2013 investi\u010dn\u00ed nemovitost bl\u00edzko pl\u00e1\u017ee\" loading=\"lazy\"><\/span><\/div><div class=\"item__swiper swiper-slide\"><span><img decoding=\"async\" src=\"https:\/\/albaniahome.cz\/wp-content\/uploads\/2026\/01\/4-14-740x560.png\" alt=\"Apartm\u00e1n u mo\u0159e v Alb\u00e1nii na prodej \u2013 investi\u010dn\u00ed nemovitost bl\u00edzko pl\u00e1\u017ee\" loading=\"lazy\"><\/span><\/div><div class=\"item__swiper swiper-slide\"><span><img decoding=\"async\" src=\"https:\/\/albaniahome.cz\/wp-content\/uploads\/2026\/01\/5-15-740x560.png\" alt=\"Apartm\u00e1n u mo\u0159e v Alb\u00e1nii na prodej \u2013 investi\u010dn\u00ed nemovitost bl\u00edzko pl\u00e1\u017ee\" loading=\"lazy\"><\/span><\/div><div class=\"item__swiper swiper-slide\"><span><img decoding=\"async\" src=\"https:\/\/albaniahome.cz\/wp-content\/uploads\/2026\/01\/6-13-740x560.png\" alt=\"Apartm\u00e1n u mo\u0159e v Alb\u00e1nii na prodej \u2013 investi\u010dn\u00ed nemovitost bl\u00edzko pl\u00e1\u017ee\" loading=\"lazy\"><\/span><\/div><\/div><div class=\"wgl-navigation_wrapper\"><button class=\"elementor-swiper-button elementor-swiper-button-prev\" data-carousel=\"wgl_carousel_6a9bde109f65e\"><i class=\"flaticon flaticon-right-arrow-1\"><\/i><\/button><button class=\"elementor-swiper-button elementor-swiper-button-next\" data-carousel=\"wgl_carousel_6a9bde109f65e\"><i class=\"flaticon flaticon-right-arrow-1\"><\/i><\/button><\/div><\/div><\/div><span class=\"property__statuses\"><span><a href=\"https:\/\/albaniahome.cz\/cs\/property-status\/for-sale\/\" class=\"property-status\">Na prodej<\/a><\/span><\/span><\/div><div class=\"property__info\"><div class=\"property__location\">Dra\u010d \u2013 Pl\u00e1\u017e<\/div><h3 class=\"property__title\"><a href=\"https:\/\/albaniahome.cz\/cs\/property\/modern-2-bedroom-apartment-on-the-seaside-promenade-100m-from-the-beach\/\">Modern\u00ed byt se 2 lo\u017enicemi na p\u0159\u00edmo\u0159sk\u00e9 promen\u00e1d\u011b, 100 m od pl\u00e1\u017ee<\/a><\/h3><div class=\"property__excerpt\">\nNab\u00edz\u00edme k prodeji modern\u00ed byt 3+kk s kuchy\u0148sk\u00fdm koutem o celkov\u00e9 rozloze 125<\/div><div class=\"property__meta-wrapper\"><div class=\"property__meta\"><div class=\"property__meta-area\"><span class=\"property__meta-text\">125 m\u00b2<\/span><\/div><div class=\"property__meta-bedrooms\"><span class=\"property__meta-text\">2<\/span><\/div><div class=\"property__meta-baths\"><span class=\"property__meta-text\">1<\/span><\/div><\/div><\/div><\/div><\/div><\/article><article class=\"property__item\"><div class=\"property__wrapper\"><div class=\"property__media-wrap\"><div class=\"wgl-carousel_wrapper\"><div class=\"property__media-slider slider-wrapper wgl-carousel wgl-carousel_swiper swiper-container\" data-item-carousel=\"wgl_carousel_6a9bde10a1115\"><div class=\"swiper-wrapper\"><div class=\"item__swiper swiper-slide\"><span><img decoding=\"async\" src=\"https:\/\/albaniahome.cz\/wp-content\/uploads\/2026\/01\/7-7-740x560.png\" alt=\"Apartm\u00e1n u mo\u0159e v Alb\u00e1nii na prodej \u2013 investi\u010dn\u00ed nemovitost bl\u00edzko pl\u00e1\u017ee\"><\/span><\/div><div class=\"item__swiper swiper-slide\"><span><img decoding=\"async\" src=\"https:\/\/albaniahome.cz\/wp-content\/uploads\/2026\/01\/3-10-740x560.png\" alt=\"Apartm\u00e1n u mo\u0159e v Alb\u00e1nii na prodej \u2013 investi\u010dn\u00ed nemovitost bl\u00edzko pl\u00e1\u017ee\" loading=\"lazy\"><\/span><\/div><div class=\"item__swiper swiper-slide\"><span><img decoding=\"async\" src=\"https:\/\/albaniahome.cz\/wp-content\/uploads\/2026\/01\/4-12-740x560.png\" alt=\"Apartm\u00e1n u mo\u0159e v Alb\u00e1nii na prodej \u2013 investi\u010dn\u00ed nemovitost bl\u00edzko pl\u00e1\u017ee\" loading=\"lazy\"><\/span><\/div><div class=\"item__swiper swiper-slide\"><span><img decoding=\"async\" src=\"https:\/\/albaniahome.cz\/wp-content\/uploads\/2026\/01\/5-13-740x560.png\" alt=\"Apartm\u00e1n u mo\u0159e v Alb\u00e1nii na prodej \u2013 investi\u010dn\u00ed nemovitost bl\u00edzko pl\u00e1\u017ee\" loading=\"lazy\"><\/span><\/div><div class=\"item__swiper swiper-slide\"><span><img decoding=\"async\" src=\"https:\/\/albaniahome.cz\/wp-content\/uploads\/2026\/01\/2-12-740x560.png\" alt=\"Apartm\u00e1n u mo\u0159e v Alb\u00e1nii na prodej \u2013 investi\u010dn\u00ed nemovitost bl\u00edzko pl\u00e1\u017ee\" loading=\"lazy\"><\/span><\/div><div class=\"item__swiper swiper-slide\"><span><img decoding=\"async\" src=\"https:\/\/albaniahome.cz\/wp-content\/uploads\/2026\/01\/6-11-740x560.png\" alt=\"Apartm\u00e1n u mo\u0159e v Alb\u00e1nii na prodej \u2013 investi\u010dn\u00ed nemovitost bl\u00edzko pl\u00e1\u017ee\" loading=\"lazy\"><\/span><\/div><div class=\"item__swiper swiper-slide\"><span><img decoding=\"async\" src=\"https:\/\/albaniahome.cz\/wp-content\/uploads\/2026\/01\/8-7-740x560.png\" alt=\"Apartm\u00e1n u mo\u0159e v Alb\u00e1nii na prodej \u2013 investi\u010dn\u00ed nemovitost bl\u00edzko pl\u00e1\u017ee\" loading=\"lazy\"><\/span><\/div><div class=\"item__swiper swiper-slide\"><span><img decoding=\"async\" src=\"https:\/\/albaniahome.cz\/wp-content\/uploads\/2026\/01\/1-12-740x560.png\" alt=\"Apartm\u00e1n u mo\u0159e v Alb\u00e1nii na prodej \u2013 investi\u010dn\u00ed nemovitost bl\u00edzko pl\u00e1\u017ee\" loading=\"lazy\"><\/span><\/div><\/div><div class=\"wgl-navigation_wrapper\"><button class=\"elementor-swiper-button elementor-swiper-button-prev\" data-carousel=\"wgl_carousel_6a9bde10a1115\"><i class=\"flaticon flaticon-right-arrow-1\"><\/i><\/button><button class=\"elementor-swiper-button elementor-swiper-button-next\" data-carousel=\"wgl_carousel_6a9bde10a1115\"><i class=\"flaticon flaticon-right-arrow-1\"><\/i><\/button><\/div><\/div><\/div><span class=\"property__statuses\"><span><a href=\"https:\/\/albaniahome.cz\/cs\/property-status\/for-sale\/\" class=\"property-status\">Na prodej<\/a><\/span><\/span><\/div><div class=\"property__info\"><div class=\"property__location\">Durr\u00ebs \u2013 Shk\u00ebmbi i Kavaj\u00ebs<\/div><h3 class=\"property__title\"><a href=\"https:\/\/albaniahome.cz\/cs\/property\/apartman-u-more-durres-shkembi-i-kavajes\/\">Apartm\u00e1n u mo\u0159e \u2013 Durr\u00ebs, Shk\u00ebmbi i Kavaj\u00ebs<\/a><\/h3><div class=\"property__excerpt\">\n\n\nNab\u00edz\u00edme k prodeji prostorn\u00fd a sv\u011btl\u00fd apartm\u00e1n v atraktivn\u00ed lokalit\u011b Durr\u00ebs \u2013 Shk\u00ebmbi<\/div><div class=\"property__meta-wrapper\"><div class=\"property__meta\"><div class=\"property__meta-area\"><span class=\"property__meta-text\">85 m\u00b2<\/span><\/div><div class=\"property__meta-bedrooms\"><span class=\"property__meta-text\">2<\/span><\/div><div class=\"property__meta-baths\"><span class=\"property__meta-text\">1<\/span><\/div><\/div><div class=\"property__price\">\u20ac140000<\/div><\/div><\/div><\/div><\/article><article class=\"property__item\"><div class=\"property__wrapper\"><div class=\"property__media-wrap\"><div class=\"wgl-carousel_wrapper\"><div class=\"property__media-slider slider-wrapper wgl-carousel wgl-carousel_swiper swiper-container\" data-item-carousel=\"wgl_carousel_6a9bde10a23c6\"><div class=\"swiper-wrapper\"><div class=\"item__swiper swiper-slide\"><span><img decoding=\"async\" src=\"https:\/\/albaniahome.cz\/wp-content\/uploads\/2026\/01\/5-12-740x560.png\" alt=\"Apartm\u00e1n u mo\u0159e v Alb\u00e1nii na prodej \u2013 investi\u010dn\u00ed nemovitost bl\u00edzko pl\u00e1\u017ee\"><\/span><\/div><div class=\"item__swiper swiper-slide\"><span><img decoding=\"async\" src=\"https:\/\/albaniahome.cz\/wp-content\/uploads\/2026\/01\/6-10-740x560.png\" alt=\"Apartm\u00e1n u mo\u0159e v Alb\u00e1nii na prodej \u2013 investi\u010dn\u00ed nemovitost bl\u00edzko pl\u00e1\u017ee\" loading=\"lazy\"><\/span><\/div><div class=\"item__swiper swiper-slide\"><span><img decoding=\"async\" src=\"https:\/\/albaniahome.cz\/wp-content\/uploads\/2026\/01\/7-6-740x560.png\" alt=\"Apartm\u00e1n u mo\u0159e v Alb\u00e1nii na prodej \u2013 investi\u010dn\u00ed nemovitost bl\u00edzko pl\u00e1\u017ee\" loading=\"lazy\"><\/span><\/div><div class=\"item__swiper swiper-slide\"><span><img decoding=\"async\" src=\"https:\/\/albaniahome.cz\/wp-content\/uploads\/2026\/01\/1-11-740x560.png\" alt=\"Apartm\u00e1n u mo\u0159e v Alb\u00e1nii na prodej \u2013 investi\u010dn\u00ed nemovitost bl\u00edzko pl\u00e1\u017ee\" loading=\"lazy\"><\/span><\/div><div class=\"item__swiper swiper-slide\"><span><img decoding=\"async\" src=\"https:\/\/albaniahome.cz\/wp-content\/uploads\/2026\/01\/3-9-740x560.png\" alt=\"Apartm\u00e1n u mo\u0159e v Alb\u00e1nii na prodej \u2013 investi\u010dn\u00ed nemovitost bl\u00edzko pl\u00e1\u017ee\" loading=\"lazy\"><\/span><\/div><div class=\"item__swiper swiper-slide\"><span><img decoding=\"async\" src=\"https:\/\/albaniahome.cz\/wp-content\/uploads\/2026\/01\/4-11-740x560.png\" alt=\"Apartm\u00e1n u mo\u0159e v Alb\u00e1nii na prodej \u2013 investi\u010dn\u00ed nemovitost bl\u00edzko pl\u00e1\u017ee\" loading=\"lazy\"><\/span><\/div><div class=\"item__swiper swiper-slide\"><span><img decoding=\"async\" src=\"https:\/\/albaniahome.cz\/wp-content\/uploads\/2026\/01\/2-11-740x560.png\" alt=\"Apartm\u00e1n u mo\u0159e v Alb\u00e1nii na prodej \u2013 investi\u010dn\u00ed nemovitost bl\u00edzko pl\u00e1\u017ee\" loading=\"lazy\"><\/span><\/div><\/div><div class=\"wgl-navigation_wrapper\"><button class=\"elementor-swiper-button elementor-swiper-button-prev\" data-carousel=\"wgl_carousel_6a9bde10a23c6\"><i class=\"flaticon flaticon-right-arrow-1\"><\/i><\/button><button class=\"elementor-swiper-button elementor-swiper-button-next\" data-carousel=\"wgl_carousel_6a9bde10a23c6\"><i class=\"flaticon flaticon-right-arrow-1\"><\/i><\/button><\/div><\/div><\/div><span class=\"property__statuses\"><span><a href=\"https:\/\/albaniahome.cz\/cs\/property-status\/for-rent\/\" class=\"property-status\">K pron\u00e1jmu<\/a><\/span><\/span><\/div><div class=\"property__info\"><div class=\"property__location\">Dra\u010d, Golem<\/div><h3 class=\"property__title\"><a href=\"https:\/\/albaniahome.cz\/cs\/property\/dovolena-u-more-sezonni-pronajem\/\">Dovolen\u00e1 u mo\u0159e - sez\u00f3nn\u00ed pron\u00e1jem<\/a><\/h3><div class=\"property__excerpt\">\nPron\u00e1jem apartm\u00e1nu u mo\u0159e \u2013 Durr\u00ebs (Golem), Alb\u00e1nie\nNab\u00edz\u00edme kr\u00e1tkodob\u00fd pron\u00e1jem pln\u011b vybaven\u00e9ho apartm\u00e1nu<\/div><div class=\"property__meta-wrapper\"><div class=\"property__meta\"><div class=\"property__meta-area\"><span class=\"property__meta-text\">50 sq.m<\/span><\/div><div class=\"property__meta-bedrooms\"><span class=\"property__meta-text\">1<\/span><\/div><div class=\"property__meta-baths\"><span class=\"property__meta-text\">1<\/span><\/div><\/div><div class=\"property__price\">\u20ac30<\/div><\/div><\/div><\/div><\/article><article class=\"property__item\"><div class=\"property__wrapper\"><div class=\"property__media-wrap\"><div class=\"wgl-carousel_wrapper\"><div class=\"property__media-slider slider-wrapper wgl-carousel wgl-carousel_swiper swiper-container\" data-item-carousel=\"wgl_carousel_6a9bde10a3e10\"><div class=\"swiper-wrapper\"><div class=\"item__swiper swiper-slide\"><span><img decoding=\"async\" src=\"https:\/\/albaniahome.cz\/wp-content\/uploads\/2026\/01\/1-21-740x560.png\" alt=\"Albania Home\"><\/span><\/div><div class=\"item__swiper swiper-slide\"><span><img decoding=\"async\" src=\"https:\/\/albaniahome.cz\/wp-content\/uploads\/2026\/01\/5-21-740x560.png\" alt=\"Albania Home\" loading=\"lazy\"><\/span><\/div><div class=\"item__swiper swiper-slide\"><span><img decoding=\"async\" src=\"https:\/\/albaniahome.cz\/wp-content\/uploads\/2026\/01\/1-10-740x560.png\" alt=\"Apartm\u00e1n u mo\u0159e v Alb\u00e1nii na prodej \u2013 investi\u010dn\u00ed nemovitost bl\u00edzko pl\u00e1\u017ee\" loading=\"lazy\"><\/span><\/div><div class=\"item__swiper swiper-slide\"><span><img decoding=\"async\" src=\"https:\/\/albaniahome.cz\/wp-content\/uploads\/2026\/01\/5-11-740x560.png\" alt=\"Apartm\u00e1n u mo\u0159e v Alb\u00e1nii na prodej \u2013 investi\u010dn\u00ed nemovitost bl\u00edzko pl\u00e1\u017ee\" loading=\"lazy\"><\/span><\/div><div class=\"item__swiper swiper-slide\"><span><img decoding=\"async\" src=\"https:\/\/albaniahome.cz\/wp-content\/uploads\/2026\/01\/4-21-740x560.png\" alt=\"Albania Home\" loading=\"lazy\"><\/span><\/div><div class=\"item__swiper swiper-slide\"><span><img decoding=\"async\" src=\"https:\/\/albaniahome.cz\/wp-content\/uploads\/2026\/01\/2-21-740x560.png\" alt=\"Albania Home\" loading=\"lazy\"><\/span><\/div><div class=\"item__swiper swiper-slide\"><span><img decoding=\"async\" src=\"https:\/\/albaniahome.cz\/wp-content\/uploads\/2026\/01\/3-8-740x560.png\" alt=\"Apartm\u00e1n u mo\u0159e v Alb\u00e1nii na prodej \u2013 investi\u010dn\u00ed nemovitost bl\u00edzko pl\u00e1\u017ee\" loading=\"lazy\"><\/span><\/div><div class=\"item__swiper swiper-slide\"><span><img decoding=\"async\" src=\"https:\/\/albaniahome.cz\/wp-content\/uploads\/2026\/01\/3-19-740x560.png\" alt=\"Albania Home\" loading=\"lazy\"><\/span><\/div><\/div><div class=\"wgl-navigation_wrapper\"><button class=\"elementor-swiper-button elementor-swiper-button-prev\" data-carousel=\"wgl_carousel_6a9bde10a3e10\"><i class=\"flaticon flaticon-right-arrow-1\"><\/i><\/button><button class=\"elementor-swiper-button elementor-swiper-button-next\" data-carousel=\"wgl_carousel_6a9bde10a3e10\"><i class=\"flaticon flaticon-right-arrow-1\"><\/i><\/button><\/div><\/div><\/div><span class=\"property__statuses\"><span><a href=\"https:\/\/albaniahome.cz\/cs\/property-status\/for-rent\/\" class=\"property-status\">K pron\u00e1jmu<\/a><\/span><\/span><\/div><div class=\"property__info\"><div class=\"property__location\">Dra\u010d, Pl\u00e1\u017e<\/div><h3 class=\"property__title\"><a href=\"https:\/\/albaniahome.cz\/cs\/property\/kratkodoby-pronajem-nove-zarizeny-byt-2kk-se-dvema-balkony-primo-na-plazi-%f0%9f%8c%8a\/\">Sez\u00f3nn\u00ed pron\u00e1jem \u2013 nov\u011b za\u0159\u00edzen\u00fd byt 2+kk se dv\u011bma balkony p\u0159\u00edmo na pl\u00e1\u017ei \ud83c\udf0a<\/a><\/h3><div class=\"property__excerpt\">\n\n\nNab\u00edz\u00edme ke kr\u00e1tkodob\u00e9mu pron\u00e1jmu nov\u011b za\u0159\u00edzen\u00fd byt 2+kk se dv\u011bma balkony, z nich\u017e jeden je<\/div><div class=\"property__meta-wrapper\"><div class=\"property__meta\"><div class=\"property__meta-bedrooms\"><span class=\"property__meta-text\">1<\/span><\/div><div class=\"property__meta-baths\"><span class=\"property__meta-text\">1<\/span><\/div><\/div><div class=\"property__price\">\u20ac30<\/div><\/div><\/div><\/div><\/article><article class=\"property__item\"><div class=\"property__wrapper\"><div class=\"property__media-wrap\"><div class=\"wgl-carousel_wrapper\"><div class=\"property__media-slider slider-wrapper wgl-carousel wgl-carousel_swiper swiper-container\" data-item-carousel=\"wgl_carousel_6a9bde10a534f\"><div class=\"swiper-wrapper\"><div class=\"item__swiper swiper-slide\"><span><img decoding=\"async\" src=\"https:\/\/albaniahome.cz\/wp-content\/uploads\/2026\/01\/pavel-cena-pronajmu--740x560.jpeg\" alt=\"Albania Home\"><\/span><\/div><div class=\"item__swiper swiper-slide\"><span><img decoding=\"async\" src=\"https:\/\/albaniahome.cz\/wp-content\/uploads\/2026\/01\/1-9-740x560.png\" alt=\"Apartm\u00e1n u mo\u0159e v Alb\u00e1nii na prodej \u2013 investi\u010dn\u00ed nemovitost bl\u00edzko pl\u00e1\u017ee\" loading=\"lazy\"><\/span><\/div><div class=\"item__swiper swiper-slide\"><span><img decoding=\"async\" src=\"https:\/\/albaniahome.cz\/wp-content\/uploads\/2026\/01\/pavel-740x560.jpeg\" alt=\"Albania Home\" loading=\"lazy\"><\/span><\/div><div class=\"item__swiper swiper-slide\"><span><img decoding=\"async\" src=\"https:\/\/albaniahome.cz\/wp-content\/uploads\/2026\/01\/pavel1-740x560.jpeg\" alt=\"Albania Home\" loading=\"lazy\"><\/span><\/div><div class=\"item__swiper swiper-slide\"><span><img decoding=\"async\" src=\"https:\/\/albaniahome.cz\/wp-content\/uploads\/2026\/01\/pavel2-740x560.jpeg\" alt=\"Albania Home\" loading=\"lazy\"><\/span><\/div><\/div><div class=\"wgl-navigation_wrapper\"><button class=\"elementor-swiper-button elementor-swiper-button-prev\" data-carousel=\"wgl_carousel_6a9bde10a534f\"><i class=\"flaticon flaticon-right-arrow-1\"><\/i><\/button><button class=\"elementor-swiper-button elementor-swiper-button-next\" data-carousel=\"wgl_carousel_6a9bde10a534f\"><i class=\"flaticon flaticon-right-arrow-1\"><\/i><\/button><\/div><\/div><\/div><span class=\"property__statuses\"><span><a href=\"https:\/\/albaniahome.cz\/cs\/property-status\/for-rent\/\" class=\"property-status\">K pron\u00e1jmu<\/a><\/span><\/span><\/div><div class=\"property__info\"><div class=\"property__location\">Dra\u010d, Pl\u00e1\u017e<\/div><h3 class=\"property__title\"><a href=\"https:\/\/albaniahome.cz\/cs\/property\/kratkodoby-pronajem-nove-zarizeny-byt-2kk-s-balkonem-a-vyhledem-na-more-%f0%9f%8c%8a\/\">Sez\u00f3nn\u00ed pron\u00e1jem \u2013 nov\u011b za\u0159\u00edzen\u00fd byt 2+kk s balkonem a v\u00fdhledem na mo\u0159e \ud83c\udf0a<\/a><\/h3><div class=\"property__excerpt\">\nNab\u00edz\u00edme ke kr\u00e1tkodob\u00e9mu pron\u00e1jmu nov\u011b za\u0159\u00edzen\u00fd byt 2+kk s balkonem, kter\u00fd nab\u00edz\u00ed<\/div><div class=\"property__meta-wrapper\"><div class=\"property__meta\"><div class=\"property__meta-bedrooms\"><span class=\"property__meta-text\">1<\/span><\/div><div class=\"property__meta-baths\"><span class=\"property__meta-text\">1<\/span><\/div><\/div><div class=\"property__price\">\u20ac40<\/div><\/div><\/div><\/div><\/article><article class=\"property__item\"><div class=\"property__wrapper\"><div class=\"property__media-wrap\"><div class=\"wgl-carousel_wrapper\"><div class=\"property__media-slider slider-wrapper wgl-carousel wgl-carousel_swiper swiper-container\" data-item-carousel=\"wgl_carousel_6a9bde10a683e\"><div class=\"swiper-wrapper\"><div class=\"item__swiper swiper-slide\"><span><img decoding=\"async\" src=\"https:\/\/albaniahome.cz\/wp-content\/uploads\/2026\/01\/WhatsApp-Image-2026-01-13-at-12.16.30-PMfgsd-740x560.jpeg\" alt=\"Apartm\u00e1n u mo\u0159e v Alb\u00e1nii na prodej \u2013 investi\u010dn\u00ed nemovitost bl\u00edzko pl\u00e1\u017ee\"><\/span><\/div><div class=\"item__swiper swiper-slide\"><span><img decoding=\"async\" src=\"https:\/\/albaniahome.cz\/wp-content\/uploads\/2026\/01\/WhatsApp-Image-2026-01-13-at-12.16.30-PMjkj-740x560.jpeg\" alt=\"Apartm\u00e1n u mo\u0159e v Alb\u00e1nii na prodej \u2013 investi\u010dn\u00ed nemovitost bl\u00edzko pl\u00e1\u017ee\" loading=\"lazy\"><\/span><\/div><div class=\"item__swiper swiper-slide\"><span><img decoding=\"async\" src=\"https:\/\/albaniahome.cz\/wp-content\/uploads\/2026\/01\/WhatsApp-Image-2026-01-13-at-12.16.30-PMhfgfdh-740x560.jpeg\" alt=\"Apartm\u00e1n u mo\u0159e v Alb\u00e1nii na prodej \u2013 investi\u010dn\u00ed nemovitost bl\u00edzko pl\u00e1\u017ee\" loading=\"lazy\"><\/span><\/div><div class=\"item__swiper swiper-slide\"><span><img decoding=\"async\" src=\"https:\/\/albaniahome.cz\/wp-content\/uploads\/2026\/01\/WhatsApp-Image-2026-01-13-at-12.16.30-PMfghdt-740x560.jpeg\" alt=\"Apartm\u00e1n u mo\u0159e v Alb\u00e1nii na prodej \u2013 investi\u010dn\u00ed nemovitost bl\u00edzko pl\u00e1\u017ee\" loading=\"lazy\"><\/span><\/div><div class=\"item__swiper swiper-slide\"><span><img decoding=\"async\" src=\"https:\/\/albaniahome.cz\/wp-content\/uploads\/2026\/01\/WhatsApp-Image-2026-01-13-at-12.16.30-PMfsfg-740x560.jpeg\" alt=\"Apartm\u00e1n u mo\u0159e v Alb\u00e1nii na prodej \u2013 investi\u010dn\u00ed nemovitost bl\u00edzko pl\u00e1\u017ee\" loading=\"lazy\"><\/span><\/div><div class=\"item__swiper swiper-slide\"><span><img decoding=\"async\" src=\"https:\/\/albaniahome.cz\/wp-content\/uploads\/2026\/01\/WhatsApp-Image-2026-01-13-at-12.16.30-PM-740x560.jpeg\" alt=\"Apartm\u00e1n u mo\u0159e v Alb\u00e1nii na prodej \u2013 investi\u010dn\u00ed nemovitost bl\u00edzko pl\u00e1\u017ee\" loading=\"lazy\"><\/span><\/div><\/div><div class=\"wgl-navigation_wrapper\"><button class=\"elementor-swiper-button elementor-swiper-button-prev\" data-carousel=\"wgl_carousel_6a9bde10a683e\"><i class=\"flaticon flaticon-right-arrow-1\"><\/i><\/button><button class=\"elementor-swiper-button elementor-swiper-button-next\" data-carousel=\"wgl_carousel_6a9bde10a683e\"><i class=\"flaticon flaticon-right-arrow-1\"><\/i><\/button><\/div><\/div><\/div><span class=\"property__statuses\"><span><a href=\"https:\/\/albaniahome.cz\/cs\/property-status\/for-sale\/\" class=\"property-status\">Na prodej<\/a><\/span><\/span><\/div><div class=\"property__info\"><div class=\"property__location\">Dra\u010d, Golem<\/div><h3 class=\"property__title\"><a href=\"https:\/\/albaniahome.cz\/cs\/property\/byt-2kk-s-verandou\/\">Byt 2+kk s verandou<\/a><\/h3><div class=\"property__excerpt\">\nNab\u00edz\u00edme k prodeji byt 2+kk v atraktivn\u00ed lokalit\u011b Durr\u00ebs \u2013 Golem. Byt je<\/div><div class=\"property__meta-wrapper\"><div class=\"property__meta\"><div class=\"property__meta-area\"><span class=\"property__meta-text\">87 m\u00b2<\/span><\/div><div class=\"property__meta-bedrooms\"><span class=\"property__meta-text\">1<\/span><\/div><div class=\"property__meta-baths\"><span class=\"property__meta-text\">1<\/span><\/div><\/div><div class=\"property__price\">\u20ac155000<\/div><\/div><\/div><\/div><\/article><article class=\"property__item\"><div class=\"property__wrapper\"><div class=\"property__media-wrap\"><div class=\"wgl-carousel_wrapper\"><div class=\"property__media-slider slider-wrapper wgl-carousel wgl-carousel_swiper swiper-container\" data-item-carousel=\"wgl_carousel_6a9bde10a8ce8\"><div class=\"swiper-wrapper\"><div class=\"item__swiper swiper-slide\"><span><img decoding=\"async\" src=\"https:\/\/albaniahome.cz\/wp-content\/uploads\/2026\/01\/1-8-740x560.png\" alt=\"Apartm\u00e1n u mo\u0159e v Alb\u00e1nii na prodej \u2013 investi\u010dn\u00ed nemovitost bl\u00edzko pl\u00e1\u017ee\"><\/span><\/div><div class=\"item__swiper swiper-slide\"><span><img decoding=\"async\" src=\"https:\/\/albaniahome.cz\/wp-content\/uploads\/2026\/01\/2-8-740x560.png\" alt=\"Apartm\u00e1n u mo\u0159e v Alb\u00e1nii na prodej \u2013 investi\u010dn\u00ed nemovitost bl\u00edzko pl\u00e1\u017ee\" loading=\"lazy\"><\/span><\/div><div class=\"item__swiper swiper-slide\"><span><img decoding=\"async\" src=\"https:\/\/albaniahome.cz\/wp-content\/uploads\/2026\/01\/4-8-740x560.png\" alt=\"Apartm\u00e1n u mo\u0159e v Alb\u00e1nii na prodej \u2013 investi\u010dn\u00ed nemovitost bl\u00edzko pl\u00e1\u017ee\" loading=\"lazy\"><\/span><\/div><div class=\"item__swiper swiper-slide\"><span><img decoding=\"async\" src=\"https:\/\/albaniahome.cz\/wp-content\/uploads\/2026\/01\/3PATRO1-740x560.png\" alt=\"Apartm\u00e1n u mo\u0159e v Alb\u00e1nii na prodej \u2013 investi\u010dn\u00ed nemovitost bl\u00edzko pl\u00e1\u017ee\" loading=\"lazy\"><\/span><\/div><div class=\"item__swiper swiper-slide\"><span><img decoding=\"async\" src=\"https:\/\/albaniahome.cz\/wp-content\/uploads\/2026\/01\/5-9-740x560.png\" alt=\"Apartm\u00e1n u mo\u0159e v Alb\u00e1nii na prodej \u2013 investi\u010dn\u00ed nemovitost bl\u00edzko pl\u00e1\u017ee\" loading=\"lazy\"><\/span><\/div><div class=\"item__swiper swiper-slide\"><span><img decoding=\"async\" src=\"https:\/\/albaniahome.cz\/wp-content\/uploads\/2026\/01\/6-7-740x560.png\" alt=\"Apartm\u00e1n u mo\u0159e v Alb\u00e1nii na prodej \u2013 investi\u010dn\u00ed nemovitost bl\u00edzko pl\u00e1\u017ee\" loading=\"lazy\"><\/span><\/div><div class=\"item__swiper swiper-slide\"><span><img decoding=\"async\" src=\"https:\/\/albaniahome.cz\/wp-content\/uploads\/2026\/01\/7-5-740x560.png\" alt=\"Apartm\u00e1n u mo\u0159e v Alb\u00e1nii na prodej \u2013 investi\u010dn\u00ed nemovitost bl\u00edzko pl\u00e1\u017ee\" loading=\"lazy\"><\/span><\/div><div class=\"item__swiper swiper-slide\"><span><img decoding=\"async\" src=\"https:\/\/albaniahome.cz\/wp-content\/uploads\/2026\/01\/8-6-740x560.png\" alt=\"Apartm\u00e1n u mo\u0159e v Alb\u00e1nii na prodej \u2013 investi\u010dn\u00ed nemovitost bl\u00edzko pl\u00e1\u017ee\" loading=\"lazy\"><\/span><\/div><div class=\"item__swiper swiper-slide\"><span><img decoding=\"async\" src=\"https:\/\/albaniahome.cz\/wp-content\/uploads\/2026\/01\/9-5-740x560.png\" alt=\"Apartm\u00e1n u mo\u0159e v Alb\u00e1nii na prodej \u2013 investi\u010dn\u00ed nemovitost bl\u00edzko pl\u00e1\u017ee\" loading=\"lazy\"><\/span><\/div><div class=\"item__swiper swiper-slide\"><span><img decoding=\"async\" src=\"https:\/\/albaniahome.cz\/wp-content\/uploads\/2026\/01\/10-4-740x560.png\" alt=\"Apartm\u00e1n u mo\u0159e v Alb\u00e1nii na prodej \u2013 investi\u010dn\u00ed nemovitost bl\u00edzko pl\u00e1\u017ee\" loading=\"lazy\"><\/span><\/div><div class=\"item__swiper swiper-slide\"><span><img decoding=\"async\" src=\"https:\/\/albaniahome.cz\/wp-content\/uploads\/2026\/01\/12-1-740x560.png\" alt=\"Apartm\u00e1n u mo\u0159e v Alb\u00e1nii na prodej \u2013 investi\u010dn\u00ed nemovitost bl\u00edzko pl\u00e1\u017ee\" loading=\"lazy\"><\/span><\/div><div class=\"item__swiper swiper-slide\"><span><img decoding=\"async\" src=\"https:\/\/albaniahome.cz\/wp-content\/uploads\/2026\/01\/13-1-740x560.png\" alt=\"Apartm\u00e1n u mo\u0159e v Alb\u00e1nii na prodej \u2013 investi\u010dn\u00ed nemovitost bl\u00edzko pl\u00e1\u017ee\" loading=\"lazy\"><\/span><\/div><\/div><div class=\"wgl-navigation_wrapper\"><button class=\"elementor-swiper-button elementor-swiper-button-prev\" data-carousel=\"wgl_carousel_6a9bde10a8ce8\"><i class=\"flaticon flaticon-right-arrow-1\"><\/i><\/button><button class=\"elementor-swiper-button elementor-swiper-button-next\" data-carousel=\"wgl_carousel_6a9bde10a8ce8\"><i class=\"flaticon flaticon-right-arrow-1\"><\/i><\/button><\/div><\/div><\/div><span class=\"property__statuses\"><span><a href=\"https:\/\/albaniahome.cz\/cs\/property-status\/for-sale\/\" class=\"property-status\">Na prodej<\/a><\/span><\/span><\/div><div class=\"property__info\"><div class=\"property__location\">Durr\u00ebs \u2013 Curilla<\/div><h3 class=\"property__title\"><a href=\"https:\/\/albaniahome.cz\/cs\/property\/luxusni-byt-ve-vip-komplexu-durres-curilla\/\">Luxusn\u00ed byt ve VIP komplexu \u2013 Durr\u00ebs, Curilla<\/a><\/h3><div class=\"property__excerpt\">\nNab\u00edz\u00edme k prodeji exkluzivn\u00ed byt v presti\u017en\u00ed lokalit\u011b Durr\u00ebs \u2013 Curilla, kter\u00fd se nach\u00e1z\u00ed<\/div><div class=\"property__meta-wrapper\"><div class=\"property__meta\"><div class=\"property__meta-area\"><span class=\"property__meta-text\">138 m\u00b2<\/span><\/div><div class=\"property__meta-bedrooms\"><span class=\"property__meta-text\">2<\/span><\/div><div class=\"property__meta-baths\"><span class=\"property__meta-text\">2<\/span><\/div><\/div><div class=\"property__price\">\u20ac289000<\/div><\/div><\/div><\/div><\/article><article class=\"property__item\"><div class=\"property__wrapper\"><div class=\"property__media-wrap\"><div class=\"wgl-carousel_wrapper\"><div class=\"property__media-slider slider-wrapper wgl-carousel wgl-carousel_swiper swiper-container\" data-item-carousel=\"wgl_carousel_6a9bde10aa8c0\"><div class=\"swiper-wrapper\"><div class=\"item__swiper swiper-slide\"><span><img decoding=\"async\" src=\"https:\/\/albaniahome.cz\/wp-content\/uploads\/2026\/01\/2-7-740x560.png\" alt=\"Apartm\u00e1n u mo\u0159e v Alb\u00e1nii na prodej \u2013 investi\u010dn\u00ed nemovitost bl\u00edzko pl\u00e1\u017ee\"><\/span><\/div><div class=\"item__swiper swiper-slide\"><span><img decoding=\"async\" src=\"https:\/\/albaniahome.cz\/wp-content\/uploads\/2026\/01\/3-6-740x560.png\" alt=\"Apartm\u00e1n u mo\u0159e v Alb\u00e1nii na prodej \u2013 investi\u010dn\u00ed nemovitost bl\u00edzko pl\u00e1\u017ee\" loading=\"lazy\"><\/span><\/div><div class=\"item__swiper swiper-slide\"><span><img decoding=\"async\" src=\"https:\/\/albaniahome.cz\/wp-content\/uploads\/2026\/01\/5-8-740x560.png\" alt=\"Apartm\u00e1n u mo\u0159e v Alb\u00e1nii na prodej \u2013 investi\u010dn\u00ed nemovitost bl\u00edzko pl\u00e1\u017ee\" loading=\"lazy\"><\/span><\/div><div class=\"item__swiper swiper-slide\"><span><img decoding=\"async\" src=\"https:\/\/albaniahome.cz\/wp-content\/uploads\/2026\/01\/4-7-740x560.png\" alt=\"Apartm\u00e1n u mo\u0159e v Alb\u00e1nii na prodej \u2013 investi\u010dn\u00ed nemovitost bl\u00edzko pl\u00e1\u017ee\" loading=\"lazy\"><\/span><\/div><div class=\"item__swiper swiper-slide\"><span><img decoding=\"async\" src=\"https:\/\/albaniahome.cz\/wp-content\/uploads\/2026\/01\/1-7-740x560.png\" alt=\"Apartm\u00e1n u mo\u0159e v Alb\u00e1nii na prodej \u2013 investi\u010dn\u00ed nemovitost bl\u00edzko pl\u00e1\u017ee\" loading=\"lazy\"><\/span><\/div><\/div><div class=\"wgl-navigation_wrapper\"><button class=\"elementor-swiper-button elementor-swiper-button-prev\" data-carousel=\"wgl_carousel_6a9bde10aa8c0\"><i class=\"flaticon flaticon-right-arrow-1\"><\/i><\/button><button class=\"elementor-swiper-button elementor-swiper-button-next\" data-carousel=\"wgl_carousel_6a9bde10aa8c0\"><i class=\"flaticon flaticon-right-arrow-1\"><\/i><\/button><\/div><\/div><\/div><span class=\"property__statuses\"><span><a href=\"https:\/\/albaniahome.cz\/cs\/property-status\/for-sale\/\" class=\"property-status\">Na prodej<\/a><\/span><\/span><\/div><div class=\"property__info\"><div class=\"property__location\">Orikum<\/div><h3 class=\"property__title\"><a href=\"https:\/\/albaniahome.cz\/cs\/property\/byt-s-terasou\/\">Byt s terasou<\/a><\/h3><div class=\"property__excerpt\">\nNab\u00edz\u00edme k prodeji apartm\u00e1n o rozloze 52 m\u00b2 s prostornou terasou o velikosti 12 m\u00b2, kter\u00fd se nach\u00e1z\u00ed<\/div><div class=\"property__meta-wrapper\"><div class=\"property__meta\"><div class=\"property__meta-area\"><span class=\"property__meta-text\">52 m\u00b2<\/span><\/div><div class=\"property__meta-bedrooms\"><span class=\"property__meta-text\">1<\/span><\/div><div class=\"property__meta-baths\"><span class=\"property__meta-text\">1<\/span><\/div><\/div><div class=\"property__price\">\u20ac88000<\/div><\/div><\/div><\/div><\/article><article class=\"property__item\"><div class=\"property__wrapper\"><div class=\"property__media-wrap\"><div class=\"wgl-carousel_wrapper\"><div class=\"property__media-slider slider-wrapper wgl-carousel wgl-carousel_swiper swiper-container\" data-item-carousel=\"wgl_carousel_6a9bde10ac116\"><div class=\"swiper-wrapper\"><div class=\"item__swiper swiper-slide\"><span><img decoding=\"async\" src=\"https:\/\/albaniahome.cz\/wp-content\/uploads\/2026\/01\/3-5-740x560.png\" alt=\"Apartm\u00e1n u mo\u0159e v Alb\u00e1nii na prodej \u2013 investi\u010dn\u00ed nemovitost bl\u00edzko pl\u00e1\u017ee\"><\/span><\/div><div class=\"item__swiper swiper-slide\"><span><img decoding=\"async\" src=\"https:\/\/albaniahome.cz\/wp-content\/uploads\/2026\/01\/4-6-740x560.png\" alt=\"Apartm\u00e1n u mo\u0159e v Alb\u00e1nii na prodej \u2013 investi\u010dn\u00ed nemovitost bl\u00edzko pl\u00e1\u017ee\" loading=\"lazy\"><\/span><\/div><div class=\"item__swiper swiper-slide\"><span><img decoding=\"async\" src=\"https:\/\/albaniahome.cz\/wp-content\/uploads\/2026\/01\/2-6-740x560.png\" alt=\"Apartm\u00e1n u mo\u0159e v Alb\u00e1nii na prodej \u2013 investi\u010dn\u00ed nemovitost bl\u00edzko pl\u00e1\u017ee\" loading=\"lazy\"><\/span><\/div><div class=\"item__swiper swiper-slide\"><span><img decoding=\"async\" src=\"https:\/\/albaniahome.cz\/wp-content\/uploads\/2026\/01\/1-6-740x560.png\" alt=\"Apartm\u00e1n u mo\u0159e v Alb\u00e1nii na prodej \u2013 investi\u010dn\u00ed nemovitost bl\u00edzko pl\u00e1\u017ee\" loading=\"lazy\"><\/span><\/div><div class=\"item__swiper swiper-slide\"><span><img decoding=\"async\" src=\"https:\/\/albaniahome.cz\/wp-content\/uploads\/2026\/01\/5-7-740x560.png\" alt=\"Apartm\u00e1n u mo\u0159e v Alb\u00e1nii na prodej \u2013 investi\u010dn\u00ed nemovitost bl\u00edzko pl\u00e1\u017ee\" loading=\"lazy\"><\/span><\/div><div class=\"item__swiper swiper-slide\"><span><img decoding=\"async\" src=\"https:\/\/albaniahome.cz\/wp-content\/uploads\/2026\/01\/6-6-740x560.png\" alt=\"Apartm\u00e1n u mo\u0159e v Alb\u00e1nii na prodej \u2013 investi\u010dn\u00ed nemovitost bl\u00edzko pl\u00e1\u017ee\" loading=\"lazy\"><\/span><\/div><div class=\"item__swiper swiper-slide\"><span><img decoding=\"async\" src=\"https:\/\/albaniahome.cz\/wp-content\/uploads\/2026\/01\/8-5-740x560.png\" alt=\"Apartm\u00e1n u mo\u0159e v Alb\u00e1nii na prodej \u2013 investi\u010dn\u00ed nemovitost bl\u00edzko pl\u00e1\u017ee\" loading=\"lazy\"><\/span><\/div><\/div><div class=\"wgl-navigation_wrapper\"><button class=\"elementor-swiper-button elementor-swiper-button-prev\" data-carousel=\"wgl_carousel_6a9bde10ac116\"><i class=\"flaticon flaticon-right-arrow-1\"><\/i><\/button><button class=\"elementor-swiper-button elementor-swiper-button-next\" data-carousel=\"wgl_carousel_6a9bde10ac116\"><i class=\"flaticon flaticon-right-arrow-1\"><\/i><\/button><\/div><\/div><\/div><span class=\"property__statuses\"><span><a href=\"https:\/\/albaniahome.cz\/cs\/property-status\/for-sale\/\" class=\"property-status\">Na prodej<\/a><\/span><\/span><\/div><div class=\"property__info\"><div class=\"property__location\">Dra\u010d<\/div><h3 class=\"property__title\"><a href=\"https:\/\/albaniahome.cz\/cs\/property\/moderni-2kk-50m-od-more\/\">Modern\u00ed 2+kk, 50m od mo\u0159e<\/a><\/h3><div class=\"property__excerpt\">\nNab\u00edz\u00edme k prodeji modern\u011b za\u0159\u00edzen\u00fd apartm\u00e1n 2+kk, kter\u00fd se nach\u00e1z\u00ed ve 2. pat\u0159e domu s<\/div><div class=\"property__meta-wrapper\"><div class=\"property__meta\"><div class=\"property__meta-area\"><span class=\"property__meta-text\">68 m\u00b2<\/span><\/div><div class=\"property__meta-bedrooms\"><span class=\"property__meta-text\">1<\/span><\/div><div class=\"property__meta-baths\"><span class=\"property__meta-text\">1<\/span><\/div><\/div><div class=\"property__price\">\u20ac140000<\/div><\/div><\/div><\/div><\/article><article class=\"property__item\"><div class=\"property__wrapper\"><div class=\"property__media-wrap\"><div class=\"wgl-carousel_wrapper\"><div class=\"property__media-slider slider-wrapper wgl-carousel wgl-carousel_swiper swiper-container\" data-item-carousel=\"wgl_carousel_6a9bde10adbac\"><div class=\"swiper-wrapper\"><div class=\"item__swiper swiper-slide\"><span><img decoding=\"async\" src=\"https:\/\/albaniahome.cz\/wp-content\/uploads\/2026\/01\/1-5-740x560.png\" alt=\"Apartm\u00e1n u mo\u0159e v Alb\u00e1nii na prodej \u2013 investi\u010dn\u00ed nemovitost bl\u00edzko pl\u00e1\u017ee\"><\/span><\/div><div class=\"item__swiper swiper-slide\"><span><img decoding=\"async\" src=\"https:\/\/albaniahome.cz\/wp-content\/uploads\/2026\/01\/2-5-740x560.png\" alt=\"Apartm\u00e1n u mo\u0159e v Alb\u00e1nii na prodej \u2013 investi\u010dn\u00ed nemovitost bl\u00edzko pl\u00e1\u017ee\" loading=\"lazy\"><\/span><\/div><div class=\"item__swiper swiper-slide\"><span><img decoding=\"async\" src=\"https:\/\/albaniahome.cz\/wp-content\/uploads\/2026\/01\/3-4-740x560.png\" alt=\"Apartm\u00e1n u mo\u0159e v Alb\u00e1nii na prodej \u2013 investi\u010dn\u00ed nemovitost bl\u00edzko pl\u00e1\u017ee\" loading=\"lazy\"><\/span><\/div><div class=\"item__swiper swiper-slide\"><span><img decoding=\"async\" src=\"https:\/\/albaniahome.cz\/wp-content\/uploads\/2026\/01\/4-5-740x560.png\" alt=\"Apartm\u00e1n u mo\u0159e v Alb\u00e1nii na prodej \u2013 investi\u010dn\u00ed nemovitost bl\u00edzko pl\u00e1\u017ee\" loading=\"lazy\"><\/span><\/div><div class=\"item__swiper swiper-slide\"><span><img decoding=\"async\" src=\"https:\/\/albaniahome.cz\/wp-content\/uploads\/2026\/01\/5-6-740x560.png\" alt=\"Apartm\u00e1n u mo\u0159e v Alb\u00e1nii na prodej \u2013 investi\u010dn\u00ed nemovitost bl\u00edzko pl\u00e1\u017ee\" loading=\"lazy\"><\/span><\/div><div class=\"item__swiper swiper-slide\"><span><img decoding=\"async\" src=\"https:\/\/albaniahome.cz\/wp-content\/uploads\/2026\/01\/6-5-740x560.png\" alt=\"Apartm\u00e1n u mo\u0159e v Alb\u00e1nii na prodej \u2013 investi\u010dn\u00ed nemovitost bl\u00edzko pl\u00e1\u017ee\" loading=\"lazy\"><\/span><\/div><div class=\"item__swiper swiper-slide\"><span><img decoding=\"async\" src=\"https:\/\/albaniahome.cz\/wp-content\/uploads\/2026\/01\/7-4-740x560.png\" alt=\"Apartm\u00e1n u mo\u0159e v Alb\u00e1nii na prodej \u2013 investi\u010dn\u00ed nemovitost bl\u00edzko pl\u00e1\u017ee\" loading=\"lazy\"><\/span><\/div><\/div><div class=\"wgl-navigation_wrapper\"><button class=\"elementor-swiper-button elementor-swiper-button-prev\" data-carousel=\"wgl_carousel_6a9bde10adbac\"><i class=\"flaticon flaticon-right-arrow-1\"><\/i><\/button><button class=\"elementor-swiper-button elementor-swiper-button-next\" data-carousel=\"wgl_carousel_6a9bde10adbac\"><i class=\"flaticon flaticon-right-arrow-1\"><\/i><\/button><\/div><\/div><\/div><span class=\"property__statuses\"><span><a href=\"https:\/\/albaniahome.cz\/cs\/property-status\/for-sale\/\" class=\"property-status\">Na prodej<\/a><\/span><\/span><\/div><div class=\"property__info\"><div class=\"property__location\">Dra\u010d \u2013 Mali i Robit<\/div><h3 class=\"property__title\"><a href=\"https:\/\/albaniahome.cz\/cs\/property\/prostorny-apartman-vyhled-i-soukromi\/\">Prostorn\u00fd apartm\u00e1n - v\u00fdhled i soukrom\u00ed<\/a><\/h3><div class=\"property__excerpt\">\nProstorn\u00fd apartm\u00e1n u mo\u0159e \u2013 Mali Robit, v\u00fdhled a soukrom\u00ed\n\nNab\u00edz\u00edme k prodeji prostorn\u00fd<\/div><div class=\"property__meta-wrapper\"><div class=\"property__meta\"><div class=\"property__meta-area\"><span class=\"property__meta-text\">90 m\u00b2<\/span><\/div><div class=\"property__meta-bedrooms\"><span class=\"property__meta-text\">2<\/span><\/div><div class=\"property__meta-baths\"><span class=\"property__meta-text\">1<\/span><\/div><\/div><div class=\"property__price\">\u20ac102000<\/div><\/div><\/div><\/div><\/article><article class=\"property__item\"><div class=\"property__wrapper\"><div class=\"property__media-wrap\"><div class=\"wgl-carousel_wrapper\"><div class=\"property__media-slider slider-wrapper wgl-carousel wgl-carousel_swiper swiper-container\" data-item-carousel=\"wgl_carousel_6a9bde10afdae\"><div class=\"swiper-wrapper\"><div class=\"item__swiper swiper-slide\"><span><img decoding=\"async\" src=\"https:\/\/albaniahome.cz\/wp-content\/uploads\/2026\/01\/5-5-740x560.png\" alt=\"Apartm\u00e1n u mo\u0159e v Alb\u00e1nii na prodej \u2013 investi\u010dn\u00ed nemovitost bl\u00edzko pl\u00e1\u017ee\"><\/span><\/div><div class=\"item__swiper swiper-slide\"><span><img decoding=\"async\" src=\"https:\/\/albaniahome.cz\/wp-content\/uploads\/2026\/01\/4-4-740x560.png\" alt=\"Apartm\u00e1n u mo\u0159e v Alb\u00e1nii na prodej \u2013 investi\u010dn\u00ed nemovitost bl\u00edzko pl\u00e1\u017ee\" loading=\"lazy\"><\/span><\/div><div class=\"item__swiper swiper-slide\"><span><img decoding=\"async\" src=\"https:\/\/albaniahome.cz\/wp-content\/uploads\/2026\/01\/6-4-740x560.png\" alt=\"Apartm\u00e1n u mo\u0159e v Alb\u00e1nii na prodej \u2013 investi\u010dn\u00ed nemovitost bl\u00edzko pl\u00e1\u017ee\" loading=\"lazy\"><\/span><\/div><div class=\"item__swiper swiper-slide\"><span><img decoding=\"async\" src=\"https:\/\/albaniahome.cz\/wp-content\/uploads\/2026\/01\/1-4-740x560.png\" alt=\"Apartm\u00e1n u mo\u0159e v Alb\u00e1nii na prodej \u2013 investi\u010dn\u00ed nemovitost bl\u00edzko pl\u00e1\u017ee\" loading=\"lazy\"><\/span><\/div><div class=\"item__swiper swiper-slide\"><span><img decoding=\"async\" src=\"https:\/\/albaniahome.cz\/wp-content\/uploads\/2026\/01\/2-4-740x560.png\" alt=\"Apartm\u00e1n u mo\u0159e v Alb\u00e1nii na prodej \u2013 investi\u010dn\u00ed nemovitost bl\u00edzko pl\u00e1\u017ee\" loading=\"lazy\"><\/span><\/div><div class=\"item__swiper swiper-slide\"><span><img decoding=\"async\" src=\"https:\/\/albaniahome.cz\/wp-content\/uploads\/2026\/01\/3-3-740x560.png\" alt=\"Apartm\u00e1n u mo\u0159e v Alb\u00e1nii na prodej \u2013 investi\u010dn\u00ed nemovitost bl\u00edzko pl\u00e1\u017ee\" loading=\"lazy\"><\/span><\/div><div class=\"item__swiper swiper-slide\"><span><img decoding=\"async\" src=\"https:\/\/albaniahome.cz\/wp-content\/uploads\/2026\/01\/8-4-740x560.png\" alt=\"Apartm\u00e1n u mo\u0159e v Alb\u00e1nii na prodej \u2013 investi\u010dn\u00ed nemovitost bl\u00edzko pl\u00e1\u017ee\" loading=\"lazy\"><\/span><\/div><div class=\"item__swiper swiper-slide\"><span><img decoding=\"async\" src=\"https:\/\/albaniahome.cz\/wp-content\/uploads\/2026\/01\/9-4-740x560.png\" alt=\"Apartm\u00e1n u mo\u0159e v Alb\u00e1nii na prodej \u2013 investi\u010dn\u00ed nemovitost bl\u00edzko pl\u00e1\u017ee\" loading=\"lazy\"><\/span><\/div><div class=\"item__swiper swiper-slide\"><span><img decoding=\"async\" src=\"https:\/\/albaniahome.cz\/wp-content\/uploads\/2026\/01\/10-3-740x560.png\" alt=\"Apartm\u00e1n u mo\u0159e v Alb\u00e1nii na prodej \u2013 investi\u010dn\u00ed nemovitost bl\u00edzko pl\u00e1\u017ee\" loading=\"lazy\"><\/span><\/div><div class=\"item__swiper swiper-slide\"><span><img decoding=\"async\" src=\"https:\/\/albaniahome.cz\/wp-content\/uploads\/2026\/01\/7-3-740x560.png\" alt=\"Apartm\u00e1n u mo\u0159e v Alb\u00e1nii na prodej \u2013 investi\u010dn\u00ed nemovitost bl\u00edzko pl\u00e1\u017ee\" loading=\"lazy\"><\/span><\/div><\/div><div class=\"wgl-navigation_wrapper\"><button class=\"elementor-swiper-button elementor-swiper-button-prev\" data-carousel=\"wgl_carousel_6a9bde10afdae\"><i class=\"flaticon flaticon-right-arrow-1\"><\/i><\/button><button class=\"elementor-swiper-button elementor-swiper-button-next\" data-carousel=\"wgl_carousel_6a9bde10afdae\"><i class=\"flaticon flaticon-right-arrow-1\"><\/i><\/button><\/div><\/div><\/div><span class=\"property__statuses\"><span><a href=\"https:\/\/albaniahome.cz\/cs\/property-status\/for-sale\/\" class=\"property-status\">Na prodej<\/a><\/span><\/span><\/div><div class=\"property__info\"><div class=\"property__location\">Dra\u010d \u2013 Mali i Robit<\/div><h3 class=\"property__title\"><a href=\"https:\/\/albaniahome.cz\/cs\/property\/apartman-se-dvema-balkony\/\">Apartm\u00e1n se dv\u011bma balk\u00f3ny<\/a><\/h3><div class=\"property__excerpt\">\nApartm\u00e1n na prodej u mo\u0159e \u2013 Mali Robit, ide\u00e1ln\u00ed pro rekreaci i investici\n\nNab\u00edz\u00edme k prodeji<\/div><div class=\"property__meta-wrapper\"><div class=\"property__meta\"><div class=\"property__meta-area\"><span class=\"property__meta-text\">80 m2<\/span><\/div><div class=\"property__meta-bedrooms\"><span class=\"property__meta-text\">1<\/span><\/div><div class=\"property__meta-baths\"><span class=\"property__meta-text\">1<\/span><\/div><\/div><div class=\"property__price\">\u20ac97000<\/div><\/div><\/div><\/div><\/article><article class=\"property__item\"><div class=\"property__wrapper\"><div class=\"property__media-wrap\"><div class=\"wgl-carousel_wrapper\"><div class=\"property__media-slider slider-wrapper wgl-carousel wgl-carousel_swiper swiper-container\" data-item-carousel=\"wgl_carousel_6a9bde10b2081\"><div class=\"swiper-wrapper\"><div class=\"item__swiper swiper-slide\"><span><img decoding=\"async\" src=\"https:\/\/albaniahome.cz\/wp-content\/uploads\/2026\/01\/9-740x560.png\" alt=\"Apartm\u00e1n u mo\u0159e v Alb\u00e1nii na prodej \u2013 investi\u010dn\u00ed nemovitost bl\u00edzko pl\u00e1\u017ee\"><\/span><\/div><div class=\"item__swiper swiper-slide\"><span><img decoding=\"async\" src=\"https:\/\/albaniahome.cz\/wp-content\/uploads\/2026\/01\/11-740x560.png\" alt=\"Apartm\u00e1n u mo\u0159e v Alb\u00e1nii na prodej \u2013 investi\u010dn\u00ed nemovitost bl\u00edzko pl\u00e1\u017ee\" loading=\"lazy\"><\/span><\/div><div class=\"item__swiper swiper-slide\"><span><img decoding=\"async\" src=\"https:\/\/albaniahome.cz\/wp-content\/uploads\/2026\/01\/3-740x560.png\" alt=\"Apartm\u00e1n u mo\u0159e v Alb\u00e1nii na prodej \u2013 investi\u010dn\u00ed nemovitost bl\u00edzko pl\u00e1\u017ee\" loading=\"lazy\"><\/span><\/div><div class=\"item__swiper swiper-slide\"><span><img decoding=\"async\" src=\"https:\/\/albaniahome.cz\/wp-content\/uploads\/2026\/01\/1-740x560.png\" alt=\"Apartm\u00e1n u mo\u0159e v Alb\u00e1nii na prodej \u2013 investi\u010dn\u00ed nemovitost bl\u00edzko pl\u00e1\u017ee\" loading=\"lazy\"><\/span><\/div><div class=\"item__swiper swiper-slide\"><span><img decoding=\"async\" src=\"https:\/\/albaniahome.cz\/wp-content\/uploads\/2026\/01\/8-740x560.png\" alt=\"Apartm\u00e1n u mo\u0159e v Alb\u00e1nii na prodej \u2013 investi\u010dn\u00ed nemovitost bl\u00edzko pl\u00e1\u017ee\" loading=\"lazy\"><\/span><\/div><div class=\"item__swiper swiper-slide\"><span><img decoding=\"async\" src=\"https:\/\/albaniahome.cz\/wp-content\/uploads\/2026\/01\/10-740x560.png\" alt=\"Apartm\u00e1n u mo\u0159e v Alb\u00e1nii na prodej \u2013 investi\u010dn\u00ed nemovitost bl\u00edzko pl\u00e1\u017ee\" loading=\"lazy\"><\/span><\/div><div class=\"item__swiper swiper-slide\"><span><img decoding=\"async\" src=\"https:\/\/albaniahome.cz\/wp-content\/uploads\/2026\/01\/6-740x560.png\" alt=\"Apartm\u00e1n u mo\u0159e v Alb\u00e1nii na prodej \u2013 investi\u010dn\u00ed nemovitost bl\u00edzko pl\u00e1\u017ee\" loading=\"lazy\"><\/span><\/div><div class=\"item__swiper swiper-slide\"><span><img decoding=\"async\" src=\"https:\/\/albaniahome.cz\/wp-content\/uploads\/2026\/01\/7-740x560.png\" alt=\"Apartm\u00e1n u mo\u0159e v Alb\u00e1nii na prodej \u2013 investi\u010dn\u00ed nemovitost bl\u00edzko pl\u00e1\u017ee\" loading=\"lazy\"><\/span><\/div><div class=\"item__swiper swiper-slide\"><span><img decoding=\"async\" src=\"https:\/\/albaniahome.cz\/wp-content\/uploads\/2026\/01\/5-1-740x560.png\" alt=\"Apartm\u00e1n u mo\u0159e v Alb\u00e1nii na prodej \u2013 investi\u010dn\u00ed nemovitost bl\u00edzko pl\u00e1\u017ee\" loading=\"lazy\"><\/span><\/div><\/div><div class=\"wgl-navigation_wrapper\"><button class=\"elementor-swiper-button elementor-swiper-button-prev\" data-carousel=\"wgl_carousel_6a9bde10b2081\"><i class=\"flaticon flaticon-right-arrow-1\"><\/i><\/button><button class=\"elementor-swiper-button elementor-swiper-button-next\" data-carousel=\"wgl_carousel_6a9bde10b2081\"><i class=\"flaticon flaticon-right-arrow-1\"><\/i><\/button><\/div><\/div><\/div><span class=\"property__statuses\"><span><a href=\"https:\/\/albaniahome.cz\/cs\/property-status\/for-sale\/\" class=\"property-status\">Na prodej<\/a><\/span><\/span><\/div><div class=\"property__info\"><div class=\"property__location\">Dra\u010d \u2013 Shk\u00ebmbi i Kavaj\u00ebs<\/div><h3 class=\"property__title\"><a href=\"https:\/\/albaniahome.cz\/cs\/property\/luxusni-stresni-byt-41-s-terasou-a-vyhledem-na-more-pouhych-120-m-od-plaze\/\">Luxusn\u00ed st\u0159e\u0161n\u00ed byt 4+1 s terasou a v\u00fdhledem na mo\u0159e - pouh\u00fdch 120 m od pl\u00e1\u017ee<\/a><\/h3><div class=\"property__excerpt\">\nNab\u00edz\u00edme k prodeji prostorn\u00fd a modern\u00ed apartm\u00e1n u mo\u0159e v atraktivn\u00ed lokalit\u011b Shkembi<\/div><div class=\"property__meta-wrapper\"><div class=\"property__meta\"><div class=\"property__meta-area\"><span class=\"property__meta-text\">150 m\u00b2<\/span><\/div><div class=\"property__meta-bedrooms\"><span class=\"property__meta-text\">3<\/span><\/div><div class=\"property__meta-baths\"><span class=\"property__meta-text\">2<\/span><\/div><\/div><div class=\"property__price\">\u20ac192400<\/div><\/div><\/div><\/div><\/article><article class=\"property__item\"><div class=\"property__wrapper\"><div class=\"property__media-wrap\"><div class=\"wgl-carousel_wrapper\"><div class=\"property__media-slider slider-wrapper wgl-carousel wgl-carousel_swiper swiper-container\" data-item-carousel=\"wgl_carousel_6a9bde10b3ae2\"><div class=\"swiper-wrapper\"><div class=\"item__swiper swiper-slide\"><span><img decoding=\"async\" src=\"https:\/\/albaniahome.cz\/wp-content\/uploads\/2025\/12\/2-3-740x560.png\" alt=\"Apartm\u00e1n u mo\u0159e v Alb\u00e1nii na prodej \u2013 investi\u010dn\u00ed nemovitost bl\u00edzko pl\u00e1\u017ee\"><\/span><\/div><div class=\"item__swiper swiper-slide\"><span><img decoding=\"async\" src=\"https:\/\/albaniahome.cz\/wp-content\/uploads\/2025\/12\/1-3-740x560.png\" alt=\"Apartm\u00e1n u mo\u0159e v Alb\u00e1nii na prodej \u2013 investi\u010dn\u00ed nemovitost bl\u00edzko pl\u00e1\u017ee\" loading=\"lazy\"><\/span><\/div><div class=\"item__swiper swiper-slide\"><span><img decoding=\"async\" src=\"https:\/\/albaniahome.cz\/wp-content\/uploads\/2025\/12\/3-2-740x560.png\" alt=\"Apartm\u00e1n u mo\u0159e v Alb\u00e1nii na prodej \u2013 investi\u010dn\u00ed nemovitost bl\u00edzko pl\u00e1\u017ee\" loading=\"lazy\"><\/span><\/div><div class=\"item__swiper swiper-slide\"><span><img decoding=\"async\" src=\"https:\/\/albaniahome.cz\/wp-content\/uploads\/2025\/12\/4-2-740x560.png\" alt=\"Apartm\u00e1n u mo\u0159e v Alb\u00e1nii na prodej \u2013 investi\u010dn\u00ed nemovitost bl\u00edzko pl\u00e1\u017ee\" loading=\"lazy\"><\/span><\/div><div class=\"item__swiper swiper-slide\"><span><img decoding=\"async\" src=\"https:\/\/albaniahome.cz\/wp-content\/uploads\/2025\/12\/5-2-740x560.png\" alt=\"Apartm\u00e1n u mo\u0159e v Alb\u00e1nii na prodej \u2013 investi\u010dn\u00ed nemovitost bl\u00edzko pl\u00e1\u017ee\" loading=\"lazy\"><\/span><\/div><div class=\"item__swiper swiper-slide\"><span><img decoding=\"async\" src=\"https:\/\/albaniahome.cz\/wp-content\/uploads\/2025\/12\/6-1-740x560.png\" alt=\"Albania Home\" loading=\"lazy\"><\/span><\/div><\/div><div class=\"wgl-navigation_wrapper\"><button class=\"elementor-swiper-button elementor-swiper-button-prev\" data-carousel=\"wgl_carousel_6a9bde10b3ae2\"><i class=\"flaticon flaticon-right-arrow-1\"><\/i><\/button><button class=\"elementor-swiper-button elementor-swiper-button-next\" data-carousel=\"wgl_carousel_6a9bde10b3ae2\"><i class=\"flaticon flaticon-right-arrow-1\"><\/i><\/button><\/div><\/div><\/div><span class=\"property__statuses\"><span><a href=\"https:\/\/albaniahome.cz\/cs\/property-status\/for-sale\/\" class=\"property-status\">Na prodej<\/a><\/span><\/span><\/div><div class=\"property__info\"><div class=\"property__location\">Orikum<\/div><h3 class=\"property__title\"><a href=\"https:\/\/albaniahome.cz\/cs\/property\/nove-byty-v-rezidencnim-komplexu-orikum\/\">Reziden\u010dn\u00edm komplexu<\/a><\/h3><div class=\"property__excerpt\">\nNab\u00edz\u00edme k prodeji nov\u00e9 apartm\u00e1ny v modern\u00edm reziden\u010dn\u00edm komplexu! Zcela nov\u00e9 apartm\u00e1ny bez<\/div><div class=\"property__meta-wrapper\"><div class=\"property__meta\"><div class=\"property__meta-bedrooms\"><span class=\"property__meta-text\">1<\/span><\/div><div class=\"property__meta-baths\"><span class=\"property__meta-text\">1<\/span><\/div><\/div><div class=\"property__price\">\u20ac1600<\/div><\/div><\/div><\/div><\/article><article class=\"property__item\"><div class=\"property__wrapper\"><div class=\"property__media-wrap\"><div class=\"wgl-carousel_wrapper\"><div class=\"property__media-slider slider-wrapper wgl-carousel wgl-carousel_swiper swiper-container\" data-item-carousel=\"wgl_carousel_6a9bde10b5c78\"><div class=\"swiper-wrapper\"><div class=\"item__swiper swiper-slide\"><span><img decoding=\"async\" src=\"https:\/\/albaniahome.cz\/wp-content\/uploads\/2025\/12\/2-2-740x560.png\" alt=\"Apartm\u00e1n u mo\u0159e v Alb\u00e1nii na prodej \u2013 investi\u010dn\u00ed nemovitost bl\u00edzko pl\u00e1\u017ee\"><\/span><\/div><div class=\"item__swiper swiper-slide\"><span><img decoding=\"async\" src=\"https:\/\/albaniahome.cz\/wp-content\/uploads\/2025\/12\/1-740x560.png\" alt=\"Apartm\u00e1n u mo\u0159e v Alb\u00e1nii na prodej \u2013 investi\u010dn\u00ed nemovitost bl\u00edzko pl\u00e1\u017ee\" loading=\"lazy\"><\/span><\/div><div class=\"item__swiper swiper-slide\"><span><img decoding=\"async\" src=\"https:\/\/albaniahome.cz\/wp-content\/uploads\/2025\/12\/5-740x560.png\" alt=\"Apartm\u00e1n u mo\u0159e v Alb\u00e1nii na prodej \u2013 investi\u010dn\u00ed nemovitost bl\u00edzko pl\u00e1\u017ee\" loading=\"lazy\"><\/span><\/div><div class=\"item__swiper swiper-slide\"><span><img decoding=\"async\" src=\"https:\/\/albaniahome.cz\/wp-content\/uploads\/2025\/12\/7-740x560.png\" alt=\"Apartm\u00e1n u mo\u0159e v Alb\u00e1nii na prodej \u2013 investi\u010dn\u00ed nemovitost bl\u00edzko pl\u00e1\u017ee\" loading=\"lazy\"><\/span><\/div><div class=\"item__swiper swiper-slide\"><span><img decoding=\"async\" src=\"https:\/\/albaniahome.cz\/wp-content\/uploads\/2025\/12\/9-740x560.png\" alt=\"Apartm\u00e1n u mo\u0159e v Alb\u00e1nii na prodej \u2013 investi\u010dn\u00ed nemovitost bl\u00edzko pl\u00e1\u017ee\" loading=\"lazy\"><\/span><\/div><div class=\"item__swiper swiper-slide\"><span><img decoding=\"async\" src=\"https:\/\/albaniahome.cz\/wp-content\/uploads\/2025\/12\/2-740x560.png\" alt=\"Apartm\u00e1n u mo\u0159e v Alb\u00e1nii na prodej \u2013 investi\u010dn\u00ed nemovitost bl\u00edzko pl\u00e1\u017ee\" loading=\"lazy\"><\/span><\/div><div class=\"item__swiper swiper-slide\"><span><img decoding=\"async\" src=\"https:\/\/albaniahome.cz\/wp-content\/uploads\/2025\/12\/3-740x560.png\" alt=\"Apartm\u00e1n u mo\u0159e v Alb\u00e1nii na prodej \u2013 investi\u010dn\u00ed nemovitost bl\u00edzko pl\u00e1\u017ee\" loading=\"lazy\"><\/span><\/div><div class=\"item__swiper swiper-slide\"><span><img decoding=\"async\" src=\"https:\/\/albaniahome.cz\/wp-content\/uploads\/2025\/12\/8-740x560.png\" alt=\"Apartm\u00e1n u mo\u0159e v Alb\u00e1nii na prodej \u2013 investi\u010dn\u00ed nemovitost bl\u00edzko pl\u00e1\u017ee\" loading=\"lazy\"><\/span><\/div><div class=\"item__swiper swiper-slide\"><span><img decoding=\"async\" src=\"https:\/\/albaniahome.cz\/wp-content\/uploads\/2025\/12\/6-740x560.png\" alt=\"Apartm\u00e1n u mo\u0159e v Alb\u00e1nii na prodej \u2013 investi\u010dn\u00ed nemovitost bl\u00edzko pl\u00e1\u017ee\" loading=\"lazy\"><\/span><\/div><div class=\"item__swiper swiper-slide\"><span><img decoding=\"async\" src=\"https:\/\/albaniahome.cz\/wp-content\/uploads\/2025\/12\/4-740x560.png\" alt=\"Apartm\u00e1n u mo\u0159e v Alb\u00e1nii na prodej \u2013 investi\u010dn\u00ed nemovitost bl\u00edzko pl\u00e1\u017ee\" loading=\"lazy\"><\/span><\/div><\/div><div class=\"wgl-navigation_wrapper\"><button class=\"elementor-swiper-button elementor-swiper-button-prev\" data-carousel=\"wgl_carousel_6a9bde10b5c78\"><i class=\"flaticon flaticon-right-arrow-1\"><\/i><\/button><button class=\"elementor-swiper-button elementor-swiper-button-next\" data-carousel=\"wgl_carousel_6a9bde10b5c78\"><i class=\"flaticon flaticon-right-arrow-1\"><\/i><\/button><\/div><\/div><\/div><span class=\"property__statuses\"><span><a href=\"https:\/\/albaniahome.cz\/cs\/property-status\/for-sale\/\" class=\"property-status\">Na prodej<\/a><\/span><\/span><\/div><div class=\"property__info\"><div class=\"property__location\">Orikum<\/div><h3 class=\"property__title\"><a href=\"https:\/\/albaniahome.cz\/cs\/property\/byt-109-m%c2%b2-v-orikum\/\">Byt 109 m\u00b2 v - Orikum<\/a><\/h3><div class=\"property__excerpt\">\nNab\u00edz\u00edme k prodeji prostorn\u00fd a sv\u011btl\u00fd apartm\u00e1n v Orikumu. Apartm\u00e1n s celkovou plochou<\/div><div class=\"property__meta-wrapper\"><div class=\"property__meta\"><div class=\"property__meta-area\"><span class=\"property__meta-text\">109 m\u00b2<\/span><\/div><div class=\"property__meta-bedrooms\"><span class=\"property__meta-text\">2<\/span><\/div><div class=\"property__meta-baths\"><span class=\"property__meta-text\">2<\/span><\/div><\/div><div class=\"property__price\">\u20ac1400<\/div><\/div><\/div><\/div><\/article><article class=\"property__item\"><div class=\"property__wrapper\"><div class=\"property__media-wrap\"><div class=\"wgl-carousel_wrapper\"><div class=\"property__media-slider slider-wrapper wgl-carousel wgl-carousel_swiper swiper-container\" data-item-carousel=\"wgl_carousel_6a9bde10b7bf6\"><div class=\"swiper-wrapper\"><div class=\"item__swiper swiper-slide\"><span><img decoding=\"async\" src=\"https:\/\/albaniahome.cz\/wp-content\/uploads\/2025\/11\/1-3-740x560.png\" alt=\"Apartm\u00e1n u mo\u0159e v Alb\u00e1nii na prodej \u2013 investi\u010dn\u00ed nemovitost bl\u00edzko pl\u00e1\u017ee\"><\/span><\/div><div class=\"item__swiper swiper-slide\"><span><img decoding=\"async\" src=\"https:\/\/albaniahome.cz\/wp-content\/uploads\/2025\/11\/2-5-740x560.png\" alt=\"Apartm\u00e1n u mo\u0159e v Alb\u00e1nii na prodej \u2013 investi\u010dn\u00ed nemovitost bl\u00edzko pl\u00e1\u017ee\" loading=\"lazy\"><\/span><\/div><div class=\"item__swiper swiper-slide\"><span><img decoding=\"async\" src=\"https:\/\/albaniahome.cz\/wp-content\/uploads\/2025\/11\/3-5-740x560.png\" alt=\"Apartm\u00e1n u mo\u0159e v Alb\u00e1nii na prodej \u2013 investi\u010dn\u00ed nemovitost bl\u00edzko pl\u00e1\u017ee\" loading=\"lazy\"><\/span><\/div><div class=\"item__swiper swiper-slide\"><span><img decoding=\"async\" src=\"https:\/\/albaniahome.cz\/wp-content\/uploads\/2025\/11\/4-5-740x560.png\" alt=\"Apartm\u00e1n u mo\u0159e v Alb\u00e1nii na prodej \u2013 investi\u010dn\u00ed nemovitost bl\u00edzko pl\u00e1\u017ee\" loading=\"lazy\"><\/span><\/div><div class=\"item__swiper swiper-slide\"><span><img decoding=\"async\" src=\"https:\/\/albaniahome.cz\/wp-content\/uploads\/2025\/11\/5-4-740x560.png\" alt=\"Apartm\u00e1n u mo\u0159e v Alb\u00e1nii na prodej \u2013 investi\u010dn\u00ed nemovitost bl\u00edzko pl\u00e1\u017ee\" loading=\"lazy\"><\/span><\/div><div class=\"item__swiper swiper-slide\"><span><img decoding=\"async\" src=\"https:\/\/albaniahome.cz\/wp-content\/uploads\/2025\/11\/6-5-740x560.png\" alt=\"Apartm\u00e1n u mo\u0159e v Alb\u00e1nii na prodej \u2013 investi\u010dn\u00ed nemovitost bl\u00edzko pl\u00e1\u017ee\" loading=\"lazy\"><\/span><\/div><div class=\"item__swiper swiper-slide\"><span><img decoding=\"async\" src=\"https:\/\/albaniahome.cz\/wp-content\/uploads\/2025\/11\/7-5-740x560.png\" alt=\"Apartm\u00e1n u mo\u0159e v Alb\u00e1nii na prodej \u2013 investi\u010dn\u00ed nemovitost bl\u00edzko pl\u00e1\u017ee\" loading=\"lazy\"><\/span><\/div><div class=\"item__swiper swiper-slide\"><span><img decoding=\"async\" src=\"https:\/\/albaniahome.cz\/wp-content\/uploads\/2025\/11\/8-4-740x560.png\" alt=\"Apartm\u00e1n u mo\u0159e v Alb\u00e1nii na prodej \u2013 investi\u010dn\u00ed nemovitost bl\u00edzko pl\u00e1\u017ee\" loading=\"lazy\"><\/span><\/div><\/div><div class=\"wgl-navigation_wrapper\"><button class=\"elementor-swiper-button elementor-swiper-button-prev\" data-carousel=\"wgl_carousel_6a9bde10b7bf6\"><i class=\"flaticon flaticon-right-arrow-1\"><\/i><\/button><button class=\"elementor-swiper-button elementor-swiper-button-next\" data-carousel=\"wgl_carousel_6a9bde10b7bf6\"><i class=\"flaticon flaticon-right-arrow-1\"><\/i><\/button><\/div><\/div><\/div><span class=\"property__statuses\"><span><a href=\"https:\/\/albaniahome.cz\/cs\/property-status\/for-sale\/\" class=\"property-status\">Na prodej<\/a><\/span><\/span><\/div><div class=\"property__info\"><div class=\"property__location\">Orikum<\/div><h3 class=\"property__title\"><a href=\"https:\/\/albaniahome.cz\/cs\/property\/orikum-3kk-100-m%c2%b2\/\">Orikum, 3+kk, 100 m\u00b2<\/a><\/h3><div class=\"property__excerpt\">\nNab\u00edz\u00edme k prodeji prostorn\u00fd apartm\u00e1n 3+kk s celkovou plochou 100 m\u00b2 v obl\u00edben\u00e9 lokalit\u011b<\/div><div class=\"property__meta-wrapper\"><div class=\"property__meta\"><div class=\"property__meta-area\"><span class=\"property__meta-text\">100 m\u00b2<\/span><\/div><div class=\"property__meta-bedrooms\"><span class=\"property__meta-text\">2<\/span><\/div><div class=\"property__meta-baths\"><span class=\"property__meta-text\">1<\/span><\/div><\/div><div class=\"property__price\">\u20ac130000<\/div><\/div><\/div><\/div><\/article><article class=\"property__item\"><div class=\"property__wrapper\"><div class=\"property__media-wrap\"><div class=\"wgl-carousel_wrapper\"><div class=\"property__media-slider slider-wrapper wgl-carousel wgl-carousel_swiper swiper-container\" data-item-carousel=\"wgl_carousel_6a9bde10b9952\"><div class=\"swiper-wrapper\"><div class=\"item__swiper swiper-slide\"><span><img decoding=\"async\" src=\"https:\/\/albaniahome.cz\/wp-content\/uploads\/2025\/11\/1-4-740x560.png\" alt=\"Apartm\u00e1n u mo\u0159e v Alb\u00e1nii na prodej \u2013 investi\u010dn\u00ed nemovitost bl\u00edzko pl\u00e1\u017ee\"><\/span><\/div><div class=\"item__swiper swiper-slide\"><span><img decoding=\"async\" src=\"https:\/\/albaniahome.cz\/wp-content\/uploads\/2025\/11\/2-6-740x560.png\" alt=\"Apartm\u00e1n u mo\u0159e v Alb\u00e1nii na prodej \u2013 investi\u010dn\u00ed nemovitost bl\u00edzko pl\u00e1\u017ee\" loading=\"lazy\"><\/span><\/div><div class=\"item__swiper swiper-slide\"><span><img decoding=\"async\" src=\"https:\/\/albaniahome.cz\/wp-content\/uploads\/2025\/11\/3-6-740x560.png\" alt=\"Apartm\u00e1n u mo\u0159e v Alb\u00e1nii na prodej \u2013 investi\u010dn\u00ed nemovitost bl\u00edzko pl\u00e1\u017ee\" loading=\"lazy\"><\/span><\/div><div class=\"item__swiper swiper-slide\"><span><img decoding=\"async\" src=\"https:\/\/albaniahome.cz\/wp-content\/uploads\/2025\/11\/4-6-740x560.png\" alt=\"Apartm\u00e1n u mo\u0159e v Alb\u00e1nii na prodej \u2013 investi\u010dn\u00ed nemovitost bl\u00edzko pl\u00e1\u017ee\" loading=\"lazy\"><\/span><\/div><div class=\"item__swiper swiper-slide\"><span><img decoding=\"async\" src=\"https:\/\/albaniahome.cz\/wp-content\/uploads\/2025\/11\/5-5-740x560.png\" alt=\"Apartm\u00e1n u mo\u0159e v Alb\u00e1nii na prodej \u2013 investi\u010dn\u00ed nemovitost bl\u00edzko pl\u00e1\u017ee\" loading=\"lazy\"><\/span><\/div><div class=\"item__swiper swiper-slide\"><span><img decoding=\"async\" src=\"https:\/\/albaniahome.cz\/wp-content\/uploads\/2025\/11\/6-6-740x560.png\" alt=\"Apartm\u00e1n u mo\u0159e v Alb\u00e1nii na prodej \u2013 investi\u010dn\u00ed nemovitost bl\u00edzko pl\u00e1\u017ee\" loading=\"lazy\"><\/span><\/div><div class=\"item__swiper swiper-slide\"><span><img decoding=\"async\" src=\"https:\/\/albaniahome.cz\/wp-content\/uploads\/2025\/11\/7-6-740x560.png\" alt=\"Apartm\u00e1n u mo\u0159e v Alb\u00e1nii na prodej \u2013 investi\u010dn\u00ed nemovitost bl\u00edzko pl\u00e1\u017ee\" loading=\"lazy\"><\/span><\/div><\/div><div class=\"wgl-navigation_wrapper\"><button class=\"elementor-swiper-button elementor-swiper-button-prev\" data-carousel=\"wgl_carousel_6a9bde10b9952\"><i class=\"flaticon flaticon-right-arrow-1\"><\/i><\/button><button class=\"elementor-swiper-button elementor-swiper-button-next\" data-carousel=\"wgl_carousel_6a9bde10b9952\"><i class=\"flaticon flaticon-right-arrow-1\"><\/i><\/button><\/div><\/div><\/div><span class=\"property__statuses\"><span><a href=\"https:\/\/albaniahome.cz\/cs\/property-status\/for-sale\/\" class=\"property-status\">Na prodej<\/a><\/span><\/span><\/div><div class=\"property__info\"><div class=\"property__location\">Orikum<\/div><h3 class=\"property__title\"><a href=\"https:\/\/albaniahome.cz\/cs\/property\/5456\/\">Orikum, 2+kk<\/a><\/h3><div class=\"property__excerpt\">\nNab\u00edz\u00edme k prodeji apartm\u00e1n 2+kk s celkovou plochou 65 m\u00b2 v obl\u00edben\u00e9 lokalit\u011b<\/div><div class=\"property__meta-wrapper\"><div class=\"property__meta\"><div class=\"property__meta-area\"><span class=\"property__meta-text\">65 m\u00b2<\/span><\/div><div class=\"property__meta-bedrooms\"><span class=\"property__meta-text\">1<\/span><\/div><div class=\"property__meta-baths\"><span class=\"property__meta-text\">1<\/span><\/div><\/div><div class=\"property__price\">\u20ac82000<\/div><\/div><\/div><\/div><\/article><article class=\"property__item\"><div class=\"property__wrapper\"><div class=\"property__media-wrap\"><div class=\"wgl-carousel_wrapper\"><div class=\"property__media-slider slider-wrapper wgl-carousel wgl-carousel_swiper swiper-container\" data-item-carousel=\"wgl_carousel_6a9bde10bbe48\"><div class=\"swiper-wrapper\"><div class=\"item__swiper swiper-slide\"><span><img decoding=\"async\" src=\"https:\/\/albaniahome.cz\/wp-content\/uploads\/2025\/11\/100-1-740x560.png\" alt=\"Apartm\u00e1n u mo\u0159e v Alb\u00e1nii na prodej \u2013 investi\u010dn\u00ed nemovitost bl\u00edzko pl\u00e1\u017ee\"><\/span><\/div><div class=\"item__swiper swiper-slide\"><span><img decoding=\"async\" src=\"https:\/\/albaniahome.cz\/wp-content\/uploads\/2025\/11\/2-740x560.png\" alt=\"Apartm\u00e1n u mo\u0159e v Alb\u00e1nii na prodej \u2013 investi\u010dn\u00ed nemovitost bl\u00edzko pl\u00e1\u017ee\" loading=\"lazy\"><\/span><\/div><div class=\"item__swiper swiper-slide\"><span><img decoding=\"async\" src=\"https:\/\/albaniahome.cz\/wp-content\/uploads\/2025\/11\/3-740x560.png\" alt=\"Apartm\u00e1n u mo\u0159e v Alb\u00e1nii na prodej \u2013 investi\u010dn\u00ed nemovitost bl\u00edzko pl\u00e1\u017ee\" loading=\"lazy\"><\/span><\/div><div class=\"item__swiper swiper-slide\"><span><img decoding=\"async\" src=\"https:\/\/albaniahome.cz\/wp-content\/uploads\/2025\/11\/4-740x560.png\" alt=\"Apartm\u00e1n u mo\u0159e v Alb\u00e1nii na prodej \u2013 investi\u010dn\u00ed nemovitost bl\u00edzko pl\u00e1\u017ee\" loading=\"lazy\"><\/span><\/div><div class=\"item__swiper swiper-slide\"><span><img decoding=\"async\" src=\"https:\/\/albaniahome.cz\/wp-content\/uploads\/2025\/11\/5-740x560.png\" alt=\"Apartm\u00e1n u mo\u0159e v Alb\u00e1nii na prodej \u2013 investi\u010dn\u00ed nemovitost bl\u00edzko pl\u00e1\u017ee\" loading=\"lazy\"><\/span><\/div><div class=\"item__swiper swiper-slide\"><span><img decoding=\"async\" src=\"https:\/\/albaniahome.cz\/wp-content\/uploads\/2025\/11\/6-740x560.png\" alt=\"Apartm\u00e1n u mo\u0159e v Alb\u00e1nii na prodej \u2013 investi\u010dn\u00ed nemovitost bl\u00edzko pl\u00e1\u017ee\" loading=\"lazy\"><\/span><\/div><div class=\"item__swiper swiper-slide\"><span><img decoding=\"async\" src=\"https:\/\/albaniahome.cz\/wp-content\/uploads\/2025\/11\/7-740x560.png\" alt=\"Apartm\u00e1n u mo\u0159e v Alb\u00e1nii na prodej \u2013 investi\u010dn\u00ed nemovitost bl\u00edzko pl\u00e1\u017ee\" loading=\"lazy\"><\/span><\/div><div class=\"item__swiper swiper-slide\"><span><img decoding=\"async\" src=\"https:\/\/albaniahome.cz\/wp-content\/uploads\/2025\/11\/8-740x560.png\" alt=\"Apartm\u00e1n u mo\u0159e v Alb\u00e1nii na prodej \u2013 investi\u010dn\u00ed nemovitost bl\u00edzko pl\u00e1\u017ee\" loading=\"lazy\"><\/span><\/div><div class=\"item__swiper swiper-slide\"><span><img decoding=\"async\" src=\"https:\/\/albaniahome.cz\/wp-content\/uploads\/2025\/11\/9-740x560.png\" alt=\"Apartm\u00e1n u mo\u0159e v Alb\u00e1nii na prodej \u2013 investi\u010dn\u00ed nemovitost bl\u00edzko pl\u00e1\u017ee\" loading=\"lazy\"><\/span><\/div><div class=\"item__swiper swiper-slide\"><span><img decoding=\"async\" src=\"https:\/\/albaniahome.cz\/wp-content\/uploads\/2025\/11\/10-740x560.png\" alt=\"Apartm\u00e1n u mo\u0159e v Alb\u00e1nii na prodej \u2013 investi\u010dn\u00ed nemovitost bl\u00edzko pl\u00e1\u017ee\" loading=\"lazy\"><\/span><\/div><div class=\"item__swiper swiper-slide\"><span><img decoding=\"async\" src=\"https:\/\/albaniahome.cz\/wp-content\/uploads\/2025\/11\/11-740x560.png\" alt=\"Apartm\u00e1n u mo\u0159e v Alb\u00e1nii na prodej \u2013 investi\u010dn\u00ed nemovitost bl\u00edzko pl\u00e1\u017ee\" loading=\"lazy\"><\/span><\/div><div class=\"item__swiper swiper-slide\"><span><img decoding=\"async\" src=\"https:\/\/albaniahome.cz\/wp-content\/uploads\/2025\/11\/12-740x560.png\" alt=\"Apartm\u00e1n u mo\u0159e v Alb\u00e1nii na prodej \u2013 investi\u010dn\u00ed nemovitost bl\u00edzko pl\u00e1\u017ee\" loading=\"lazy\"><\/span><\/div><\/div><div class=\"wgl-navigation_wrapper\"><button class=\"elementor-swiper-button elementor-swiper-button-prev\" data-carousel=\"wgl_carousel_6a9bde10bbe48\"><i class=\"flaticon flaticon-right-arrow-1\"><\/i><\/button><button class=\"elementor-swiper-button elementor-swiper-button-next\" data-carousel=\"wgl_carousel_6a9bde10bbe48\"><i class=\"flaticon flaticon-right-arrow-1\"><\/i><\/button><\/div><\/div><\/div><span class=\"property__statuses\"><span><a href=\"https:\/\/albaniahome.cz\/cs\/property-status\/for-sale\/\" class=\"property-status\">Na prodej<\/a><\/span><\/span><\/div><div class=\"property__info\"><div class=\"property__location\">Dra\u010d, Alb\u00e1nie<\/div><h3 class=\"property__title\"><a href=\"https:\/\/albaniahome.cz\/cs\/property\/prostorny-mezonetovy\/\">Prostorn\u00fd mezonetov\u00fd<\/a><\/h3><div class=\"property__excerpt\">Popis:\n\nNab\u00edz\u00edme k prodeji prostorn\u00fd apartm\u00e1n 4+kk s celkovou plochou 110 m\u00b2, kter\u00fd se nach\u00e1z\u00ed na<\/div><div class=\"property__meta-wrapper\"><div class=\"property__meta\"><div class=\"property__meta-area\"><span class=\"property__meta-text\">110 m\u00b2<\/span><\/div><div class=\"property__meta-bedrooms\"><span class=\"property__meta-text\">2<\/span><\/div><div class=\"property__meta-baths\"><span class=\"property__meta-text\">2<\/span><\/div><\/div><div class=\"property__price\">\u20ac125000<\/div><\/div><\/div><\/div><\/article><article class=\"property__item\"><div class=\"property__wrapper\"><div class=\"property__media-wrap\"><div class=\"wgl-carousel_wrapper\"><div class=\"property__media-slider slider-wrapper wgl-carousel wgl-carousel_swiper swiper-container\" data-item-carousel=\"wgl_carousel_6a9bde10bd542\"><div class=\"swiper-wrapper\"><div class=\"item__swiper swiper-slide\"><span><img decoding=\"async\" src=\"https:\/\/albaniahome.cz\/wp-content\/uploads\/2023\/07\/2-3-740x560.png\" alt=\"Apartm\u00e1n u mo\u0159e v Alb\u00e1nii na prodej \u2013 investi\u010dn\u00ed nemovitost bl\u00edzko pl\u00e1\u017ee\"><\/span><\/div><div class=\"item__swiper swiper-slide\"><span><img decoding=\"async\" src=\"https:\/\/albaniahome.cz\/wp-content\/uploads\/2023\/07\/3-3-740x560.png\" alt=\"Apartm\u00e1n u mo\u0159e v Alb\u00e1nii na prodej \u2013 investi\u010dn\u00ed nemovitost bl\u00edzko pl\u00e1\u017ee\" loading=\"lazy\"><\/span><\/div><div class=\"item__swiper swiper-slide\"><span><img decoding=\"async\" src=\"https:\/\/albaniahome.cz\/wp-content\/uploads\/2023\/07\/4-4-740x560.png\" alt=\"Apartm\u00e1n u mo\u0159e v Alb\u00e1nii na prodej \u2013 investi\u010dn\u00ed nemovitost bl\u00edzko pl\u00e1\u017ee\" loading=\"lazy\"><\/span><\/div><\/div><div class=\"wgl-navigation_wrapper\"><button class=\"elementor-swiper-button elementor-swiper-button-prev\" data-carousel=\"wgl_carousel_6a9bde10bd542\"><i class=\"flaticon flaticon-right-arrow-1\"><\/i><\/button><button class=\"elementor-swiper-button elementor-swiper-button-next\" data-carousel=\"wgl_carousel_6a9bde10bd542\"><i class=\"flaticon flaticon-right-arrow-1\"><\/i><\/button><\/div><\/div><\/div><span class=\"property__statuses\"><span><a href=\"https:\/\/albaniahome.cz\/cs\/property-status\/for-sale\/\" class=\"property-status\">Na prodej<\/a><\/span><\/span><\/div><div class=\"property__info\"><div class=\"property__location\">Dra\u010d<\/div><h3 class=\"property__title\"><a href=\"https:\/\/albaniahome.cz\/cs\/property\/garzonka\/\">Garzonka<\/a><\/h3><div class=\"property__excerpt\">Nab\u00edz\u00edme k prodeji soukrom\u011b vlastn\u011bn\u00fd garsoni\u00e9rov\u00fd apartm\u00e1n s celkovou plochou 30 m\u00b2, kter\u00fd se nach\u00e1z\u00ed na<\/div><div class=\"property__meta-wrapper\"><div class=\"property__meta\"><div class=\"property__meta-area\"><span class=\"property__meta-text\">30 m\u00b2<\/span><\/div><div class=\"property__meta-bedrooms\"><span class=\"property__meta-text\">1<\/span><\/div><div class=\"property__meta-baths\"><span class=\"property__meta-text\">1<\/span><\/div><\/div><div class=\"property__price\">\u20ac60000<\/div><\/div><\/div><\/div><\/article><article class=\"property__item\"><div class=\"property__wrapper\"><div class=\"property__media-wrap\"><div class=\"wgl-carousel_wrapper\"><div class=\"property__media-slider slider-wrapper wgl-carousel wgl-carousel_swiper swiper-container\" data-item-carousel=\"wgl_carousel_6a9bde10beef5\"><div class=\"swiper-wrapper\"><div class=\"item__swiper swiper-slide\"><span><img decoding=\"async\" src=\"https:\/\/albaniahome.cz\/wp-content\/uploads\/2023\/07\/98-740x560.png\" alt=\"Apartm\u00e1n u mo\u0159e v Alb\u00e1nii na prodej \u2013 investi\u010dn\u00ed nemovitost bl\u00edzko pl\u00e1\u017ee\"><\/span><\/div><div class=\"item__swiper swiper-slide\"><span><img decoding=\"async\" src=\"https:\/\/albaniahome.cz\/wp-content\/uploads\/2023\/07\/2-1-740x560.png\" alt=\"Apartm\u00e1n u mo\u0159e v Alb\u00e1nii na prodej \u2013 investi\u010dn\u00ed nemovitost bl\u00edzko pl\u00e1\u017ee\" loading=\"lazy\"><\/span><\/div><div class=\"item__swiper swiper-slide\"><span><img decoding=\"async\" src=\"https:\/\/albaniahome.cz\/wp-content\/uploads\/2023\/07\/3-2-740x560.png\" alt=\"Apartm\u00e1n u mo\u0159e v Alb\u00e1nii na prodej \u2013 investi\u010dn\u00ed nemovitost bl\u00edzko pl\u00e1\u017ee\" loading=\"lazy\"><\/span><\/div><div class=\"item__swiper swiper-slide\"><span><img decoding=\"async\" src=\"https:\/\/albaniahome.cz\/wp-content\/uploads\/2023\/07\/4-2-740x560.png\" alt=\"Apartm\u00e1n u mo\u0159e v Alb\u00e1nii na prodej \u2013 investi\u010dn\u00ed nemovitost bl\u00edzko pl\u00e1\u017ee\" loading=\"lazy\"><\/span><\/div><div class=\"item__swiper swiper-slide\"><span><img decoding=\"async\" src=\"https:\/\/albaniahome.cz\/wp-content\/uploads\/2023\/07\/5-2-740x560.png\" alt=\"Apartm\u00e1n u mo\u0159e v Alb\u00e1nii na prodej \u2013 investi\u010dn\u00ed nemovitost bl\u00edzko pl\u00e1\u017ee\" loading=\"lazy\"><\/span><\/div><div class=\"item__swiper swiper-slide\"><span><img decoding=\"async\" src=\"https:\/\/albaniahome.cz\/wp-content\/uploads\/2023\/07\/6-1-740x560.png\" alt=\"Apartm\u00e1n u mo\u0159e v Alb\u00e1nii na prodej \u2013 investi\u010dn\u00ed nemovitost bl\u00edzko pl\u00e1\u017ee\" loading=\"lazy\"><\/span><\/div><div class=\"item__swiper swiper-slide\"><span><img decoding=\"async\" src=\"https:\/\/albaniahome.cz\/wp-content\/uploads\/2023\/07\/8-2-740x560.png\" alt=\"Apartm\u00e1n u mo\u0159e v Alb\u00e1nii na prodej \u2013 investi\u010dn\u00ed nemovitost bl\u00edzko pl\u00e1\u017ee\" loading=\"lazy\"><\/span><\/div><div class=\"item__swiper swiper-slide\"><span><img decoding=\"async\" src=\"https:\/\/albaniahome.cz\/wp-content\/uploads\/2023\/07\/7-1-740x560.png\" alt=\"Apartm\u00e1n u mo\u0159e v Alb\u00e1nii na prodej \u2013 investi\u010dn\u00ed nemovitost bl\u00edzko pl\u00e1\u017ee\" loading=\"lazy\"><\/span><\/div><\/div><div class=\"wgl-navigation_wrapper\"><button class=\"elementor-swiper-button elementor-swiper-button-prev\" data-carousel=\"wgl_carousel_6a9bde10beef5\"><i class=\"flaticon flaticon-right-arrow-1\"><\/i><\/button><button class=\"elementor-swiper-button elementor-swiper-button-next\" data-carousel=\"wgl_carousel_6a9bde10beef5\"><i class=\"flaticon flaticon-right-arrow-1\"><\/i><\/button><\/div><\/div><\/div><span class=\"property__statuses\"><span><a href=\"https:\/\/albaniahome.cz\/cs\/property-status\/for-sale\/\" class=\"property-status\">Na prodej<\/a><\/span><\/span><\/div><div class=\"property__info\"><div class=\"property__location\">Durres \u2013 Golem<\/div><h3 class=\"property__title\"><a href=\"https:\/\/albaniahome.cz\/cs\/property\/apartman-3kk-2\/\">Apartm\u00e1n 3+kk<\/a><\/h3><div class=\"property__excerpt\">Nab\u00edz\u00edme k prodeji prostorn\u00fd apartm\u00e1n 3+kk o velikosti 100 m\u00b2 v \u017e\u00e1dan\u00e9 lokalit\u011b Golem,<\/div><div class=\"property__meta-wrapper\"><div class=\"property__meta\"><div class=\"property__meta-area\"><span class=\"property__meta-text\">100 m\u00b2<\/span><\/div><div class=\"property__meta-bedrooms\"><span class=\"property__meta-text\">3<\/span><\/div><div class=\"property__meta-baths\"><span class=\"property__meta-text\">1<\/span><\/div><\/div><div class=\"property__price\">\u20ac160000<\/div><\/div><\/div><\/div><\/article><\/div><\/section>\t\t\t\t<\/div>\n\t\t\t\t<\/div>\n\t\t\t\t\t<\/div>\n\t\t\t\t<\/div>\n\t\t\t\t<\/div>","protected":false},"excerpt":{"rendered":"<p>Na prodejApartm\u00e1nGarsonkaPenthouseDurresOrikumSarandeSearch PropertyPriceAreaBedrooms12345+Bathroom12345+FloorYear of completion Na prodejOrikum Reziden\u010dn\u00edm komplexu Nab\u00edz\u00edme k prodeji nov\u00e9 apartm\u00e1ny v modern\u00edm reziden\u010dn\u00edm komplexu! V prodeji jsou zcela nov\u00e911\u20ac1600 Na prodejOrikum Atypick\u00fd byt s terasou Nab\u00edz\u00edme k prodeji \u00fatuln\u00fd apartm\u00e1n v obl\u00edben\u00e9 lokalit\u011b u mo\u0159e! Apartm\u00e1n o velikosti 52 m\u00b2 s52 sq.m11\u20ac88000 Na prodejOrikum Byt 109 m\u00b2 v &#8211; Orikum Nab\u00edz\u00edme [&hellip;]<\/p>\n","protected":false},"author":1,"featured_media":0,"parent":0,"menu_order":0,"comment_status":"closed","ping_status":"closed","template":"","meta":{"footnotes":""},"class_list":["post-5553","page","type-page","status-publish","hentry"],"meta_box":{"mb_page_sidebar_layout":"default","mb_page_sidebar_def":"","mb_page_sidebar_def_width":"9","mb_sticky_sidebar":"0","mb_sidebar_gap":"40","mb_customize_side_panel":"default","mb_side_panel_building_tool":"widgets","mb_side_panel_page_select":"","mb_side_panel_spacing":{"margin-top":"","margin-right":"","margin-bottom":"","margin-left":""},"mb_side_panel_title_color":"#ffffff","mb_side_panel_text_color":"#232323","mb_side_panel_bg":"rgba(35,35,35,1)","mb_side_panel_text_alignment":"left","mb_side_panel_width":"","mb_side_panel_position":"right","mb_customize_soc_shares":"default","mb_soc_icon_style":"standard","mb_soc_icon_offset":"250","mb_soc_icon_offset_units":"pixel","mb_soc_icon_facebook":"0","mb_soc_icon_twitter":"0","mb_soc_icon_linkedin":"0","mb_soc_icon_pinterest":"0","mb_soc_icon_tumblr":"0","mb_footer_switch":"default","mb_footer_building_tool":"elementor","mb_footer_page_select":"","mb_footer_spacing":{"padding-top":"0","padding-right":"0","padding-bottom":"0","padding-left":"0"},"mb_footer_bg":{"repeat":"","size":"","attachment":"","position":"","image":"","color":""},"mb_footer_add_border":"0","mb_footer_border_color":"#e5e5e5","mb_copyright_switch":"default","mb_copyright_editor":"Copyright \u00a9 2023 Quere by WebGeniusLab. All Rights Reserved","mb_copyright_text_color":"#888888","mb_copyright_bg_color":"#000000","mb_copyright_spacing":{"padding-top":"20px","padding-bottom":"20px"}},"_links":{"self":[{"href":"https:\/\/albaniahome.cz\/cs\/wp-json\/wp\/v2\/pages\/5553","targetHints":{"allow":["GET"]}}],"collection":[{"href":"https:\/\/albaniahome.cz\/cs\/wp-json\/wp\/v2\/pages"}],"about":[{"href":"https:\/\/albaniahome.cz\/cs\/wp-json\/wp\/v2\/types\/page"}],"author":[{"embeddable":true,"href":"https:\/\/albaniahome.cz\/cs\/wp-json\/wp\/v2\/users\/1"}],"replies":[{"embeddable":true,"href":"https:\/\/albaniahome.cz\/cs\/wp-json\/wp\/v2\/comments?post=5553"}],"version-history":[{"count":27,"href":"https:\/\/albaniahome.cz\/cs\/wp-json\/wp\/v2\/pages\/5553\/revisions"}],"predecessor-version":[{"id":8001,"href":"https:\/\/albaniahome.cz\/cs\/wp-json\/wp\/v2\/pages\/5553\/revisions\/8001"}],"wp:attachment":[{"href":"https:\/\/albaniahome.cz\/cs\/wp-json\/wp\/v2\/media?parent=5553"}],"curies":[{"name":"dobr\u00e1 hra","href":"https:\/\/api.w.org\/{rel}","templated":true}]}}